{"id":32442,"date":"2025-05-22T06:08:39","date_gmt":"2025-05-22T04:08:39","guid":{"rendered":"https:\/\/www.afbrno.cz\/?page_id=32442"},"modified":"2025-09-19T09:47:17","modified_gmt":"2025-09-19T07:47:17","slug":"fff-2024-2","status":"publish","type":"page","link":"https:\/\/www.afbrno.cz\/fr\/fff-2024-2\/","title":{"rendered":"Festival du film fran\u00e7ais 2024"},"content":{"rendered":"\n<div class=\"wp-block-columns is-layout-flex wp-container-core-columns-is-layout-9d6595d7 wp-block-columns-is-layout-flex\">\n<div class=\"wp-block-column is-layout-flow wp-block-column-is-layout-flow\" style=\"flex-basis:66.66%\">\n<p>Cette ann\u00e9e, le Festival du film fran\u00e7ais a lieu&nbsp;<strong>du 25 au 27 novembre<\/strong>&nbsp;au cin\u00e9ma&nbsp;<strong>Kino Art<\/strong>.<\/p>\n\n\n\n<p>Le festival pr\u00e9sentera <strong>six films en avant-premi\u00e8re exclusive<\/strong>. <\/p>\n\n\n\n<div style=\"height:20px\" aria-hidden=\"true\" class=\"wp-block-spacer\"><\/div>\n\n\n\n<div class=\"wp-block-buttons is-layout-flex wp-block-buttons-is-layout-flex\">\n<div class=\"wp-block-button\"><a class=\"wp-block-button__link wp-element-button\" href=\"https:\/\/www.afbrno.cz\/fr\/zarazeni\/festival-du-film-francais\/\" target=\"_blank\" rel=\"noreferrer noopener\">Programme et billetterie<\/a><\/div>\n<\/div>\n\n\n\n<div style=\"height:35px\" aria-hidden=\"true\" class=\"wp-block-spacer\"><\/div>\n\n\n\n<p>Le festival s\u2019ouvrira par le biopic <em><strong><mark style=\"background-color:rgba(0, 0, 0, 0)\" class=\"has-inline-color has-color-text-color\">Monsieur Aznavour<\/mark><\/strong><\/em> qui offre un regard fascinant sur la vie du c\u00e9l\u00e8bre chanteur fran\u00e7ais d\u2019origine arm\u00e9nienne <strong>Charles Aznavour<\/strong>, cet artiste embl\u00e9matique, brillamment interpr\u00e9t\u00e9 par <strong>Tahar Rahim<\/strong> dans le r\u00f4le principal. R\u00e9alis\u00e9 et co-\u00e9crit par le duo artistique <strong>Grand Corps Malade<\/strong> et <strong>Mehdi Idir<\/strong>, le film sortira en France le 23 octobre et sera projet\u00e9 en avant-premi\u00e8re tch\u00e8que lors de l\u2019ouverture officielle du festival le 25 novembre. Le visuel du festival s\u2019inspire cette ann\u00e9e de ce film et marque le centenaire de la naissance de l\u2019illustre chansonnier Aznavour.<\/p>\n\n\n\n<p>Parmi les autres films en avant-premi\u00e8re, on retrouvera le tr\u00e8s attendu biopic <em><strong><mark style=\"background-color:rgba(0, 0, 0, 0)\" class=\"has-inline-color has-color-text-color\">Saint-Ex<\/mark><\/strong><\/em> de <strong>Pablo Ag\u00fcero<\/strong> qui retrace l\u2019histoire de l&rsquo;amiti\u00e9 exceptionnelle entre deux pilotes, <strong>Antoine de Saint-Exup\u00e9ry<\/strong> et <strong>Henri Guillaumet<\/strong>, avec <strong>Louis Garrel<\/strong>, <strong>Vincent Cassel<\/strong> et <strong>Diane Kruger<\/strong> dans les r\u00f4les principaux. Le premier long-m\u00e9trage de <strong>Louise Courvoisier<\/strong>, <em><strong><mark style=\"background-color:rgba(0, 0, 0, 0)\" class=\"has-inline-color has-color-text-color\">Vingt Dieux<\/mark><\/strong>,<\/em> projet\u00e9 dans la section Un certain regard au Festival de Cannes et r\u00e9compens\u00e9 par le Prix de la Jeunesse, est \u00e9galement au programme. Parmi les autres avant-premi\u00e8res figurent le nouveau film de <strong>Claire Burger<\/strong> <em><strong><mark style=\"background-color:rgba(0, 0, 0, 0)\" class=\"has-inline-color has-color-text-color\">Langue \u00e9trang\u00e8re<\/mark><\/strong><\/em> pr\u00e9sent\u00e9 \u00e0 la Berlinale, le long-m\u00e9trage <em><strong><mark style=\"background-color:rgba(0, 0, 0, 0)\" class=\"has-inline-color has-color-text-color\">Mis\u00e9ricorde<\/mark><\/strong><\/em> d&rsquo;<strong>Alain Guiraudie<\/strong>, projet\u00e9 \u00e0 Cannes cette ann\u00e9e, ainsi que le nouveau film de <strong>Val\u00e9rie Donzelli<\/strong> <em><strong><mark style=\"background-color:rgba(0, 0, 0, 0)\" class=\"has-inline-color has-color-text-color\">L\u2019Amour et les for\u00eats<\/mark><\/strong><\/em> qui a emport\u00e9 le C\u00e9sar 2024 pour la meilleure adaptation.<\/p>\n\n\n\n<div style=\"height:25px\" aria-hidden=\"true\" class=\"wp-block-spacer\"><\/div>\n\n\n\n<p>Le Festival du film fran\u00e7ais est organis\u00e9 par l\u2019Ambassade de France en R\u00e9publique tch\u00e8que et l\u2019Institut fran\u00e7ais de Prague en collaboration avec Unifrance, organisation charg\u00e9e de la promotion et de l\u2019exportation du cin\u00e9ma fran\u00e7ais dans le monde, et le r\u00e9seau des Alliances Fran\u00e7aises de R\u00e9publique tch\u00e8que.<\/p>\n\n\n\n<p>Pour en savoir plus :&nbsp;<a href=\"http:\/\/www.festivalff.cz\/\" target=\"_blank\" rel=\"noreferrer noopener\">www.festivalff.cz<\/a>.<\/p>\n<\/div>\n\n\n\n<div class=\"wp-block-column is-layout-flow wp-block-column-is-layout-flow\" style=\"flex-basis:33.33%\">\n<figure class=\"wp-block-image size-large\"><img loading=\"lazy\" decoding=\"async\" width=\"765\" height=\"1360\" src=\"https:\/\/www.afbrno.cz\/wp-content\/uploads\/2024\/10\/FFF-2024-Brno-765x1360.jpg\" alt=\"\" class=\"wp-image-30592\" srcset=\"https:\/\/www.afbrno.cz\/wp-content\/uploads\/2024\/10\/FFF-2024-Brno-765x1360.jpg 765w, https:\/\/www.afbrno.cz\/wp-content\/uploads\/2024\/10\/FFF-2024-Brno-259x460.jpg 259w, https:\/\/www.afbrno.cz\/wp-content\/uploads\/2024\/10\/FFF-2024-Brno-768x1365.jpg 768w, https:\/\/www.afbrno.cz\/wp-content\/uploads\/2024\/10\/FFF-2024-Brno.jpg 1080w\" sizes=\"auto, (max-width: 765px) 100vw, 765px\" \/><\/figure>\n<\/div>\n<\/div>\n\n\n\n<p><strong>A t\u00e9l\u00e9charger&nbsp;:&nbsp;<\/strong><\/p>\n\n\n\n<ul class=\"wp-block-list\">\n<li><a href=\"https:\/\/www.afbrno.cz\/wp-content\/uploads\/2024\/10\/FFF-2024-Brno_predpremiery.pdf\" target=\"_blank\" data-type=\"link\" data-id=\"https:\/\/www.afbrno.cz\/wp-content\/uploads\/2024\/10\/FFF-2024-Brno_predpremiery.pdf\" rel=\"noreferrer noopener\">synopsis des films<\/a><\/li>\n\n\n\n<li><a href=\"https:\/\/www.afbrno.cz\/wp-content\/uploads\/2024\/10\/FFF-2024-plakat-A1-Brno.pdf\" target=\"_blank\" rel=\"noreferrer noopener\">affiche<\/a> (format A1 pour impression)<\/li>\n\n\n\n<li><a href=\"https:\/\/www.afbrno.cz\/wp-content\/uploads\/2024\/10\/FFF-2024-plakat-A2-Brno.pdf\" target=\"_blank\" rel=\"noreferrer noopener\">affiche<\/a> (format A2 pour impression)<\/li>\n<\/ul>\n\n\n\n<p><strong><strong>Pour les m\u00e9dias :\u00a0<\/strong><\/strong><\/p>\n\n\n\n<ul class=\"wp-block-list\">\n<li><a href=\"https:\/\/www.afbrno.cz\/wp-content\/uploads\/2024\/10\/1.-CP_FFF2024.pdf\" target=\"_blank\" data-type=\"link\" data-id=\"https:\/\/www.afbrno.cz\/wp-content\/uploads\/2024\/10\/1.-CP_FFF2024.pdf\" rel=\"noreferrer noopener\">communiqu\u00e9 de presse 01.10.2024<\/a><\/li>\n\n\n\n<li><a href=\"https:\/\/www.afbrno.cz\/wp-content\/uploads\/2024\/10\/2.-CP-Brno_FFF2024-.pdf\" target=\"_blank\" data-type=\"link\" data-id=\"https:\/\/www.afbrno.cz\/wp-content\/uploads\/2024\/10\/2.-CP-Brno_FFF2024-.pdf\" rel=\"noreferrer noopener\">communiqu\u00e9 de presse 10.10.2024<\/a><\/li>\n<\/ul>\n\n\n\n<div style=\"height:72px\" aria-hidden=\"true\" class=\"wp-block-spacer\"><\/div>\n\n\n\n<h3 class=\"wp-block-heading\">S\u00e9ances scolaires<\/h3>\n\n\n\n<p>En compl\u00e9ment du programme officiel du festival qui pr\u00e9sentera en avant-premi\u00e8re les nouveaux films de l\u2019ann\u00e9e, il y aura \u00e9galement des <strong>projections pour les classes<\/strong>. Quatre films sont au programme pour les projections scolaires : <\/p>\n\n\n\n<ul class=\"wp-block-list\">\n<li><a href=\"https:\/\/www.unifrance.org\/film\/56901\/la-vie-en-gros\" target=\"_blank\" rel=\"noreferrer noopener\">La Vie, en gros \/&nbsp;\u017divot k se\u017er\u00e1n\u00ed<\/a>&nbsp;(film d&rsquo;animation, version tch\u00e8que, \u00e0 partir de 10 ans) \u2192 disponible <strong>du 01.11. au 20.12.<\/strong><\/li>\n\n\n\n<li><a href=\"https:\/\/www.unifrance.org\/film\/58073\/monsieur-aznavour\" target=\"_blank\" rel=\"noreferrer noopener\">Monsieur Aznavour \/ Aznavour<\/a>&nbsp;(VO sous-titr\u00e9e tch\u00e8que, \u00e0 partir de 12 ans) \u2192 disponible <strong>du 21.11. au 20.12.<\/strong><\/li>\n\n\n\n<li><a href=\"https:\/\/www.unifrance.org\/film\/56397\/pas-de-vagues\" target=\"_blank\" rel=\"noreferrer noopener\">Pas de vagues \/ Ned\u011blej vlny<\/a>&nbsp;(VO sous-titr\u00e9e tch\u00e8que, \u00e0 partir de 12 ans) \u2192 disponible <strong>du 01.10. au 20.12.<\/strong><\/li>\n\n\n\n<li><a href=\"https:\/\/www.unifrance.org\/film\/56620\/le-comte-de-monte-cristo\" target=\"_blank\" rel=\"noreferrer noopener\">Le Comte de Monte-Cristo \/ Hrab\u011b Monte Christo<\/a>&nbsp;(VO sous-titr\u00e9e tch\u00e8que, \u00e0 partir de 15 ans) \u2192 dispnible <strong>du 01.10. au 20.12.<\/strong><\/li>\n<\/ul>\n\n\n\n<p><strong>A t\u00e9l\u00e9charger&nbsp;:&nbsp;<\/strong><\/p>\n\n\n\n<ul class=\"wp-block-list\">\n<li><a href=\"https:\/\/www.afbrno.cz\/wp-content\/uploads\/2024\/10\/FFF-2024-Seances-scolaires.pdf\" target=\"_blank\" rel=\"noreferrer noopener\">catalogue des s\u00e9ances scolaires<\/a><\/li>\n\n\n\n<li><a href=\"https:\/\/www.afbrno.cz\/wp-content\/uploads\/2024\/11\/La-vie-en-gros-Fiche-pedagogique.pdf\" target=\"_blank\" rel=\"noreferrer noopener\">fiche p\u00e9dagogique<\/a>&nbsp;(La vie, en gros)<\/li>\n\n\n\n<li><a href=\"https:\/\/www.afbrno.cz\/wp-content\/uploads\/2024\/11\/Monsieur-Aznavour-Fiche-pedagogique.pdf\" target=\"_blank\" rel=\"noreferrer noopener\">fiche p\u00e9dagogique<\/a>&nbsp;(Monsieur Aznavour)<\/li>\n\n\n\n<li><a href=\"https:\/\/www.afbrno.cz\/wp-content\/uploads\/2024\/11\/Pas-de-vagues-Fiche-pedagogique.pdf\" target=\"_blank\" rel=\"noreferrer noopener\">fiche p\u00e9dagogique<\/a>&nbsp;(Pas de vagues)<\/li>\n\n\n\n<li><a href=\"https:\/\/www.afbrno.cz\/wp-content\/uploads\/2024\/11\/Le-Comte-de-Monte-Cristo-Fiche-pedagogique.pdf\" target=\"_blank\" rel=\"noreferrer noopener\">fiche p\u00e9dagogique<\/a>&nbsp;(Le Comte de Monte-Christo)<\/li>\n<\/ul>\n\n\n\n<p><strong>Comment proc\u00e9der si vous souhaitez venir avec votre classe au Kino Art pour une projection scolaire&nbsp;?<\/strong><\/p>\n\n\n\n<p>1. Choisissez le(s) film(s) de votre choix et convenez avec la direction de votre \u00e9cole d\u2019une date \u00e0 laquelle vous serez lib\u00e9r\u00e9s des cours.<br>2. Contactez le Kino Art (contact&nbsp;: Lydia Pale\u010dkov\u00e1, portable&nbsp;: +420 602 589 491, e-mail&nbsp;:&nbsp;<a href=\"mailto:skolni@kinoart.cz\" target=\"_blank\" rel=\"noreferrer noopener\">skolni@kinoart.cz<\/a>) et convenez d\u2019une heure pr\u00e9cise pour la projection et du r\u00e8glement des billets).<br>3. Les s\u00e9ances scolaires sont gratuites pour les professeurs accompagnateurs.<br>4. L\u2019Alliance Fran\u00e7aise de Brno n\u2019effectuant pas de r\u00e9servations pour les projections scolaires, l\u2019\u00e9cole contactera directement le Kino Art pour convenir des d\u00e9marches \u00e0 suivre.<\/p>\n\n\n\n<div style=\"height:51px\" aria-hidden=\"true\" class=\"wp-block-spacer\"><\/div>\n\n\n\n<h3 class=\"wp-block-heading\">Fiches p\u00e9dagogiques pour les classes de fran\u00e7ais<\/h3>\n\n\n\n<p>D&rsquo;autres fiches p\u00e9dagogiques sur le th\u00e8me du Festival du film fran\u00e7ais 2024 sont propos\u00e9es pour les apprenants de fran\u00e7ais :<\/p>\n\n\n\n<p><strong>A t\u00e9l\u00e9charger : <\/strong><\/p>\n\n\n\n<ul class=\"wp-block-list\">\n<li><a href=\"https:\/\/www.afbrno.cz\/wp-content\/uploads\/2024\/11\/FFF-2024-A1-Fiche-pedagogique.pdf\" target=\"_blank\" rel=\"noreferrer noopener\">fiche p\u00e9dagogique<\/a> (niveau A1)<\/li>\n\n\n\n<li><a href=\"https:\/\/www.afbrno.cz\/wp-content\/uploads\/2024\/11\/FFF-2024-A2-Fiche-pedagogique.pdf\" target=\"_blank\" rel=\"noreferrer noopener\">fiche p\u00e9dagogique<\/a> (niveau A2)<\/li>\n\n\n\n<li><a href=\"https:\/\/www.afbrno.cz\/wp-content\/uploads\/2024\/11\/FFF-2024-B1-Fiche-pedagogique.pdf\" data-type=\"link\" data-id=\"https:\/\/www.afbrno.cz\/wp-content\/uploads\/2024\/11\/FFF-2024-B1-Fiche-pedagogique.pdf\" target=\"_blank\" rel=\"noreferrer noopener\">fiche p\u00e9dagogique<\/a> (niveau B1)<\/li>\n\n\n\n<li><a href=\"https:\/\/www.afbrno.cz\/wp-content\/uploads\/2024\/11\/FFF-2024-B2-Fiche-pedagogique.pdf\" target=\"_blank\" rel=\"noreferrer noopener\">fiche p\u00e9dagogique<\/a> (niveau B2)<\/li>\n<\/ul>\n\n\n\n<div style=\"height:51px\" aria-hidden=\"true\" class=\"wp-block-spacer\"><\/div>\n\n\n\n<h5 class=\"wp-block-heading\">Toutes les fiches p\u00e9dagogiques ont \u00e9t\u00e9 con\u00e7ues par l&rsquo;\u00e9quipe enseignante de l&rsquo;Institut fran\u00e7ais de Prague. Merci !<\/h5>\n\n\n\n<div style=\"height:51px\" aria-hidden=\"true\" class=\"wp-block-spacer\"><\/div>\n\n\n\n<p>Retour sur le 26\u00e8me Festival du film fran\u00e7ais (2023) : <a href=\"https:\/\/www.afbrno.cz\/fr\/fff-2023\/\" data-type=\"link\" data-id=\"https:\/\/www.afbrno.cz\/fff-2023\/\" target=\"_blank\" rel=\"noreferrer noopener\">ici<\/a>.<\/p>\n","protected":false},"excerpt":{"rendered":"<p>Cette ann\u00e9e, le Festival du film fran\u00e7ais a lieu&nbsp;du 25 au 27 novembre&nbsp;au cin\u00e9ma&nbsp;Kino Art. Le festival pr\u00e9sentera six films en avant-premi\u00e8re exclusive. Le festival s\u2019ouvrira par le&#8230;<\/p>\n","protected":false},"author":3,"featured_media":0,"parent":0,"menu_order":0,"comment_status":"closed","ping_status":"closed","template":"","meta":{"_acf_changed":false,"footnotes":""},"class_list":["post-32442","page","type-page","status-publish","hentry"],"acf":[],"_links":{"self":[{"href":"https:\/\/www.afbrno.cz\/fr\/wp-json\/wp\/v2\/pages\/32442","targetHints":{"allow":["GET"]}}],"collection":[{"href":"https:\/\/www.afbrno.cz\/fr\/wp-json\/wp\/v2\/pages"}],"about":[{"href":"https:\/\/www.afbrno.cz\/fr\/wp-json\/wp\/v2\/types\/page"}],"author":[{"embeddable":true,"href":"https:\/\/www.afbrno.cz\/fr\/wp-json\/wp\/v2\/users\/3"}],"replies":[{"embeddable":true,"href":"https:\/\/www.afbrno.cz\/fr\/wp-json\/wp\/v2\/comments?post=32442"}],"version-history":[{"count":5,"href":"https:\/\/www.afbrno.cz\/fr\/wp-json\/wp\/v2\/pages\/32442\/revisions"}],"predecessor-version":[{"id":33535,"href":"https:\/\/www.afbrno.cz\/fr\/wp-json\/wp\/v2\/pages\/32442\/revisions\/33535"}],"wp:attachment":[{"href":"https:\/\/www.afbrno.cz\/fr\/wp-json\/wp\/v2\/media?parent=32442"}],"curies":[{"name":"wp","href":"https:\/\/api.w.org\/{rel}","templated":true}]}}