{"id":30053,"date":"2024-10-04T09:21:22","date_gmt":"2024-10-04T07:21:22","guid":{"rendered":"https:\/\/www.afbrno.cz\/?page_id=30053"},"modified":"2026-06-06T09:28:54","modified_gmt":"2026-06-06T07:28:54","slug":"formation-continue","status":"publish","type":"page","link":"https:\/\/www.afbrno.cz\/fr\/formation-continue\/","title":{"rendered":"Formation continue pour professeurs et \u00e9tudiants de FLE"},"content":{"rendered":"\n<div style=\"height:39px\" aria-hidden=\"true\" class=\"wp-block-spacer\"><\/div>\n\n\n\n<h3 class=\"wp-block-heading\"><mark style=\"background-color:rgba(0, 0, 0, 0)\" class=\"has-inline-color has-color-text-color\">Calendrier des formations<\/mark><\/h3>\n\n\n\n<p class=\"wp-block-paragraph\"><\/p>\n\n\n\n<p class=\"wp-block-paragraph\">Les formations propos\u00e9es sont ouvertes \u00e0 tous les enseignants de fran\u00e7ais langue \u00e9trang\u00e8re (FLE) ainsi qu&rsquo;aux \u00e9tudiants de FLE (niveau licence ou master).<\/p>\n\n\n\n<div style=\"height:39px\" aria-hidden=\"true\" class=\"wp-block-spacer\"><\/div>\n\n\n\n<div class=\"wp-block-columns is-layout-flex wp-container-core-columns-is-layout-8f761849 wp-block-columns-is-layout-flex\">\n<div class=\"wp-block-column is-layout-flow wp-block-column-is-layout-flow\">\n<figure class=\"wp-block-table is-style-stripes\"><table class=\"has-fixed-layout\"><tbody><tr><td><mark style=\"background-color:rgba(0, 0, 0, 0)\" class=\"has-inline-color has-color-text-color\"><strong>Intitul\u00e9 de la formation<\/strong><\/mark><\/td><td class=\"has-text-align-center\" data-align=\"center\"><strong>Explorer la francophonie et l&rsquo;interculturel<\/strong><\/td><\/tr><tr><td><strong>Date<\/strong><\/td><td class=\"has-text-align-center\" data-align=\"center\">samedi 6 juin 2026<\/td><\/tr><tr><td><strong>Heure<\/strong><\/td><td class=\"has-text-align-center\" data-align=\"center\">9h00-12h20<\/td><\/tr><tr><td><strong>Format<\/strong><\/td><td class=\"has-text-align-center\" data-align=\"center\">en pr\u00e9sentiel<\/td><\/tr><tr><td><strong><strong>Intervenant<\/strong><\/strong><\/td><td class=\"has-text-align-center\" data-align=\"center\"><a href=\"https:\/\/cleformation.jimdoweb.com\/r\u00e9pertoires\/intervenants\/aurore-belquin\/\" data-type=\"link\" data-id=\"https:\/\/cleformation.jimdoweb.com\/r\u00e9pertoires\/intervenants\/aurore-belquin\/\" target=\"_blank\" rel=\"noreferrer noopener\">Aurone Belquin<\/a><br>CLE international<\/td><\/tr><tr><td><strong><strong><strong>Formulaire d\u2019inscription<\/strong><\/strong><\/strong><\/td><td class=\"has-text-align-center\" data-align=\"center\">inscriptions closes<\/td><\/tr><tr><td><strong><strong><strong>Date limite d&rsquo;inscription<\/strong> <\/strong><\/strong><\/td><td class=\"has-text-align-center\" data-align=\"center\">4. 6. 2026<\/td><\/tr><tr><td><strong><strong>Programme du stage<\/strong><\/strong><\/td><td class=\"has-text-align-center\" data-align=\"center\">\u00e0 t\u00e9l\u00e9charger <a href=\"https:\/\/cleformation.jimdoweb.com\/agenda-cle-formation\/r\u00e9publique-tch\u00e8que\/?utm_source=chatgpt.com\" target=\"_blank\" rel=\"noreferrer noopener\">ici<\/a><\/td><\/tr><tr><td><strong><strong>Frais d&rsquo;inscription<\/strong><\/strong><\/td><td class=\"has-text-align-center\" data-align=\"center\">gratuit<\/td><\/tr><\/tbody><\/table><\/figure>\n<\/div>\n\n\n\n<div class=\"wp-block-column is-layout-flow wp-block-column-is-layout-flow\">\n<figure class=\"wp-block-image size-full\"><img loading=\"lazy\" decoding=\"async\" width=\"640\" height=\"360\" src=\"https:\/\/www.afbrno.cz\/wp-content\/uploads\/2026\/05\/Invitation-CPCF-Brno-06.06.2026.png\" alt=\"\" class=\"wp-image-36639\" srcset=\"https:\/\/www.afbrno.cz\/wp-content\/uploads\/2026\/05\/Invitation-CPCF-Brno-06.06.2026.png 640w, https:\/\/www.afbrno.cz\/wp-content\/uploads\/2026\/05\/Invitation-CPCF-Brno-06.06.2026-460x259.png 460w\" sizes=\"auto, (max-width: 640px) 100vw, 640px\" \/><\/figure>\n<\/div>\n<\/div>\n\n\n\n<p class=\"wp-block-paragraph\"><\/p>\n","protected":false},"excerpt":{"rendered":"<p>Calendrier des formations Les formations propos\u00e9es sont ouvertes \u00e0 tous les enseignants de fran\u00e7ais langue \u00e9trang\u00e8re (FLE) ainsi qu&rsquo;aux \u00e9tudiants de FLE (niveau licence ou master). Intitul\u00e9 de&#8230;<\/p>\n","protected":false},"author":3,"featured_media":0,"parent":0,"menu_order":0,"comment_status":"closed","ping_status":"closed","template":"","meta":{"_acf_changed":false,"footnotes":""},"class_list":["post-30053","page","type-page","status-publish","hentry"],"acf":[],"_links":{"self":[{"href":"https:\/\/www.afbrno.cz\/fr\/wp-json\/wp\/v2\/pages\/30053","targetHints":{"allow":["GET"]}}],"collection":[{"href":"https:\/\/www.afbrno.cz\/fr\/wp-json\/wp\/v2\/pages"}],"about":[{"href":"https:\/\/www.afbrno.cz\/fr\/wp-json\/wp\/v2\/types\/page"}],"author":[{"embeddable":true,"href":"https:\/\/www.afbrno.cz\/fr\/wp-json\/wp\/v2\/users\/3"}],"replies":[{"embeddable":true,"href":"https:\/\/www.afbrno.cz\/fr\/wp-json\/wp\/v2\/comments?post=30053"}],"version-history":[{"count":20,"href":"https:\/\/www.afbrno.cz\/fr\/wp-json\/wp\/v2\/pages\/30053\/revisions"}],"predecessor-version":[{"id":36765,"href":"https:\/\/www.afbrno.cz\/fr\/wp-json\/wp\/v2\/pages\/30053\/revisions\/36765"}],"wp:attachment":[{"href":"https:\/\/www.afbrno.cz\/fr\/wp-json\/wp\/v2\/media?parent=30053"}],"curies":[{"name":"wp","href":"https:\/\/api.w.org\/{rel}","templated":true}]}}