{"id":28035,"date":"2024-04-15T18:59:00","date_gmt":"2024-04-15T16:59:00","guid":{"rendered":"https:\/\/web.afbrno.cz\/?page_id=28035"},"modified":"2024-06-17T16:31:41","modified_gmt":"2024-06-17T14:31:41","slug":"cecrl-niveau-c2","status":"publish","type":"page","link":"https:\/\/www.afbrno.cz\/fr\/cecrl-niveau-c2\/","title":{"rendered":"Niveau C2"},"content":{"rendered":"\n<div class=\"wp-block-columns is-layout-flex wp-container-core-columns-is-layout-9d6595d7 wp-block-columns-is-layout-flex\">\n<div class=\"wp-block-column is-layout-flow wp-block-column-is-layout-flow\" style=\"flex-basis:33.33%\">\n<figure class=\"wp-block-image size-full\"><img loading=\"lazy\" decoding=\"async\" width=\"560\" height=\"315\" src=\"https:\/\/www.afbrno.cz\/wp-content\/uploads\/2024\/06\/CECRL-niveau-C2.png\" alt=\"\" class=\"wp-image-28039\" title=\"\u00darove\u0148 C2\" srcset=\"https:\/\/www.afbrno.cz\/wp-content\/uploads\/2024\/06\/CECRL-niveau-C2.png 560w, https:\/\/www.afbrno.cz\/wp-content\/uploads\/2024\/06\/CECRL-niveau-C2-460x259.png 460w\" sizes=\"auto, (max-width: 560px) 100vw, 560px\" \/><\/figure>\n<\/div>\n\n\n\n<div class=\"wp-block-column is-layout-flow wp-block-column-is-layout-flow\" style=\"flex-basis:66.66%\">\n<h3 class=\"wp-block-heading\"><strong>Comprendre<\/strong><\/h3>\n\n\n\n<p><strong>\u00c9couter :\u00a0<\/strong>Je n&rsquo;ai aucune difficult\u00e9 \u00e0 comprendre le langage oral, que ce soit dans les conditions du direct ou dans les m\u00e9dias et quand on parle vite, \u00e0 condition d&rsquo;avoir du temps pour me familiariser avec un accent particulier.<br><strong><strong>Lire<\/strong><\/strong> <strong>:<\/strong>\u00a0Je peux lire sans effort tout type de texte, m\u00eame abstrait ou complexe quant au fond ou \u00e0 la forme, par exemple un manuel, un article sp\u00e9cialis\u00e9 ou une \u0153uvre litt\u00e9raire.<\/p>\n\n\n\n<p><\/p>\n\n\n\n<h3 class=\"wp-block-heading\"><strong>Parler<\/strong><\/h3>\n\n\n\n<p><strong><strong>Prendre part \u00e0 une conversation<\/strong><\/strong> <strong>:<\/strong>\u00a0Je peux participer sans effort \u00e0 toute conversation ou discussion et je suis aussi tr\u00e8s \u00e0 l\u2019aise avec les expressions idiomatiques et les tournures courantes. Je peux m\u2019exprimer couramment et exprimer avec pr\u00e9cision de fines nuances de sens. En cas de difficult\u00e9, je peux faire marche arri\u00e8re pour y rem\u00e9dier avec assez d&rsquo;habilet\u00e9 pour que cela passe inaper\u00e7u.<br><strong><strong>S&rsquo;exprimer oralement en continu<\/strong><\/strong> <strong>:<\/strong>\u00a0Je peux pr\u00e9senter une description ou une argumentation claire et fluide dans un style adapt\u00e9 au contexte, construire une pr\u00e9sentation de fa\u00e7on logique et aider mon auditeur \u00e0 remarquer et \u00e0 se rappeler les points importants.<\/p>\n\n\n\n<p><\/p>\n\n\n\n<h3 class=\"wp-block-heading\"><strong>\u00c9crire<\/strong><\/h3>\n\n\n\n<p><strong><strong>\u00c9crire<\/strong><\/strong> <strong>:<\/strong>\u00a0Je peux \u00e9crire un texte clair, fluide et stylistiquement adapt\u00e9 aux circonstances. Je peux r\u00e9diger des lettres, rapports ou articles complexes, avec une construction claire permettant au lecteur d\u2019en saisir et de m\u00e9moriser les points importants. Je peux r\u00e9sumer et critiquer par \u00e9crit un ouvrage professionnel ou une \u0153uvre litt\u00e9raire.<\/p>\n<\/div>\n<\/div>\n\n\n\n<div style=\"height:60px\" aria-hidden=\"true\" class=\"wp-block-spacer\"><\/div>\n\n\n\n<p>Source : <em>Cadre europ\u00e9en commun de r\u00e9f\u00e9rence pour les langues : apprendre, enseigner, \u00e9valuer<\/em>, Unit\u00e9 des Politiques linguistiques, Strasbourg.<\/p>\n","protected":false},"excerpt":{"rendered":"<p>Comprendre \u00c9couter :\u00a0Je n&rsquo;ai aucune difficult\u00e9 \u00e0 comprendre le langage oral, que ce soit dans les conditions du direct ou dans les m\u00e9dias et quand on parle vite,&#8230;<\/p>\n","protected":false},"author":3,"featured_media":0,"parent":0,"menu_order":0,"comment_status":"closed","ping_status":"closed","template":"","meta":{"_acf_changed":false,"footnotes":""},"class_list":["post-28035","page","type-page","status-publish","hentry"],"acf":[],"_links":{"self":[{"href":"https:\/\/www.afbrno.cz\/fr\/wp-json\/wp\/v2\/pages\/28035","targetHints":{"allow":["GET"]}}],"collection":[{"href":"https:\/\/www.afbrno.cz\/fr\/wp-json\/wp\/v2\/pages"}],"about":[{"href":"https:\/\/www.afbrno.cz\/fr\/wp-json\/wp\/v2\/types\/page"}],"author":[{"embeddable":true,"href":"https:\/\/www.afbrno.cz\/fr\/wp-json\/wp\/v2\/users\/3"}],"replies":[{"embeddable":true,"href":"https:\/\/www.afbrno.cz\/fr\/wp-json\/wp\/v2\/comments?post=28035"}],"version-history":[{"count":8,"href":"https:\/\/www.afbrno.cz\/fr\/wp-json\/wp\/v2\/pages\/28035\/revisions"}],"predecessor-version":[{"id":28082,"href":"https:\/\/www.afbrno.cz\/fr\/wp-json\/wp\/v2\/pages\/28035\/revisions\/28082"}],"wp:attachment":[{"href":"https:\/\/www.afbrno.cz\/fr\/wp-json\/wp\/v2\/media?parent=28035"}],"curies":[{"name":"wp","href":"https:\/\/api.w.org\/{rel}","templated":true}]}}