{"id":28034,"date":"2024-04-15T18:58:38","date_gmt":"2024-04-15T16:58:38","guid":{"rendered":"https:\/\/web.afbrno.cz\/?page_id=28034"},"modified":"2024-06-17T16:31:36","modified_gmt":"2024-06-17T14:31:36","slug":"cecrl-niveau-c1","status":"publish","type":"page","link":"https:\/\/www.afbrno.cz\/fr\/cecrl-niveau-c1\/","title":{"rendered":"Niveau C1"},"content":{"rendered":"\n<div class=\"wp-block-columns is-layout-flex wp-container-core-columns-is-layout-9d6595d7 wp-block-columns-is-layout-flex\">\n<div class=\"wp-block-column is-layout-flow wp-block-column-is-layout-flow\" style=\"flex-basis:33.33%\">\n<figure class=\"wp-block-image size-full\"><img loading=\"lazy\" decoding=\"async\" width=\"560\" height=\"315\" src=\"https:\/\/www.afbrno.cz\/wp-content\/uploads\/2024\/06\/CECRL-niveau-C1.png\" alt=\"\" class=\"wp-image-28036\" title=\"\u00darove\u0148 C1\" srcset=\"https:\/\/www.afbrno.cz\/wp-content\/uploads\/2024\/06\/CECRL-niveau-C1.png 560w, https:\/\/www.afbrno.cz\/wp-content\/uploads\/2024\/06\/CECRL-niveau-C1-460x259.png 460w\" sizes=\"auto, (max-width: 560px) 100vw, 560px\" \/><\/figure>\n<\/div>\n\n\n\n<div class=\"wp-block-column is-layout-flow wp-block-column-is-layout-flow\" style=\"flex-basis:66.66%\">\n<h3 class=\"wp-block-heading\"><strong>Comprendre<\/strong><\/h3>\n\n\n\n<p><strong><strong>\u00c9couter<\/strong><\/strong> <strong>:\u00a0<\/strong>Je peux comprendre un long discours m\u00eame s&rsquo;il n&rsquo;est pas clairement structur\u00e9 et que les articulations sont seulement implicites. Je peux comprendre les \u00e9missions de t\u00e9l\u00e9vision et les films sans trop d&rsquo;effort.<br><strong><strong>Lire<\/strong><\/strong> <strong>:<\/strong>\u00a0Je peux comprendre des textes factuels ou litt\u00e9raires longs et complexes et en appr\u00e9cier les diff\u00e9rences de style. Je peux comprendre des articles sp\u00e9cialis\u00e9s et de longues instructions techniques m\u00eame lorsqu&rsquo;ils ne sont pas en relation avec mon domaine.<\/p>\n\n\n\n<p><\/p>\n\n\n\n<h3 class=\"wp-block-heading\"><strong><strong>Parler<\/strong><\/strong><\/h3>\n\n\n\n<p><strong><strong>Prendre part \u00e0 une conversation<\/strong><\/strong> <strong>:<\/strong>\u00a0Je peux m&rsquo;exprimer spontan\u00e9ment et couramment sans trop apparemment devoir chercher mes mots. Je peux utiliser la langue de mani\u00e8re souple et efficace pour des relations sociales ou professionnelles. Je peux exprimer mes id\u00e9es et opinions avec pr\u00e9cision et lier mes interventions \u00e0 celles de mes interlocuteurs.\u00a0<br><strong><strong>S&rsquo;exprimer oralement en continu<\/strong><\/strong> <strong>:<\/strong>\u00a0Je peux pr\u00e9senter des descriptions claires et d\u00e9taill\u00e9es de sujets complexes, en int\u00e9grant des th\u00e8mes qui leur sont li\u00e9s, en d\u00e9veloppant certains points et en terminant mon intervention de fa\u00e7on appropri\u00e9e.<\/p>\n\n\n\n<p><\/p>\n\n\n\n<h3 class=\"wp-block-heading\"><strong><strong>\u00c9crire<\/strong><\/strong><\/h3>\n\n\n\n<p><strong><strong>\u00c9crire<\/strong><\/strong> <strong>:<\/strong>\u00a0Je peux m&rsquo;exprimer dans un texte clair et bien structur\u00e9 et d\u00e9velopper mon point de vue. Je peux \u00e9crire sur des sujets complexes dans une lettre, un essai ou un rapport, en soulignant les points que je juge importants. Je peux adopter un style adapt\u00e9 au destinataire.<\/p>\n<\/div>\n<\/div>\n\n\n\n<div style=\"height:60px\" aria-hidden=\"true\" class=\"wp-block-spacer\"><\/div>\n\n\n\n<p>Source : <em>Cadre europ\u00e9en commun de r\u00e9f\u00e9rence pour les langues : apprendre, enseigner, \u00e9valuer<\/em>, Unit\u00e9 des Politiques linguistiques, Strasbourg.<\/p>\n","protected":false},"excerpt":{"rendered":"<p>Comprendre \u00c9couter :\u00a0Je peux comprendre un long discours m\u00eame s&rsquo;il n&rsquo;est pas clairement structur\u00e9 et que les articulations sont seulement implicites. Je peux comprendre les \u00e9missions de t\u00e9l\u00e9vision&#8230;<\/p>\n","protected":false},"author":3,"featured_media":0,"parent":0,"menu_order":0,"comment_status":"closed","ping_status":"closed","template":"","meta":{"_acf_changed":false,"footnotes":""},"class_list":["post-28034","page","type-page","status-publish","hentry"],"acf":[],"_links":{"self":[{"href":"https:\/\/www.afbrno.cz\/fr\/wp-json\/wp\/v2\/pages\/28034","targetHints":{"allow":["GET"]}}],"collection":[{"href":"https:\/\/www.afbrno.cz\/fr\/wp-json\/wp\/v2\/pages"}],"about":[{"href":"https:\/\/www.afbrno.cz\/fr\/wp-json\/wp\/v2\/types\/page"}],"author":[{"embeddable":true,"href":"https:\/\/www.afbrno.cz\/fr\/wp-json\/wp\/v2\/users\/3"}],"replies":[{"embeddable":true,"href":"https:\/\/www.afbrno.cz\/fr\/wp-json\/wp\/v2\/comments?post=28034"}],"version-history":[{"count":6,"href":"https:\/\/www.afbrno.cz\/fr\/wp-json\/wp\/v2\/pages\/28034\/revisions"}],"predecessor-version":[{"id":28083,"href":"https:\/\/www.afbrno.cz\/fr\/wp-json\/wp\/v2\/pages\/28034\/revisions\/28083"}],"wp:attachment":[{"href":"https:\/\/www.afbrno.cz\/fr\/wp-json\/wp\/v2\/media?parent=28034"}],"curies":[{"name":"wp","href":"https:\/\/api.w.org\/{rel}","templated":true}]}}