{"id":28022,"date":"2024-04-15T18:39:09","date_gmt":"2024-04-15T16:39:09","guid":{"rendered":"https:\/\/web.afbrno.cz\/?page_id=28022"},"modified":"2024-06-17T16:31:21","modified_gmt":"2024-06-17T14:31:21","slug":"cecrl-niveau-a2","status":"publish","type":"page","link":"https:\/\/www.afbrno.cz\/fr\/cecrl-niveau-a2\/","title":{"rendered":"Niveau A2"},"content":{"rendered":"\n<div class=\"wp-block-columns is-layout-flex wp-container-core-columns-is-layout-9d6595d7 wp-block-columns-is-layout-flex\">\n<div class=\"wp-block-column is-layout-flow wp-block-column-is-layout-flow\" style=\"flex-basis:33.33%\">\n<figure class=\"wp-block-image size-full\"><img loading=\"lazy\" decoding=\"async\" width=\"560\" height=\"315\" src=\"https:\/\/www.afbrno.cz\/wp-content\/uploads\/2024\/06\/CECRL-niveau-A2.png\" alt=\"\" class=\"wp-image-28023\" title=\"\u00darove\u0148 A2\" srcset=\"https:\/\/www.afbrno.cz\/wp-content\/uploads\/2024\/06\/CECRL-niveau-A2.png 560w, https:\/\/www.afbrno.cz\/wp-content\/uploads\/2024\/06\/CECRL-niveau-A2-460x259.png 460w\" sizes=\"auto, (max-width: 560px) 100vw, 560px\" \/><\/figure>\n<\/div>\n\n\n\n<div class=\"wp-block-column is-layout-flow wp-block-column-is-layout-flow\" style=\"flex-basis:66.66%\">\n<h3 class=\"wp-block-heading\"><strong>Comprendre<\/strong><\/h3>\n\n\n\n<p><strong><strong>\u00c9couter<\/strong><\/strong> <strong>:\u00a0<\/strong>Je peux comprendre des expressions et un vocabulaire tr\u00e8s fr\u00e9quent relatifs \u00e0 ce qui me concerne de tr\u00e8s pr\u00e8s (par exemple moi-m\u00eame, ma famille, les achats, l\u2019environnement proche, le travail). Je peux saisir l&rsquo;essentiel d&rsquo;annonces et de messages simples et clairs.\u00a0<br><strong><strong>Lire<\/strong><\/strong> <strong>:<\/strong>\u00a0Je peux lire des textes courts tr\u00e8s simples. Je peux trouver une information particuli\u00e8re pr\u00e9visible dans des documents courants comme les publicit\u00e9s, les prospectus, les menus et les horaires et je peux comprendre des lettres personnelles courtes et simples.<\/p>\n\n\n\n<p><\/p>\n\n\n\n<h3 class=\"wp-block-heading\"><strong><strong><strong>Parler<\/strong><\/strong><\/strong><\/h3>\n\n\n\n<p><strong><strong>Prendre part \u00e0 une conversation<\/strong><\/strong> <strong>:<\/strong>\u00a0Je peux communiquer lors de t\u00e2ches simples et habituelles ne demandant qu&rsquo;un \u00e9change d&rsquo;informations simple et direct sur des sujets et des activit\u00e9s familiers. Je peux avoir des \u00e9changes tr\u00e8s brefs m\u00eame si, en r\u00e8gle g\u00e9n\u00e9rale, je ne comprends pas assez pour poursuivre une conversation.<br><strong><strong>S&rsquo;exprimer oralement en continu<\/strong><\/strong> <strong>:<\/strong>\u00a0Je peux utiliser une s\u00e9rie de phrases ou d&rsquo;expressions pour d\u00e9crire en termes simples ma famille et d&rsquo;autres gens, mes conditions de vie, ma formation et mon activit\u00e9 professionnelle actuelle ou r\u00e9cente.<\/p>\n\n\n\n<p><\/p>\n\n\n\n<h3 class=\"wp-block-heading\"><strong><strong>\u00c9crire<\/strong><\/strong><\/h3>\n\n\n\n<p><strong><strong>\u00c9crire<\/strong><\/strong> <strong>:<\/strong>\u00a0Je peux \u00e9crire des notes et messages simples et courts. Je peux \u00e9crire une lettre personnelle tr\u00e8s simple, par exemple de remerciements.<\/p>\n<\/div>\n<\/div>\n\n\n\n<div style=\"height:60px\" aria-hidden=\"true\" class=\"wp-block-spacer\"><\/div>\n\n\n\n<p>Source : <em>Cadre europ\u00e9en commun de r\u00e9f\u00e9rence pour les langues : apprendre, enseigner, \u00e9valuer<\/em>, Unit\u00e9 des Politiques linguistiques, Strasbourg.<\/p>\n","protected":false},"excerpt":{"rendered":"<p>Comprendre \u00c9couter :\u00a0Je peux comprendre des expressions et un vocabulaire tr\u00e8s fr\u00e9quent relatifs \u00e0 ce qui me concerne de tr\u00e8s pr\u00e8s (par exemple moi-m\u00eame, ma famille, les achats,&#8230;<\/p>\n","protected":false},"author":3,"featured_media":0,"parent":0,"menu_order":0,"comment_status":"closed","ping_status":"closed","template":"","meta":{"_acf_changed":false,"footnotes":""},"class_list":["post-28022","page","type-page","status-publish","hentry"],"acf":[],"_links":{"self":[{"href":"https:\/\/www.afbrno.cz\/fr\/wp-json\/wp\/v2\/pages\/28022","targetHints":{"allow":["GET"]}}],"collection":[{"href":"https:\/\/www.afbrno.cz\/fr\/wp-json\/wp\/v2\/pages"}],"about":[{"href":"https:\/\/www.afbrno.cz\/fr\/wp-json\/wp\/v2\/types\/page"}],"author":[{"embeddable":true,"href":"https:\/\/www.afbrno.cz\/fr\/wp-json\/wp\/v2\/users\/3"}],"replies":[{"embeddable":true,"href":"https:\/\/www.afbrno.cz\/fr\/wp-json\/wp\/v2\/comments?post=28022"}],"version-history":[{"count":5,"href":"https:\/\/www.afbrno.cz\/fr\/wp-json\/wp\/v2\/pages\/28022\/revisions"}],"predecessor-version":[{"id":28086,"href":"https:\/\/www.afbrno.cz\/fr\/wp-json\/wp\/v2\/pages\/28022\/revisions\/28086"}],"wp:attachment":[{"href":"https:\/\/www.afbrno.cz\/fr\/wp-json\/wp\/v2\/media?parent=28022"}],"curies":[{"name":"wp","href":"https:\/\/api.w.org\/{rel}","templated":true}]}}