{"id":27970,"date":"2024-06-17T13:08:41","date_gmt":"2024-06-17T11:08:41","guid":{"rendered":"https:\/\/web.afbrno.cz\/?page_id=27970"},"modified":"2026-04-30T11:46:48","modified_gmt":"2026-04-30T09:46:48","slug":"carte-de-fidelite-af-brno-partner","status":"publish","type":"page","link":"https:\/\/www.afbrno.cz\/fr\/carte-de-fidelite-af-brno-partner\/","title":{"rendered":"Avantages de l\u2019adh\u00e9sion"},"content":{"rendered":"\n<div class=\"wp-block-columns is-layout-flex wp-container-core-columns-is-layout-9d6595d7 wp-block-columns-is-layout-flex\">\n<div class=\"wp-block-column is-layout-flow wp-block-column-is-layout-flow\" style=\"flex-basis:66.66%\">\n<p><\/p>\n\n\n\n<p>Un cadeau est offert \u00e0 nos membres&nbsp;: la carte de fid\u00e9lit\u00e9 <strong>Alliance Fran\u00e7aise Brno PARTNER<\/strong>.<\/p>\n\n\n\n<p> Avec cette carte vous b\u00e9n\u00e9ficiez :<\/p>\n\n\n\n<ul class=\"wp-block-list\">\n<li>d\u2019une inscription gratuite \u00e0 la m\u00e9diath\u00e8que de l\u2019Alliance Fran\u00e7aise de Brno<\/li>\n\n\n\n<li>d&rsquo;une inscription gratuite \u00e0 la biblioth\u00e8que num\u00e9rique&nbsp;<a href=\"https:\/\/www.culturetheque.com\/fr\" target=\"_blank\" rel=\"noreferrer noopener\">Cultureth\u00e8que<\/a><\/li>\n\n\n\n<li>des tarifs pr\u00e9f\u00e9rentiels pour nos cours collectifs semestriels de fran\u00e7ais<\/li>\n\n\n\n<li>des tarifs pr\u00e9f\u00e9rentiels pour nos activit\u00e9s culturelles<\/li>\n\n\n\n<li>des tarifs pr\u00e9f\u00e9rentiels chez nos partenaires (cf. infra)<\/li>\n<\/ul>\n\n\n\n<p><\/p>\n\n\n\n<h3 class=\"wp-block-heading\">Souhaitez-vous devenir membre de l&rsquo;Alliance Fran\u00e7aise ?<\/h3>\n\n\n\n<div class=\"wp-block-buttons is-layout-flex wp-block-buttons-is-layout-flex\">\n<div class=\"wp-block-button\"><a class=\"wp-block-button__link wp-element-button\" href=\"https:\/\/www.afbrno.cz\/fr\/devenir-membre\/\" target=\"_blank\" rel=\"noreferrer noopener\">oui, Je souhaite devenir membre<\/a><\/div>\n<\/div>\n<\/div>\n\n\n\n<div class=\"wp-block-column is-layout-flow wp-block-column-is-layout-flow\" style=\"flex-basis:33.33%\"><\/div>\n<\/div>\n\n\n\n<div style=\"height:34px\" aria-hidden=\"true\" class=\"wp-block-spacer\"><\/div>\n\n\n\n<h2 class=\"wp-block-heading\"><strong><mark style=\"background-color:rgba(0, 0, 0, 0)\" class=\"has-inline-color has-color-text-color\">Nos partenaires :<\/mark><\/strong><\/h2>\n\n\n\n<div style=\"height:39px\" aria-hidden=\"true\" class=\"wp-block-spacer\"><\/div>\n\n\n\n<div class=\"wp-block-columns is-layout-flex wp-container-core-columns-is-layout-9d6595d7 wp-block-columns-is-layout-flex\">\n<div class=\"wp-block-column is-layout-flow wp-block-column-is-layout-flow\" style=\"flex-basis:18%\">\n<h5 class=\"wp-block-heading\"><mark style=\"background-color:#A9005D\" class=\"has-inline-color has-white-color\">CULTURE<\/mark><\/h5>\n<\/div>\n\n\n\n<div class=\"wp-block-column is-layout-flow wp-block-column-is-layout-flow\" style=\"flex-basis:66.66%\">\n<ul class=\"wp-block-list\">\n<li><a href=\"http:\/\/www.hadivadlo.cz\/\" target=\"_blank\" rel=\"noreferrer noopener\">HaDivadlo<\/a>&nbsp;<strong>tarif r\u00e9duit 160 CZK<\/strong>&nbsp;pour les spectacles produits par le th\u00e9\u00e2tre HaDivadlo<\/li>\n\n\n\n<li><a href=\"https:\/\/filharmonie-brno.cz\/\" target=\"_blank\" rel=\"noreferrer noopener\">Filharmonie Brno<\/a>&nbsp;<strong>tarif r\u00e9duit<\/strong>&nbsp;selon la programmation en vigueur de la saison musicale<\/li>\n\n\n\n<li><a href=\"http:\/\/www.moravska-galerie.cz\/\" target=\"_blank\" rel=\"noreferrer noopener\">Moravsk\u00e1 galerie v Brn\u011b<\/a>&nbsp;<strong>tarif r\u00e9duit<\/strong>&nbsp;sur le billet d\u2019entr\u00e9e aux expositions courantes (le tarif r\u00e9duit correspond au tarif \u00e9tudiants\/seniors) et&nbsp;<strong>10&nbsp;%<\/strong>&nbsp;sur le prix des publications \u00e9dit\u00e9es par la Moravsk\u00e1 galerie<\/li>\n\n\n\n<li><a href=\"http:\/\/www.mzm.cz\/\" target=\"_blank\" rel=\"noreferrer noopener\">Moravsk\u00e9 zemsk\u00e9 muzeum<\/a>&nbsp;<strong>30&nbsp;%<\/strong>&nbsp;sur le tarif plein (cette r\u00e9duction ne pouvant \u00eatre combin\u00e9e avec d\u2019autres r\u00e9ductions)<\/li>\n\n\n\n<li><a href=\"https:\/\/www.spilberk.cz\/\" target=\"_blank\" rel=\"noreferrer noopener\">Muzeum m\u011bsta Brna<\/a>&nbsp;<strong>10&nbsp;%<\/strong>&nbsp;sur le billet d\u2019entr\u00e9e de la tour d\u2019observation, des casemates et des expositions permanentes et temporaires au ch\u00e2teau \u0160pilberk<\/li>\n\n\n\n<li><a href=\"http:\/\/www.rommuz.cz\/\" target=\"_blank\" rel=\"noreferrer noopener\">Muzeum romsk\u00e9 kultury<\/a>&nbsp;<strong>20&nbsp;%<\/strong>&nbsp;sur le billet d\u2019entr\u00e9e au mus\u00e9e Rom<\/li>\n<\/ul>\n<\/div>\n<\/div>\n\n\n\n<div class=\"wp-block-columns is-layout-flex wp-container-core-columns-is-layout-9d6595d7 wp-block-columns-is-layout-flex\">\n<div class=\"wp-block-column is-layout-flow wp-block-column-is-layout-flow\" style=\"flex-basis:18%\">\n<h5 class=\"wp-block-heading\"><mark style=\"background-color:#A9005D\" class=\"has-inline-color has-white-color\">GASTRONOMIE<\/mark><\/h5>\n<\/div>\n\n\n\n<div class=\"wp-block-column is-layout-flow wp-block-column-is-layout-flow\" style=\"flex-basis:66.66%\">\n<ul class=\"wp-block-list\">\n<li><a href=\"http:\/\/www.bb.cz\/\" target=\"_blank\" rel=\"noreferrer noopener\">Bageterie Boulevard<\/a>&nbsp;<strong>10&nbsp;%<\/strong>&nbsp;sur la consommation totale (r\u00e9duction valable uniquement dans les centres commerciaux <strong>Galerie Va\u0148kovka Brno<\/strong> et <strong>OC Olympia Brno<\/strong>)<\/li>\n\n\n\n<li><a href=\"http:\/\/www.bwindicoffee.cz\/\" target=\"_blank\" rel=\"noreferrer noopener\">Bwindi Coffee<\/a>&nbsp;<strong>10&nbsp;%<\/strong>&nbsp;sur toutes les commandes en ligne (e-shop) sur le site&nbsp;<a href=\"http:\/\/www.bwindicoffee.cz\/\" target=\"_blank\" rel=\"noreferrer noopener\">www.bwindicoffee.cz<\/a>&nbsp;(pour cela, pr\u00e9ciser dans la rubrique \u00ab&nbsp;Pozn\u00e1mky k objedn\u00e1vce&nbsp;\u00bb le commentaire suivant&nbsp;: Alliance Fran\u00e7aise Brno Partner + indiquer le n\u00b0&nbsp;de la carte de fid\u00e9lit\u00e9)<\/li>\n\n\n\n<li><a href=\"http:\/\/www.franck-thierry.cz\/\" target=\"_blank\" rel=\"noreferrer noopener\">Franck&amp;Thierry<\/a>&nbsp;<strong>10&nbsp;%<\/strong>&nbsp;sur tous les produits<\/li>\n\n\n\n<li><a href=\"https:\/\/francouzskedobrutky.cz\" target=\"_blank\" rel=\"noreferrer noopener\">Francouzsk\u00e9 dobr\u016ftky<\/a> <strong>10&nbsp;%<\/strong>&nbsp;sur tous les produits<\/li>\n\n\n\n<li><a href=\"http:\/\/www.facebook.com\/kabaretspacek\" target=\"_blank\" rel=\"noreferrer noopener\">Kabaret \u0160pa\u010dek<\/a>&nbsp;<strong>10&nbsp;%<\/strong>&nbsp;sur la consommation totale<\/li>\n\n\n\n<li><a href=\"https:\/\/www.kafara.cz\/\" target=\"_blank\" rel=\"noreferrer noopener\">Kafara<\/a>&nbsp;<strong>10&nbsp;%<\/strong>&nbsp;sur la consommation totale<\/li>\n\n\n\n<li><a href=\"http:\/\/www.panksy.cz\/\" target=\"_blank\" rel=\"noreferrer noopener\">Panksy<\/a>&nbsp;<strong>10&nbsp;%<\/strong>&nbsp;sur tous les produits et les services r\u00e9gl\u00e9s en esp\u00e8ces<\/li>\n<\/ul>\n<\/div>\n<\/div>\n\n\n\n<div class=\"wp-block-columns is-layout-flex wp-container-core-columns-is-layout-9d6595d7 wp-block-columns-is-layout-flex\">\n<div class=\"wp-block-column is-layout-flow wp-block-column-is-layout-flow\" style=\"flex-basis:18%\">\n<h5 class=\"wp-block-heading\"><mark style=\"background-color:#A9005D\" class=\"has-inline-color has-white-color\">EDUCATION<\/mark><\/h5>\n<\/div>\n\n\n\n<div class=\"wp-block-column is-layout-flow wp-block-column-is-layout-flow\" style=\"flex-basis:66.66%\">\n<ul class=\"wp-block-list\">\n<li><a href=\"http:\/\/www.lingea.cz\/\" target=\"_blank\" rel=\"noreferrer noopener\"><\/a><a href=\"https:\/\/hispanica.cz\/\" target=\"_blank\" rel=\"noreferrer noopener\"><\/a><a href=\"http:\/\/afbrno.cz\" target=\"_blank\" rel=\"noreferrer noopener\">Alliance Fran\u00e7aise Brno<\/a> <strong>10 %<\/strong> sur les cours collectifs de fran\u00e7ais<\/li>\n\n\n\n<li><a href=\"http:\/\/www.brno.oesterreichinstitut.cz\/\" target=\"_blank\" rel=\"noreferrer noopener\">\u00d6sterreich Institut Brno<\/a>&nbsp;<strong>5&nbsp;%<\/strong>&nbsp;sur les cours collectifs d&rsquo;allemand<\/li>\n\n\n\n<li><a href=\"https:\/\/hispanica.cz\/\" target=\"_blank\" rel=\"noreferrer noopener\">Hisp\u00e1nica<\/a>&nbsp;<strong>5&nbsp;%<\/strong>&nbsp;sur les cours collectifs d&rsquo;espagnol<\/li>\n\n\n\n<li><a href=\"https:\/\/www.megabooks.cz\/brno\" target=\"_blank\" rel=\"noreferrer noopener\">Megabooks Brno<\/a>&nbsp;<strong>15&nbsp;%<\/strong>&nbsp;sur tout le mat\u00e9riel en vente<\/li>\n\n\n\n<li><a href=\"http:\/\/www.lingea.cz\/\" target=\"_blank\" rel=\"noreferrer noopener\">Lingea<\/a>&nbsp;<strong>25&nbsp;%<\/strong>&nbsp;sur la production de Lingea (pour cela, le code AFL25 doit \u00eatre fourni lors de la commande en ligne sur&nbsp;<a href=\"http:\/\/www.lingea.cz\/\" target=\"_blank\" rel=\"noreferrer noopener\">www.lingea.cz<\/a>&nbsp;ou sur pr\u00e9sentation de la carte de fid\u00e9lit\u00e9 \u00e0 l\u2019adresse du si\u00e8ge de Lingea, rue Vackova 9, Brno)<\/li>\n<\/ul>\n<\/div>\n<\/div>\n\n\n\n<p><\/p>\n\n\n\n<p><strong>Merci \u00e0 tous nos partenaires !<\/strong><\/p>\n\n\n\n<p><\/p>\n\n\n\n<p><strong>A t\u00e9l\u00e9charger :&nbsp;<\/strong><\/p>\n\n\n\n<ul class=\"wp-block-list\">\n<li>&nbsp;<a href=\"https:\/\/www.afbrno.cz\/wp-content\/uploads\/2024\/06\/VOP-Vernostni-karta-AF-Brno-PARTNER-01.04.2021.pdf\" target=\"_blank\" rel=\"noreferrer noopener\">conditions g\u00e9n\u00e9rales<\/a><\/li>\n<\/ul>\n","protected":false},"excerpt":{"rendered":"<p>Un cadeau est offert \u00e0 nos membres&nbsp;: la carte de fid\u00e9lit\u00e9 Alliance Fran\u00e7aise Brno PARTNER. Avec cette carte vous b\u00e9n\u00e9ficiez : Souhaitez-vous devenir membre de l&rsquo;Alliance Fran\u00e7aise ?&#8230;<\/p>\n","protected":false},"author":3,"featured_media":0,"parent":0,"menu_order":0,"comment_status":"closed","ping_status":"closed","template":"","meta":{"_acf_changed":false,"footnotes":""},"class_list":["post-27970","page","type-page","status-publish","hentry"],"acf":[],"_links":{"self":[{"href":"https:\/\/www.afbrno.cz\/fr\/wp-json\/wp\/v2\/pages\/27970","targetHints":{"allow":["GET"]}}],"collection":[{"href":"https:\/\/www.afbrno.cz\/fr\/wp-json\/wp\/v2\/pages"}],"about":[{"href":"https:\/\/www.afbrno.cz\/fr\/wp-json\/wp\/v2\/types\/page"}],"author":[{"embeddable":true,"href":"https:\/\/www.afbrno.cz\/fr\/wp-json\/wp\/v2\/users\/3"}],"replies":[{"embeddable":true,"href":"https:\/\/www.afbrno.cz\/fr\/wp-json\/wp\/v2\/comments?post=27970"}],"version-history":[{"count":20,"href":"https:\/\/www.afbrno.cz\/fr\/wp-json\/wp\/v2\/pages\/27970\/revisions"}],"predecessor-version":[{"id":36578,"href":"https:\/\/www.afbrno.cz\/fr\/wp-json\/wp\/v2\/pages\/27970\/revisions\/36578"}],"wp:attachment":[{"href":"https:\/\/www.afbrno.cz\/fr\/wp-json\/wp\/v2\/media?parent=27970"}],"curies":[{"name":"wp","href":"https:\/\/api.w.org\/{rel}","templated":true}]}}