{"id":27673,"date":"2024-04-15T18:30:24","date_gmt":"2024-04-15T16:30:24","guid":{"rendered":"https:\/\/web.afbrno.cz\/?page_id=27673"},"modified":"2024-08-14T12:31:47","modified_gmt":"2024-08-14T10:31:47","slug":"niveaux-de-langue","status":"publish","type":"page","link":"https:\/\/www.afbrno.cz\/fr\/niveaux-de-langue\/","title":{"rendered":"Niveaux de langue"},"content":{"rendered":"\n<p>Les niveaux de nos cours de fran\u00e7ais sont bas\u00e9s sur les niveaux de langue du <strong>Cadre europ\u00e9en commun de r\u00e9f\u00e9rence pour les langues<\/strong> (CECRL). Ce document cr\u00e9\u00e9 par le Conseil de l&rsquo;Europe d\u00e9finit des niveaux de ma\u00eetrise d&rsquo;une&nbsp;langue \u00e9trang\u00e8re&nbsp;en fonction de son&nbsp;savoir-faire&nbsp;dans diff\u00e9rents domaines de comp\u00e9tence.<\/p>\n\n\n\n<p><strong>A \u2013 utilisateur \u00e9l\u00e9mentaire<br>B \u2013 <strong>utilisateur<\/strong> ind\u00e9pendant<br>C \u2013 utilisateur exp\u00e9riment\u00e9<\/strong><\/p>\n\n\n\n<p>Ces trois niveaux g\u00e9n\u00e9raux se divisent ensuite en 6 niveaux communs de r\u00e9f\u00e9rences : niveaux A1, A2, B1, B2, C1, C2. Dans chacun de ces six niveaux, des comp\u00e9tences langagi\u00e8res sont \u00e9valu\u00e9es chez les utilisateurs : <strong>comprendre<\/strong>,&nbsp;<strong>parler<\/strong>,&nbsp;<strong>\u00e9crire<\/strong>.<\/p>\n\n\n\n<p><\/p>\n\n\n\n<div style=\"height:42px\" aria-hidden=\"true\" class=\"wp-block-spacer\"><\/div>\n\n\n\n<h3 class=\"wp-block-heading has-text-align-center\">6 niveaux communs de r\u00e9f\u00e9rence<\/h3>\n\n\n<div class=\"wp-block-image\">\n<figure class=\"aligncenter size-full\"><img loading=\"lazy\" decoding=\"async\" width=\"560\" height=\"315\" src=\"https:\/\/www.afbrno.cz\/wp-content\/uploads\/2024\/06\/CECRL-6-niveaux.png\" alt=\"\" class=\"wp-image-27996\" srcset=\"https:\/\/www.afbrno.cz\/wp-content\/uploads\/2024\/06\/CECRL-6-niveaux.png 560w, https:\/\/www.afbrno.cz\/wp-content\/uploads\/2024\/06\/CECRL-6-niveaux-460x259.png 460w\" sizes=\"auto, (max-width: 560px) 100vw, 560px\" \/><\/figure>\n<\/div>\n\n\n<div style=\"height:50px\" aria-hidden=\"true\" class=\"wp-block-spacer\"><\/div>\n\n\n\n<div class=\"wp-block-columns is-layout-flex wp-container-core-columns-is-layout-9d6595d7 wp-block-columns-is-layout-flex\">\n<div class=\"wp-block-column is-layout-flow wp-block-column-is-layout-flow\">\n<h3 class=\"wp-block-heading\"><strong>A1 \u2013 <\/strong>d\u00e9couverte<\/h3>\n\n\n\n<p>L&rsquo;utilisateur peut comprendre et utiliser des expressions famili\u00e8res et quotidiennes ainsi que des \u00e9nonc\u00e9s tr\u00e8s simples qui visent \u00e0 satisfaire des besoins concrets. Peut se pr\u00e9senter ou pr\u00e9senter quelqu&rsquo;un et poser \u00e0 une personne des questions la concernant \u2013 par exemple, sur son lieu d&rsquo;habitation, ses relations, ce qui lui appartient, etc. \u2013 et peut r\u00e9pondre au m\u00eame type de questions. Peut communiquer de fa\u00e7on simple si l&rsquo;interlocuteur parle lentement et distinctement et se montre coop\u00e9ratif.<br><a href=\"\/fr\/cecrl-niveau-a1\" target=\"_blank\" rel=\"noreferrer noopener\">Pour en savoir plus\u2026<\/a><\/p>\n<\/div>\n\n\n\n<div class=\"wp-block-column is-layout-flow wp-block-column-is-layout-flow\">\n<h3 class=\"wp-block-heading\"><strong>A2 \u2013 \u00e9l\u00e9mentaire<\/strong><\/h3>\n\n\n\n<p>L&rsquo;utilisateur peut comprendre des phrases isol\u00e9es et des expressions fr\u00e9quemment utilis\u00e9es en relation avec des domaines imm\u00e9diats de priorit\u00e9 (par exemple, informations personnelles et familiales simples, achats, environnement proche, travail). Peut communiquer lors de t\u00e2ches simples et habituelles ne demandant qu&rsquo;un \u00e9change d&rsquo;informations simple et direct sur des sujets familiers et habituels. Peut d\u00e9crire avec des moyens simples sa formation, son environnement imm\u00e9diat et \u00e9voquer des sujets qui correspondent \u00e0 des besoins imm\u00e9diats.<br><a href=\"\/fr\/cecrl-niveau-a2\" target=\"_blank\" rel=\"noreferrer noopener\">Pour en savoir plus\u2026<\/a><\/p>\n<\/div>\n\n\n\n<div class=\"wp-block-column is-layout-flow wp-block-column-is-layout-flow\">\n<h3 class=\"wp-block-heading\"><strong>B1 \u2013 interm\u00e9diaire<\/strong><\/h3>\n\n\n\n<p>L&rsquo;utilisateur peut comprendre les points essentiels quand un langage clair et standard est utilis\u00e9 et s&rsquo;il s&rsquo;agit de choses famili\u00e8res dans le travail, \u00e0 l&rsquo;\u00e9cole, dans les loisirs, etc. Peut se d\u00e9brouiller dans la plupart des situations rencontr\u00e9es en voyage dans une r\u00e9gion o\u00f9 la langue cible est parl\u00e9e. Peut produire un discours simple et coh\u00e9rent sur des sujets familiers et dans ses domaines d&rsquo;int\u00e9r\u00eat. Peut raconter un \u00e9v\u00e9nement, une exp\u00e9rience ou un r\u00eave, d\u00e9crire un espoir ou un but et exposer bri\u00e8vement des raisons ou explications pour un projet ou une id\u00e9e.&nbsp;<br><a href=\"\/fr\/cecrl-niveau-b1\" target=\"_blank\" rel=\"noreferrer noopener\">Pour en savoir plus\u2026<\/a><\/p>\n<\/div>\n<\/div>\n\n\n\n<div class=\"wp-block-columns is-layout-flex wp-container-core-columns-is-layout-9d6595d7 wp-block-columns-is-layout-flex\">\n<div class=\"wp-block-column is-layout-flow wp-block-column-is-layout-flow\">\n<h3 class=\"wp-block-heading\"><strong>B2 \u2013 <strong>interm\u00e9diaire<\/strong><\/strong> sup\u00e9rieur<\/h3>\n\n\n\n<p>L&rsquo;utilisateur peut comprendre le contenu essentiel de sujets concrets ou abstraits dans un texte complexe, y compris une discussion technique dans sa sp\u00e9cialit\u00e9. Peut communiquer avec un degr\u00e9 de spontan\u00e9it\u00e9 et d&rsquo;aisance tel qu&rsquo;une conversation avec un locuteur natif ne comportant de tension ni pour l&rsquo;un ni pour l&rsquo;autre. Peut s&rsquo;exprimer de fa\u00e7on claire et d\u00e9taill\u00e9e sur une grande gamme de sujets, \u00e9mettre un avis sur un sujet d\u2019actualit\u00e9 et exposer les avantages et les inconv\u00e9nients de diff\u00e9rentes possibilit\u00e9s.&nbsp;<br><a href=\"\/fr\/cecrl-niveau-b2\" target=\"_blank\" rel=\"noreferrer noopener\">Pour en savoir plus\u2026<\/a><\/p>\n<\/div>\n\n\n\n<div class=\"wp-block-column is-layout-flow wp-block-column-is-layout-flow\">\n<h3 class=\"wp-block-heading\"><strong>C1 \u2013 avanc\u00e9<\/strong><\/h3>\n\n\n\n<p>L&rsquo;utilisateur peut comprendre une grande gamme de textes longs et exigeants, ainsi que saisir des significations implicites. Peut s&rsquo;exprimer spontan\u00e9ment et couramment sans trop apparemment devoir chercher ses mots. Peut utiliser la langue de fa\u00e7on efficace et souple dans sa vie sociale, professionnelle ou acad\u00e9mique. Peut s&rsquo;exprimer sur des sujets complexes de fa\u00e7on claire et bien structur\u00e9e et manifester son contr\u00f4le des outils d&rsquo;organisation, d&rsquo;articulation et de coh\u00e9sion du discours.<br><a href=\"\/fr\/cecrl-niveau-c1\" target=\"_blank\" rel=\"noreferrer noopener\">Pour en savoir plus\u2026<\/a><\/p>\n<\/div>\n\n\n\n<div class=\"wp-block-column is-layout-flow wp-block-column-is-layout-flow\">\n<h3 class=\"wp-block-heading\"><strong>C2 \u2013 ma\u00eetrise<\/strong><\/h3>\n\n\n\n<p>L&rsquo;utilisateur peut comprendre sans effort pratiquement tout ce qu&rsquo;il\/elle lit ou entend. Peut restituer faits et arguments de diverses sources \u00e9crites et orales en les r\u00e9sumant de fa\u00e7on coh\u00e9rente. Peut s&rsquo;exprimer spontan\u00e9ment, tr\u00e8s couramment et de fa\u00e7on pr\u00e9cise et peut rendre distinctes de fines nuances de sens en rapport avec des sujets complexes.<br><a href=\"\/fr\/cecrl-niveau-c2\" target=\"_blank\" rel=\"noreferrer noopener\">Pour en savoir plus\u2026<\/a><\/p>\n<\/div>\n<\/div>\n\n\n\n<p><\/p>\n\n\n\n<p><strong>Sources :&nbsp;<\/strong><\/p>\n\n\n\n<ul class=\"wp-block-list\">\n<li>&nbsp;<a href=\"https:\/\/www.coe.int\/en\/web\/common-european-framework-reference-languages\" target=\"_blank\" rel=\"noreferrer noopener\">Conseil de l&rsquo;Europe (Common European Framework of Reference for Languages &#8211; CEFR)<\/a><\/li>\n\n\n\n<li>&nbsp;<a href=\"https:\/\/www.afbrno.cz\/wp-content\/uploads\/2024\/06\/CECRL-framework.pdf\" data-type=\"link\" data-id=\"https:\/\/www.afbrno.cz\/wp-content\/uploads\/2024\/06\/CECRL-framework.pdf\" target=\"_blank\" rel=\"noreferrer noopener\">Cadre europ\u00e9en commun de r\u00e9f\u00e9rence pour les langues (CECRL)<\/a><\/li>\n<\/ul>\n","protected":false},"excerpt":{"rendered":"<p>Les niveaux de nos cours de fran\u00e7ais sont bas\u00e9s sur les niveaux de langue du Cadre europ\u00e9en commun de r\u00e9f\u00e9rence pour les langues (CECRL). Ce document cr\u00e9\u00e9 par&#8230;<\/p>\n","protected":false},"author":3,"featured_media":0,"parent":0,"menu_order":0,"comment_status":"closed","ping_status":"closed","template":"","meta":{"_acf_changed":false,"footnotes":""},"class_list":["post-27673","page","type-page","status-publish","hentry"],"acf":[],"_links":{"self":[{"href":"https:\/\/www.afbrno.cz\/fr\/wp-json\/wp\/v2\/pages\/27673","targetHints":{"allow":["GET"]}}],"collection":[{"href":"https:\/\/www.afbrno.cz\/fr\/wp-json\/wp\/v2\/pages"}],"about":[{"href":"https:\/\/www.afbrno.cz\/fr\/wp-json\/wp\/v2\/types\/page"}],"author":[{"embeddable":true,"href":"https:\/\/www.afbrno.cz\/fr\/wp-json\/wp\/v2\/users\/3"}],"replies":[{"embeddable":true,"href":"https:\/\/www.afbrno.cz\/fr\/wp-json\/wp\/v2\/comments?post=27673"}],"version-history":[{"count":2,"href":"https:\/\/www.afbrno.cz\/fr\/wp-json\/wp\/v2\/pages\/27673\/revisions"}],"predecessor-version":[{"id":29290,"href":"https:\/\/www.afbrno.cz\/fr\/wp-json\/wp\/v2\/pages\/27673\/revisions\/29290"}],"wp:attachment":[{"href":"https:\/\/www.afbrno.cz\/fr\/wp-json\/wp\/v2\/media?parent=27673"}],"curies":[{"name":"wp","href":"https:\/\/api.w.org\/{rel}","templated":true}]}}