{"id":27513,"date":"2024-06-07T12:58:13","date_gmt":"2024-06-07T10:58:13","guid":{"rendered":"https:\/\/web.afbrno.cz\/?page_id=27513"},"modified":"2024-06-15T17:16:07","modified_gmt":"2024-06-15T15:16:07","slug":"carte-interactive-du-francais-en-republique-tcheque","status":"publish","type":"page","link":"https:\/\/www.afbrno.cz\/fr\/carte-interactive-du-francais-en-republique-tcheque\/","title":{"rendered":"Carte interactive du fran\u00e7ais en R\u00e9publique tch\u00e8que"},"content":{"rendered":"\n<p class=\"wp-block-paragraph\">Le projet d\u2019une carte interactive du fran\u00e7ais en R\u00e9publique tch\u00e8que a \u00e9t\u00e9 lanc\u00e9 en novembre 2021, \u00e0 l\u2019occasion de la Journ\u00e9e internationale des professeurs de fran\u00e7ais. Initiative d\u2019universitaires du\u00a0<a href=\"https:\/\/francouzstina.ped.muni.cz\/\" target=\"_blank\" rel=\"noreferrer noopener\">D\u00e9partement de la langue et la litt\u00e9rature fran\u00e7aises \u00e0 la Facult\u00e9 de p\u00e9dagogie de l\u2019Universit\u00e9 Masaryk de Brno<\/a>, elle a pour objectifs de\u00a0<strong>pr\u00e9senter un \u00e9tat des lieux de l\u2019enseignement du fran\u00e7ais dans le pays, crois\u00e9 avec la pr\u00e9sence d\u2019entreprises fran\u00e7aises ou en lien avec des pays francophones<\/strong>. Elle permet aux r\u00e9sidents de R\u00e9publique tch\u00e8que de trouver pr\u00e8s de chez eux les lieux pour apprendre le fran\u00e7ais, pour \u00e9tudier en fran\u00e7ais, pour trouver des doubles dipl\u00f4mes reconnus dans en R\u00e9publique tch\u00e8que et en France, et pour rep\u00e9rer les entreprises int\u00e9ress\u00e9es par les profils francophones.<\/p>\n\n\n\n<p class=\"wp-block-paragraph\">Le projet de\u00a0<a href=\"https:\/\/mapa-francouzstiny.cz\/\" target=\"_blank\" rel=\"noreferrer noopener\">la carte interactive du fran\u00e7ais en R\u00e9publique tch\u00e8que<\/a>\u00a0est n\u00e9 de la coop\u00e9ration de la SUF (association des professeurs de fran\u00e7ais du scolaire), de Gallica (association des professeurs de fran\u00e7ais du sup\u00e9rieur), de l\u2019Institut fran\u00e7ais de Prague, des Alliances fran\u00e7aises en R\u00e9publique tch\u00e8que, des centres universitaires de langues et de la Chambre de commerce franco-tch\u00e8que.<\/p>\n\n\n\n<p class=\"wp-block-paragraph\">Gr\u00e2ce \u00e0 cette carte, il est possible de faire appara\u00eetre&nbsp;:<\/p>\n\n\n\n<ul class=\"wp-block-list\">\n<li>les \u00e9coles primaires et secondaires dans lesquelles l\u2019enseignement du fran\u00e7ais est propos\u00e9<\/li>\n\n\n\n<li>les programmes d\u2019\u00e9tudes universitaires avec le fran\u00e7ais, les doubles dipl\u00f4mes franco-tch\u00e8ques<\/li>\n\n\n\n<li>les centres de langues universitaires o\u00f9 les \u00e9tudiants peuvent poursuivre leurs \u00e9tudes en fran\u00e7ais ou l\u2019approfondir ind\u00e9pendamment du programme universitaire choisi<\/li>\n\n\n\n<li>l\u2019Institut fran\u00e7ais de Prague et toutes les Alliances Fran\u00e7aises, les centres fran\u00e7ais et les clubs franco-tch\u00e8ques<\/li>\n\n\n\n<li>les entreprises, les institutions tch\u00e8ques, fran\u00e7aises ou internationales dans lesquelles le besoin de salari\u00e9s utilisant le fran\u00e7ais est important.<\/li>\n<\/ul>\n\n\n\n<p class=\"wp-block-paragraph\">La premi\u00e8re version de cette carte est accessible au public via son site d\u2019information. Elle est surtout destin\u00e9e aux \u00e9l\u00e8ves, parents, enseignants, directeurs \/directrices des \u00e9coles et repr\u00e9sentants de diff\u00e9rentes entreprises qui peuvent d\u00e9j\u00e0 y rechercher les informations n\u00e9cessaires \u00e0 l\u2019aide de quelques filtres.<\/p>\n\n\n\n<p class=\"wp-block-paragraph\"><strong>Pour en savoir plus&nbsp;:<\/strong><\/p>\n\n\n\n<ul class=\"wp-block-list\">\n<li><a href=\"https:\/\/survey123.arcgis.com\/share\/b0710ffc3e314be88e5c91adb5ed3f1b\" target=\"_blank\" rel=\"noreferrer noopener\">formulaire de collecte des donn\u00e9es<\/a><\/li>\n\n\n\n<li><a href=\"https:\/\/muni.maps.arcgis.com\/apps\/instant\/nearby\/index.html?appid=a2d29a3c33c345bcb91dfe86198cd257\" target=\"_blank\" rel=\"noreferrer noopener\">version pilote de la carte<\/a><\/li>\n<\/ul>\n\n\n\n<figure class=\"wp-block-image\"><img decoding=\"async\" src=\"https:\/\/www.afbrno.cz\/local\/cache-vignettes\/L640xH353\/carte_interactive-3ce7f.png?1647817815\" alt=\"\"\/><\/figure>\n","protected":false},"excerpt":{"rendered":"<p>Le projet d\u2019une carte interactive du fran\u00e7ais en R\u00e9publique tch\u00e8que a \u00e9t\u00e9 lanc\u00e9 en novembre 2021, \u00e0 l\u2019occasion de la Journ\u00e9e internationale des professeurs de fran\u00e7ais. Initiative d\u2019universitaires&#8230;<\/p>\n","protected":false},"author":3,"featured_media":0,"parent":0,"menu_order":0,"comment_status":"closed","ping_status":"closed","template":"","meta":{"_acf_changed":false,"footnotes":""},"class_list":["post-27513","page","type-page","status-publish","hentry"],"acf":[],"_links":{"self":[{"href":"https:\/\/www.afbrno.cz\/fr\/wp-json\/wp\/v2\/pages\/27513","targetHints":{"allow":["GET"]}}],"collection":[{"href":"https:\/\/www.afbrno.cz\/fr\/wp-json\/wp\/v2\/pages"}],"about":[{"href":"https:\/\/www.afbrno.cz\/fr\/wp-json\/wp\/v2\/types\/page"}],"author":[{"embeddable":true,"href":"https:\/\/www.afbrno.cz\/fr\/wp-json\/wp\/v2\/users\/3"}],"replies":[{"embeddable":true,"href":"https:\/\/www.afbrno.cz\/fr\/wp-json\/wp\/v2\/comments?post=27513"}],"version-history":[{"count":2,"href":"https:\/\/www.afbrno.cz\/fr\/wp-json\/wp\/v2\/pages\/27513\/revisions"}],"predecessor-version":[{"id":27517,"href":"https:\/\/www.afbrno.cz\/fr\/wp-json\/wp\/v2\/pages\/27513\/revisions\/27517"}],"wp:attachment":[{"href":"https:\/\/www.afbrno.cz\/fr\/wp-json\/wp\/v2\/media?parent=27513"}],"curies":[{"name":"wp","href":"https:\/\/api.w.org\/{rel}","templated":true}]}}