{"id":27422,"date":"2024-04-15T22:28:58","date_gmt":"2024-04-15T20:28:58","guid":{"rendered":"https:\/\/web.afbrno.cz\/?page_id=27422"},"modified":"2026-01-08T13:14:59","modified_gmt":"2026-01-08T12:14:59","slug":"cours-individuels","status":"publish","type":"page","link":"https:\/\/www.afbrno.cz\/fr\/cours-individuels\/","title":{"rendered":"Cours individuels"},"content":{"rendered":"\n<p>Vous souhaitez apprendre le fran\u00e7ais \u00e0 votre rythme ou bien les horaires de nos cours collectifs ne vous conviennent pas ? Nous avons une solution pour vous : <strong>des cours individuels sur mesure adapt\u00e9s \u00e0 vos besoins et \u00e0 vos projets personnels<\/strong> !<\/p>\n\n\n\n<p>Vous voulez apprendre seul(e) ou vous \u00eates un groupe de 2 ou 3 ami(e)s ? Nous trouverons ensemble la solution optimale pour votre cours de fran\u00e7ais. <\/p>\n\n\n\n<div class=\"wp-block-group alignfull has-background\" style=\"background-color:#f2f0e9\"><div class=\"wp-block-group__inner-container is-layout-flow wp-block-group-is-layout-flow\">\n<div style=\"height:18px\" aria-hidden=\"true\" class=\"wp-block-spacer\"><\/div>\n\n\n\n<div class=\"wp-block-columns alignwide is-layout-flex wp-container-core-columns-is-layout-9d6595d7 wp-block-columns-is-layout-flex\">\n<div class=\"wp-block-column is-layout-flow wp-block-column-is-layout-flow\">\n<h2 class=\"wp-block-heading has-text-color has-extra-small-font-size\" style=\"color:#000000\"><strong><mark style=\"background-color:rgba(0, 0, 0, 0)\" class=\"has-inline-color has-red-color\">Avec un professeur fran\u00e7ais<\/mark><\/strong><\/h2>\n\n\n\n<figure class=\"wp-block-table is-style-stripes\"><table><tbody><tr><td class=\"has-text-align-center\" data-align=\"center\"><strong>nombre d&rsquo;\u00e9tudiants<\/strong><\/td><td class=\"has-text-align-center\" data-align=\"center\"><strong>fran\u00e7ais g\u00e9n\u00e9ral,<\/strong><br><strong>conversation<\/strong><\/td><td class=\"has-text-align-center\" data-align=\"center\"><strong>FOS, pr\u00e9paration<\/strong><br><strong>au DELF\/DALF<\/strong><\/td><\/tr><tr><td class=\"has-text-align-center\" data-align=\"center\">1 \u00e9tudiant<\/td><td class=\"has-text-align-center\" data-align=\"center\">700 CZK<\/td><td class=\"has-text-align-center\" data-align=\"center\">800 CZK<\/td><\/tr><tr><td class=\"has-text-align-center\" data-align=\"center\">2 \u00e9tudiants<\/td><td class=\"has-text-align-center\" data-align=\"center\">900 CZK<\/td><td class=\"has-text-align-center\" data-align=\"center\">1000 CZK<\/td><\/tr><tr><td class=\"has-text-align-center\" data-align=\"center\">3 \u00e9tudiants<\/td><td class=\"has-text-align-center\" data-align=\"center\">1050 CZK<\/td><td class=\"has-text-align-center\" data-align=\"center\">1200 CZK<\/td><\/tr><\/tbody><\/table><figcaption class=\"wp-element-caption\">tarif indiqu\u00e9 : 1 le\u00e7on \u00e0 60 minutes<br>nombre de le\u00e7ons minimum : 5<\/figcaption><\/figure>\n\n\n\n<p>Cours du weekend : + 100 CZK\/s\u00e9ance<\/p>\n<\/div>\n\n\n\n<div class=\"wp-block-column is-layout-flow wp-block-column-is-layout-flow\">\n<h4 class=\"wp-block-heading\"><strong>Quels sont les avantages ?<\/strong><\/h4>\n\n\n\n<ul class=\"wp-block-list\">\n<li>locuteur natif<\/li>\n\n\n\n<li>si vous achetez <mark style=\"background-color:rgba(0, 0, 0, 0)\" class=\"has-inline-color has-red-color\">un pack de10 le\u00e7ons<\/mark>, nous vous offrons <mark style=\"background-color:rgba(0, 0, 0, 0)\" class=\"has-inline-color has-red-color\">1 le\u00e7on gratuite<\/mark> (10+1)<\/li>\n\n\n\n<li>contenus et rythme adapt\u00e9s \u00e0 vos besoins<\/li>\n\n\n\n<li>cours en pr\u00e9sentiel ou en ligne<\/li>\n<\/ul>\n\n\n\n<p><\/p>\n\n\n\n<p><strong>Pour plus d&rsquo;informations, merci de contacter :<\/strong><\/p>\n\n\n\n<p>Mme So\u0148a Mi\u0161tov\u00e1, <a href=\"mailto:info@afbrno.cz\" target=\"_blank\" rel=\"noreferrer noopener\">info@afbrno.cz<\/a>, 608 874 299<\/p>\n<\/div>\n<\/div>\n\n\n\n<div style=\"height:18px\" aria-hidden=\"true\" class=\"wp-block-spacer\"><\/div>\n<\/div><\/div>\n\n\n\n<div class=\"wp-block-group alignfull has-background\" style=\"background-color:#f2f0e9\"><div class=\"wp-block-group__inner-container is-layout-flow wp-block-group-is-layout-flow\">\n<div style=\"height:18px\" aria-hidden=\"true\" class=\"wp-block-spacer\"><\/div>\n\n\n\n<div class=\"wp-block-columns alignwide is-layout-flex wp-container-core-columns-is-layout-9d6595d7 wp-block-columns-is-layout-flex\">\n<div class=\"wp-block-column is-layout-flow wp-block-column-is-layout-flow\">\n<h2 class=\"wp-block-heading has-text-color has-extra-small-font-size\" style=\"color:#000000\"><strong><mark style=\"background-color:rgba(0, 0, 0, 0)\" class=\"has-inline-color has-red-color\">Avec un professeur tch\u00e8que<\/mark><\/strong><\/h2>\n\n\n\n<figure class=\"wp-block-table is-style-stripes\"><table><tbody><tr><td class=\"has-text-align-center\" data-align=\"center\"><strong><strong>nombre d&rsquo;\u00e9tudiants<\/strong><\/strong><\/td><td class=\"has-text-align-center\" data-align=\"center\"><strong>fran\u00e7ais g\u00e9n\u00e9ral,<\/strong><br><strong>conversation<\/strong><\/td><td class=\"has-text-align-center\" data-align=\"center\"><strong>FOS, pr\u00e9paration<\/strong><br><strong>au DELF\/DALF<\/strong><\/td><\/tr><tr><td class=\"has-text-align-center\" data-align=\"center\">1 \u00e9tudiant<\/td><td class=\"has-text-align-center\" data-align=\"center\">600 CZK<\/td><td class=\"has-text-align-center\" data-align=\"center\">700 CZK<\/td><\/tr><tr><td class=\"has-text-align-center\" data-align=\"center\">2 \u00e9tudiants<\/td><td class=\"has-text-align-center\" data-align=\"center\">800 CZK<\/td><td class=\"has-text-align-center\" data-align=\"center\">900 CZK<\/td><\/tr><tr><td class=\"has-text-align-center\" data-align=\"center\">3 \u00e9tudiants<\/td><td class=\"has-text-align-center\" data-align=\"center\">900 CZK<\/td><td class=\"has-text-align-center\" data-align=\"center\">1050 CZK<\/td><\/tr><\/tbody><\/table><figcaption class=\"wp-element-caption\">tarif indiqu\u00e9 : 1 le\u00e7on \u00e0 60 minutes<br>nombre de le\u00e7ons minimum : 5<\/figcaption><\/figure>\n\n\n\n<p>Cours du weekend : + 100 CZK\/s\u00e9ance<\/p>\n<\/div>\n\n\n\n<div class=\"wp-block-column is-layout-flow wp-block-column-is-layout-flow\">\n<h4 class=\"wp-block-heading\"><strong><strong>Quels sont les avantages<\/strong><\/strong> <strong>?<\/strong><\/h4>\n\n\n\n<ul class=\"wp-block-list\">\n<li>professeur tch\u00e8que &#8211; option id\u00e9ale pour les grands d\u00e9butants<\/li>\n\n\n\n<li>si vous achetez <mark style=\"background-color:rgba(0, 0, 0, 0)\" class=\"has-inline-color has-red-color\">un pack de 10 le\u00e7ons<\/mark>, nous vous offrons <mark style=\"background-color:rgba(0, 0, 0, 0)\" class=\"has-inline-color has-red-color\">1 le\u00e7on gratuite<\/mark> (10+1)<\/li>\n\n\n\n<li>contenus et rythme adapt\u00e9s \u00e0 vos besoins<\/li>\n\n\n\n<li>cours en pr\u00e9sentiel ou en ligne<\/li>\n<\/ul>\n\n\n\n<p><\/p>\n\n\n\n<p><strong><strong>Pour plus d&rsquo;informations, merci de contacter :<\/strong><\/strong><\/p>\n\n\n\n<p>Mme So\u0148a Mi\u0161tov\u00e1, <a href=\"mailto:info@afbrno.cz\" target=\"_blank\" rel=\"noreferrer noopener\">info@afbrno.cz<\/a>, 608 874 299<\/p>\n<\/div>\n<\/div>\n\n\n\n<div style=\"height:18px\" aria-hidden=\"true\" class=\"wp-block-spacer\"><\/div>\n<\/div><\/div>\n\n\n\n<div style=\"height:75px\" aria-hidden=\"true\" class=\"wp-block-spacer\"><\/div>\n\n\n\n<h2 class=\"wp-block-heading\">Conditions g\u00e9n\u00e9rales de vente<\/h2>\n\n\n\n<h3 class=\"wp-block-heading\"><strong><mark style=\"background-color:rgba(0, 0, 0, 0)\" class=\"has-inline-color has-black-color\">V\u0161eobecn\u00e9 obchodn\u00ed podm\u00ednky pro individu\u00e1ln\u00ed kurzy<\/mark><\/strong><\/h3>\n\n\n\n<p><\/p>\n\n\n\n<p><strong>Z\u00e1kladn\u00ed ustanoven\u00ed<\/strong><\/p>\n\n\n\n<p>Alliance Fran\u00e7aise Brno, z. s., I\u010cO: 00545945, se s\u00eddlem Moravsk\u00e9 n\u00e1m\u011bst\u00ed 690\/15, Veve\u0159\u00ed,<br>602 00 Brno, zapsan\u00fd ve spolkov\u00e9m rejst\u0159\u00edku veden\u00e9m Krajsk\u00fdm soudem v&nbsp;Brn\u011b, odd\u00edl L, vlo\u017eka 241 (d\u00e1le jen \u201e\u0161kola\u201c), poskytuje slu\u017eby spojen\u00e9 se vzd\u011bl\u00e1v\u00e1n\u00edm v&nbsp;oblasti ciz\u00edch jazyk\u016f. Tyto v\u0161eobecn\u00e9 obchodn\u00ed podm\u00ednky upravuj\u00ed vztah mezi \u0161kolou a \u00fa\u010dastn\u00edkem individu\u00e1ln\u00edho kurzu pro ve\u0159ejnost, kdy se za \u00fa\u010dastn\u00edka kurzu pova\u017euje konkr\u00e9tn\u00ed fyzick\u00e1 osoba nav\u0161t\u011bvuj\u00edc\u00ed p\u0159\u00edslu\u0161n\u00fd kurz (d\u00e1le jen \u201e\u00fa\u010dastn\u00edk kurzu\u201c).&nbsp;<\/p>\n\n\n\n<p><strong>Smluvn\u00ed vztah<\/strong><\/p>\n\n\n\n<p>Smluvn\u00ed vztah mezi \u0161kolou a \u00fa\u010dastn\u00edkem kurzu vznik\u00e1 na z\u00e1klad\u011b vypln\u011bn\u00e9ho popt\u00e1vkov\u00e9ho formul\u00e1\u0159e na kurz prost\u0159ednictv\u00edm webov\u00fdch str\u00e1nek \u0161koly www.afbrno.cz, na z\u00e1klad\u011b p\u0159ihl\u00e1\u0161en\u00ed prost\u0159ednictv\u00edm e-mailu na e-mailovou adresu \u0161koly<strong>&nbsp;<\/strong><a href=\"mailto:info@afbrno.cz\" target=\"_blank\" rel=\"noreferrer noopener\">info@afbrno.cz<\/a><strong>&nbsp;<\/strong>nebo osobn\u011b v&nbsp;kancel\u00e1\u0159i \u0161koly a po potvrzen\u00ed \u0161kolou. Odesl\u00e1n\u00edm popt\u00e1vkov\u00e9ho formul\u00e1\u0159e \u00fa\u010dastn\u00edk kurzu potvrzuje, \u017ee j\u00edm uveden\u00e9 \u00fadaje jsou pravdiv\u00e9 a \u017ee tyto \u00fadaje poskytl dobrovoln\u011b.<\/p>\n\n\n\n<p><strong>P\u0159edm\u011bt pln\u011bn\u00ed<\/strong><\/p>\n\n\n\n<p>V\u00fduka se kon\u00e1 individu\u00e1ln\u00ed formou s&nbsp;minim\u00e1ln\u00edm po\u010dtem 1 \u00fa\u010dastn\u00edka a maxim\u00e1ln\u00edm po\u010dtem 3 \u00fa\u010dastn\u00edk\u016f v&nbsp;kurzu.<\/p>\n\n\n\n<p>Jedna v\u00fdukov\u00e1 jednotka (lekce) trv\u00e1 60 minut, nen\u00ed-li dohodnuto jinak.<\/p>\n\n\n\n<p>Minim\u00e1ln\u00ed rozsah v\u00fduky je 5 lekc\u00ed.<\/p>\n\n\n\n<p>Prvn\u00ed lekce je poskytnuta zdarma tehdy, kdy\u017e je objedn\u00e1no alespo\u0148 11 lekc\u00ed.<\/p>\n\n\n\n<p>V\u00fduka se kon\u00e1 dle rozvrhu dohodnut\u00e9ho mezi \u0161kolou a \u00fa\u010dastn\u00edkem kurzu.<\/p>\n\n\n\n<p><a><\/a>Kurzy se konaj\u00ed prezen\u010dn\u00ed (doch\u00e1zkovou) formou v&nbsp;s\u00eddle \u0161koly nebo distan\u010dn\u00ed formou (online), a to zejm\u00e9na v&nbsp;p\u0159\u00edpad\u011b, nastanou-li takov\u00e9 okolnosti neumo\u017e\u0148uj\u00edc\u00ed konat v\u00fduku prezen\u010dn\u00ed formou.<\/p>\n\n\n\n<p>Po dohod\u011b mezi \u0161kolou a \u00fa\u010dastn\u00edkem kurzu lze konat kurz mimo s\u00eddlo \u0161koly.<\/p>\n\n\n\n<p>V\u00fduka neprob\u00edh\u00e1 o st\u00e1tn\u00edch sv\u00e1tc\u00edch.<\/p>\n\n\n\n<p>U\u010debnice nejsou zahrnuty do ceny kurzu a \u00fa\u010dastn\u00edk kurzu je hrad\u00ed samostatn\u011b.<\/p>\n\n\n\n<p><strong>Prok\u00e1z\u00e1n\u00ed \u00farovn\u011b znalost\u00ed<\/strong><\/p>\n\n\n\n<p>Pro z\u00e1jemce o kurzy organizuje \u0161kola zdarma jazykov\u00fd audit, kter\u00fd tvo\u0159\u00ed vstupn\u00ed test a\/nebo pohovor. Jazykov\u00fd audit nekonaj\u00ed z\u00e1jemci o kurz v&nbsp;\u00farovni \u00fapln\u00fd za\u010d\u00e1te\u010dn\u00edk. Ve v\u00fdjime\u010dn\u00fdch a od\u016fvodn\u011bn\u00fdch p\u0159\u00edpadech m\u016f\u017ee \u0161kola rozhodnout o nekon\u00e1n\u00ed jazykov\u00e9ho auditu.<\/p>\n\n\n\n<p><strong>Platebn\u00ed podm\u00ednky<\/strong><\/p>\n\n\n\n<p>Ze strany \u0161koly jsou p\u0159ij\u00edm\u00e1ny n\u00e1sleduj\u00edc\u00ed zp\u016fsoby \u00fahrady ceny kurzu: v&nbsp;hotovosti v&nbsp;s\u00eddle \u0161koly, nebo bezhotovostn\u00edm p\u0159evodem na \u00fa\u010det \u0161koly 26139641\/0100. \u00dahrada ceny kurzu platebn\u00ed kartou nen\u00ed mo\u017en\u00e1.<\/p>\n\n\n\n<p>Kurzovn\u00e9 je nutn\u00e9 uhradit do 10 dn\u016f od v\u00fdzvy k&nbsp;platb\u011b, nejpozd\u011bji v\u0161ak 3 pracovn\u00ed dny p\u0159ed zah\u00e1jen\u00edm kurzu.<\/p>\n\n\n\n<p>Za \u00fahradu ceny se v&nbsp;p\u0159\u00edpad\u011b bezhotovostn\u00edch plateb pova\u017euje okam\u017eik, kdy je odpov\u00eddaj\u00edc\u00ed \u010d\u00e1stka p\u0159ips\u00e1na na bankovn\u00ed \u00fa\u010det \u0161koly.<\/p>\n\n\n\n<p>Kurzovn\u00e9 lze \u010derpat ve lh\u016ft\u011b 12 m\u011bs\u00edc\u016f od data \u00fahrady.<\/p>\n\n\n\n<p>\u0160kola nen\u00ed pl\u00e1tcem DPH, uveden\u00e9 ceny kurz\u016f jsou cenami bez DPH.<\/p>\n\n\n\n<p><strong>Slevy<\/strong><\/p>\n\n\n\n<p>Na kurzovn\u00e9 se nevztahuj\u00ed \u017e\u00e1dn\u00e9 slevy.<\/p>\n\n\n\n<p><strong>Storno podm\u00ednky<\/strong><\/p>\n\n\n\n<p>\u00da\u010dastn\u00edk kurzu je opr\u00e1vn\u011bn zru\u0161it term\u00edn dohodnut\u00e9 lekce za n\u00e1sleduj\u00edc\u00edch storno podm\u00ednek:<\/p>\n\n\n\n<ul class=\"wp-block-list\">\n<li>bez stornopoplatku, zru\u0161\u00ed-li lekci v\u00edce ne\u017e 24 hodin p\u0159ed dohodnut\u00fdm term\u00ednem<\/li>\n\n\n\n<li>se stornopoplatkem 100 %, zru\u0161\u00ed-li lekci m\u00e9n\u011b ne\u017e 24 hodin p\u0159ed dohodnut\u00fdm term\u00ednem<\/li>\n<\/ul>\n\n\n\n<p><strong>Zm\u011bny ze strany \u0161koly<\/strong><\/p>\n\n\n\n<p>\u0160kola si vyhrazuje pr\u00e1vo na do\u010dasnou nebo trvalou zm\u011bnu lektora, z&nbsp;organiza\u010dn\u00edch nebo jin\u00fdch d\u016fvod\u016f.<\/p>\n\n\n\n<p>Dojde-li k&nbsp;onemocn\u011bn\u00ed \u010di jin\u00e9 skute\u010dnosti u lektora, kter\u00fd nebude moci p\u0159ij\u00edt na pl\u00e1novanou lekci, zajist\u00ed \u0161kola odpov\u00eddaj\u00edc\u00ed n\u00e1hradu. Nebude-li mo\u017en\u00e9 ze z\u00e1va\u017en\u00fdch d\u016fvod\u016f n\u00e1hradu naj\u00edt, bude \u0161kola p\u0159ed pl\u00e1novanou lekc\u00ed informovat \u00fa\u010dastn\u00edka kurzu a nab\u00eddne mu n\u00e1hradn\u00ed term\u00edn pro uskute\u010dn\u011bn\u00ed v\u00fduky.<\/p>\n\n\n\n<p>\u0160kola si d\u00e1le vyhrazuje pr\u00e1vo z&nbsp;v\u00e1\u017en\u00fdch d\u016fvod\u016f zru\u0161it kurz, a to jak p\u0159ed jeho zah\u00e1jen\u00edm, tak i v&nbsp;jeho pr\u016fb\u011bhu.&nbsp;<\/p>\n\n\n\n<p>Zru\u0161en\u00e9 lekce z&nbsp;d\u016fvodu vznikl\u00e9ho na stran\u011b \u0161koly se nahrazuj\u00ed po domluv\u011b mezi \u0161kolou a \u00fa\u010dastn\u00edkem kurzu. V&nbsp;p\u0159\u00edpadech, kdy nen\u00ed mo\u017en\u00e9 zru\u0161en\u00e9 lekce nahradit, m\u00e1 \u00fa\u010dastn\u00edk kurzu n\u00e1rok na vr\u00e1cen\u00ed pom\u011brn\u00e9 \u010d\u00e1stky z&nbsp;kurzovn\u00e9ho za zru\u0161en\u00e9 lekce.<\/p>\n\n\n\n<p><strong>Vy\u0161\u0161\u00ed moc<\/strong><\/p>\n\n\n\n<p>V&nbsp;p\u0159\u00edpad\u011b z\u00e1sahu vy\u0161\u0161\u00ed moci (dlouhodob\u00fd v\u00fdpadek dod\u00e1vky elekt\u0159iny, zem\u011bt\u0159esen\u00ed, \u010d\u00e1ste\u010dn\u00e1 nebo gener\u00e1ln\u00ed st\u00e1vka, ob\u010dansk\u00e9 nepokoje, v\u00e1lka, nouzov\u00fd stav, epidemie nebo pandemie a s&nbsp;nimi souvisej\u00edc\u00ed opat\u0159en\u00ed org\u00e1n\u016f ve\u0159ejn\u00e9 moci a dal\u0161\u00ed nep\u0159edv\u00eddateln\u00e9 ud\u00e1losti apod.) si \u0161kola vyhrazuje pr\u00e1vo kurz p\u0159eru\u0161it nebo, jedn\u00e1-li se o prezen\u010dn\u00ed (doch\u00e1zkov\u00fd) kurz a vznikl\u00e1 situace to umo\u017e\u0148uje, nahradit takov\u00fd kurz distan\u010dn\u00ed (online) formou v\u00fduky. V&nbsp;p\u0159\u00edpad\u011b, \u017ee \u00fa\u010dastn\u00edk kurzu nevyu\u017eije t\u00e9to n\u00e1hrady, nevznik\u00e1 mu n\u00e1rok na vr\u00e1cen\u00ed kurzovn\u00e9ho za zb\u00fdvaj\u00edc\u00ed lekce.<\/p>\n\n\n\n<p><strong>Vylou\u010den\u00ed odpov\u011bdnosti<\/strong><\/p>\n\n\n\n<p>\u0160kola neodpov\u00edd\u00e1 za nedosa\u017een\u00ed c\u00edle kurzu \u00fa\u010dastn\u00edkem.<\/p>\n\n\n\n<p><strong>Potvrzen\u00ed o absolvov\u00e1n\u00ed kurzu<\/strong><\/p>\n\n\n\n<p>\u00da\u010dastn\u00edk kurzu obdr\u017e\u00ed na vlastn\u00ed \u017e\u00e1dost po skon\u010den\u00ed kurzu potvrzen\u00ed o absolvov\u00e1n\u00ed kurzu. Potvrzen\u00ed nen\u00ed vyd\u00e1v\u00e1no automaticky.<\/p>\n\n\n\n<p><strong>Standardizovan\u00e9 jazykov\u00e9 zkou\u0161ky<\/strong><\/p>\n\n\n\n<p>\u0160kola je akreditovan\u00fdm zkou\u0161kov\u00fdm centrem pro&nbsp;ov\u011b\u0159ov\u00e1n\u00ed dosa\u017een\u00e9 \u00farovn\u011b znalosti francouzsk\u00e9ho jazyka prost\u0159ednictv\u00edm mezin\u00e1rodn\u011b uzn\u00e1van\u00fdch standardizovan\u00fdch jazykov\u00fdch zkou\u0161ek DELF (ve verz\u00edch DELF Prim, DELF junior, DELF scolaire, DELF tout public) a DALF.&nbsp;Standardizovan\u00e9 jazykov\u00e9 zkou\u0161ky DELF a DALF jsou uzn\u00e1v\u00e1ny Ministerstvem \u0161kolstv\u00ed, ml\u00e1de\u017ee a t\u011blov\u00fdchovy \u010cR. Kurzy organizovan\u00e9 \u0161kolou p\u0159ipravuj\u00ed \u00fa\u010dastn\u00edky k&nbsp;vykon\u00e1n\u00ed zkou\u0161ek DELF a DALF.<\/p>\n\n\n\n<p><strong>Odstoupen\u00ed od smlouvy<\/strong><\/p>\n\n\n\n<p>\u0160kola si vyhrazuje pr\u00e1vo odstoupit od smlouvy (zru\u0161en\u00ed kurzu) s&nbsp;\u00fa\u010dastn\u00edkem kurzu, kter\u00fd naru\u0161uje pr\u016fb\u011bh kurzu nebo ohro\u017euje majetek a zdrav\u00ed ostatn\u00edch \u00fa\u010dastn\u00edk\u016f kurzu nebo zdrav\u00ed \u010di majetek lektora. V&nbsp;takov\u00e9m p\u0159\u00edpad\u011b \u00fa\u010dastn\u00edku kurzu nevznik\u00e1 n\u00e1rok&nbsp;na vr\u00e1cen\u00ed kurzovn\u00e9ho za zb\u00fdvaj\u00edc\u00ed lekce.<\/p>\n\n\n\n<p><strong>Zpracov\u00e1n\u00ed osobn\u00edch \u00fadaj\u016f<\/strong><\/p>\n\n\n\n<p>Osobn\u00ed \u00fadaje \u00fa\u010dastn\u00edk\u016f kurz\u016f jsou zpracov\u00e1v\u00e1ny dle Z\u00e1sad zpracov\u00e1n\u00ed osobn\u00edch \u00fadaj\u016f ve spolku Alliance Fran\u00e7aise Brno.<\/p>\n\n\n\n<p>Zve\u0159ejn\u011bn\u00e9 Z\u00e1sady jsou k&nbsp;nahl\u00e9dnut\u00ed v&nbsp;s\u00eddle \u0161koly a na webov\u00fdch str\u00e1nk\u00e1ch \u0161koly <a href=\"http:\/\/www.afbrno.cz\" target=\"_blank\" rel=\"noreferrer noopener\">www.afbrno.cz<\/a>.<\/p>\n\n\n\n<p><strong>Z\u00e1v\u011bre\u010dn\u00e1 ustanoven\u00ed<\/strong><\/p>\n\n\n\n<p>Tyto v\u0161eobecn\u00e9 obchodn\u00ed podm\u00ednky jsou k&nbsp;nahl\u00e9dnut\u00ed v&nbsp;s\u00eddle \u0161koly a na webov\u00fdch str\u00e1nk\u00e1ch \u0161koly <a href=\"http:\/\/www.afbrno.cz\" target=\"_blank\" rel=\"noreferrer noopener\">www.afbrno.cz<\/a>.<\/p>\n\n\n\n<p>Tyto v\u0161eobecn\u00e9 obchodn\u00ed podm\u00ednky lze m\u011bnit jednostrann\u011b ze strany \u0161koly, ani\u017e se zm\u011bny dotknou prob\u00edhaj\u00edc\u00edch kurz\u016f. Nov\u00e9 zn\u011bn\u00ed v\u0161eobecn\u00fdch obchodn\u00edch podm\u00ednek je platn\u00e9 pro kurzy sjednan\u00e9 po nabyt\u00ed \u00fa\u010dinnosti zm\u011bn ve v\u0161eobecn\u00fdch obchodn\u00edch podm\u00ednk\u00e1ch.<\/p>\n\n\n\n<p>Tyto v\u0161eobecn\u00e9 obchodn\u00ed podm\u00ednky vstupuj\u00ed v&nbsp;platnost a nab\u00fdvaj\u00ed \u00fa\u010dinnosti dne 1. 10. 2025.<strong><\/strong><\/p>\n\n\n\n<p><strong>Ke sta\u017een\u00ed:<\/strong><\/p>\n\n\n\n<ul class=\"wp-block-list\">\n<li>&nbsp;<a href=\"https:\/\/www.afbrno.cz\/wp-content\/uploads\/2025\/10\/AF-Brno-VOP-individualni-kurzy-01.10.2025.pdf\" target=\"_blank\" rel=\"noreferrer noopener\">V\u0161eobecn\u00e9 obchodn\u00ed podm\u00ednky pro individu\u00e1ln\u00ed kurzy<\/a><\/li>\n<\/ul>\n","protected":false},"excerpt":{"rendered":"<p>Vous souhaitez apprendre le fran\u00e7ais \u00e0 votre rythme ou bien les horaires de nos cours collectifs ne vous conviennent pas ? Nous avons une solution pour vous :&#8230;<\/p>\n","protected":false},"author":3,"featured_media":0,"parent":0,"menu_order":0,"comment_status":"closed","ping_status":"closed","template":"","meta":{"_acf_changed":false,"footnotes":""},"class_list":["post-27422","page","type-page","status-publish","hentry"],"acf":[],"_links":{"self":[{"href":"https:\/\/www.afbrno.cz\/fr\/wp-json\/wp\/v2\/pages\/27422","targetHints":{"allow":["GET"]}}],"collection":[{"href":"https:\/\/www.afbrno.cz\/fr\/wp-json\/wp\/v2\/pages"}],"about":[{"href":"https:\/\/www.afbrno.cz\/fr\/wp-json\/wp\/v2\/types\/page"}],"author":[{"embeddable":true,"href":"https:\/\/www.afbrno.cz\/fr\/wp-json\/wp\/v2\/users\/3"}],"replies":[{"embeddable":true,"href":"https:\/\/www.afbrno.cz\/fr\/wp-json\/wp\/v2\/comments?post=27422"}],"version-history":[{"count":20,"href":"https:\/\/www.afbrno.cz\/fr\/wp-json\/wp\/v2\/pages\/27422\/revisions"}],"predecessor-version":[{"id":35446,"href":"https:\/\/www.afbrno.cz\/fr\/wp-json\/wp\/v2\/pages\/27422\/revisions\/35446"}],"wp:attachment":[{"href":"https:\/\/www.afbrno.cz\/fr\/wp-json\/wp\/v2\/media?parent=27422"}],"curies":[{"name":"wp","href":"https:\/\/api.w.org\/{rel}","templated":true}]}}