{"id":27285,"date":"2024-04-07T18:38:44","date_gmt":"2024-04-07T16:38:44","guid":{"rendered":"https:\/\/web.afbrno.cz\/?page_id=27285"},"modified":"2026-09-03T10:19:14","modified_gmt":"2026-09-03T08:19:14","slug":"notre-equipe","status":"publish","type":"page","link":"https:\/\/www.afbrno.cz\/fr\/notre-equipe\/","title":{"rendered":"Notre \u00e9quipe"},"content":{"rendered":"\n<h2 class=\"wp-block-heading\"><strong><mark style=\"background-color:#FFFFFF\" class=\"has-inline-color has-red-color\">\u00c9quipe administrative<\/mark><\/strong><\/h2>\n\n\n\n<figure class=\"wp-block-table is-style-stripes\"><table><tbody><tr><td><strong>Mgr. Ji\u0159\u00ed Votava, MBA<\/strong><br>Directeur<\/td><td><a href=\"mailto:direction@afbrno.cz\" target=\"_blank\" rel=\"noreferrer noopener\">direction@afbrno.cz<\/a><br>+420 608 341 794<\/td><td>leadership et management, certifications DELF-DALF,<br>programmation culturelle, comp\u00e9titions, relations publiques, RH, subventions, sponzoring<\/td><\/tr><tr><td><strong>Bc. Kate\u0159ina \u0160krabalov\u00e1<\/strong><br>Assistante p\u00e9dagogique et administrative<\/td><td><a href=\"mailto:info@afbrno.cz\" target=\"_blank\" rel=\"noreferrer noopener\">info@afbrno.cz<\/a><br>+420 608 874 299<\/td><td>cours de fran\u00e7ais (cours collectifs, cours individuels,<br>cours en entreprises), ateliers et visites scolaires,<br>m\u00e9diath\u00e8que, r\u00e9seaux sociaux<\/td><\/tr><\/tbody><\/table><\/figure>\n\n\n\n<div style=\"height:53px\" aria-hidden=\"true\" class=\"wp-block-spacer\"><\/div>\n\n\n\n<h2 class=\"wp-block-heading\">Conseil d&rsquo;administration<\/h2>\n\n\n\n<figure class=\"wp-block-table is-style-stripes\"><table><tbody><tr><td><strong>JUDr. Barbara Po\u0159\u00edzkov\u00e1<\/strong><br>Pr\u00e9sidente<\/td><td class=\"has-text-align-left\" data-align=\"left\"><\/td><td><\/td><\/tr><tr><td><strong>PaedDr. Mgr. Pavla Kellnerov\u00e1<\/strong><br>1\u00e8re Vice-Pr\u00e9sidente<\/td><td class=\"has-text-align-left\" data-align=\"left\"><\/td><td><\/td><\/tr><tr><td><strong>Mgr. Petra Kucha\u0159\u00edkov\u00e1<\/strong><br>2\u00e8me Vice-Pr\u00e9sidente<\/td><td class=\"has-text-align-left\" data-align=\"left\"><\/td><td><\/td><\/tr><tr><td><strong>Mgr. Tom\u00e1\u0161 K\u0159elina<\/strong><br>Tr\u00e9sorier<\/td><td class=\"has-text-align-left\" data-align=\"left\"><\/td><td><\/td><\/tr><tr><td><strong>Simon Aubry<\/strong><br>membre<\/td><td class=\"has-text-align-left\" data-align=\"left\"><\/td><td><\/td><\/tr><tr><td><strong>Ing. Kristina Dost\u00e1lov\u00e1 Makovsk\u00e1<\/strong><br>membre<\/td><td class=\"has-text-align-left\" data-align=\"left\"><\/td><td><\/td><\/tr><tr><td><strong>PhDr. Sylvie Posp\u00ed\u0161ilov\u00e1<\/strong><br>membre<\/td><td class=\"has-text-align-left\" data-align=\"left\"><\/td><td><\/td><\/tr><\/tbody><\/table><\/figure>\n\n\n\n<div style=\"height:53px\" aria-hidden=\"true\" class=\"wp-block-spacer\"><\/div>\n\n\n\n<h2 class=\"wp-block-heading\"><strong><strong><mark style=\"background-color:#FFFFFF\" class=\"has-inline-color has-red-color\">\u00c9quipe enseignante<\/mark><\/strong><\/strong><\/h2>\n\n\n\n<figure class=\"wp-block-table is-style-stripes\"><table><tbody><tr><td><strong>Mgr. Jana Amadou<\/strong><\/td><td><a href=\"mailto:jana.amadou@alliancefrancaise.cz\" target=\"_blank\" rel=\"noreferrer noopener\">jana.amadou@alliancefrancaise.cz<\/a><\/td><td><\/td><\/tr><tr><td><strong>Mgr. Zuzana Barumbi<\/strong><\/td><td><a href=\"mailto:zuzana.barumbi@alliancefrancaise.cz\" target=\"_blank\" rel=\"noreferrer noopener\">zuzana.barumbi@alliancefrancaise.cz<\/a><\/td><td><a href=\"https:\/\/www.afbrno.cz\/fr\/nos-professeurs\/\" target=\"_blank\" rel=\"noreferrer noopener\">profil du professeur<\/a><\/td><\/tr><tr><td><strong>Mgr. Tereza Fuskov\u00e1<\/strong><\/td><td><a href=\"http:\/\/tereza.fuskova@alliancefrancaise.cz\" target=\"_blank\" rel=\"noreferrer noopener\">tereza.fuskova@alliancefrancaise.cz<\/a><\/td><td><a href=\"https:\/\/www.afbrno.cz\/fr\/nos-professeurs\/\" data-type=\"link\" data-id=\"https:\/\/www.afbrno.cz\/fr\/nos-professeurs\/\" target=\"_blank\" rel=\"noreferrer noopener\">profil du professeur<\/a><\/td><\/tr><tr><td><strong>Fabrice Gaspel<\/strong><\/td><td><a href=\"mailto:fabrice.gaspel@alliancefrancaise.cz\" target=\"_blank\" rel=\"noreferrer noopener\">fabrice.gaspel@alliancefrancaise.cz<\/a><\/td><td><a href=\"https:\/\/www.afbrno.cz\/fr\/nos-professeurs\/\" data-type=\"link\" data-id=\"https:\/\/www.afbrno.cz\/fr\/nos-professeurs\/\" target=\"_blank\" rel=\"noreferrer noopener\">profil du professeur<\/a><\/td><\/tr><tr><td><strong>Mgr. Darina Honsov\u00e1<\/strong><\/td><td><a href=\"mailto:darina.honsova@alliancefrancaise.cz\" target=\"_blank\" rel=\"noreferrer noopener\">darina.honsova@alliancefrancaise.cz<\/a><\/td><td><a href=\"https:\/\/www.afbrno.cz\/fr\/nos-professeurs\/\" data-type=\"link\" data-id=\"https:\/\/www.afbrno.cz\/fr\/nos-professeurs\/\" target=\"_blank\" rel=\"noreferrer noopener\">profil du professeur<\/a><\/td><\/tr><tr><td><strong>Linda Honsov\u00e1<\/strong><\/td><td><a href=\"mailto:linda.honsova@alliancefrancaise.cz\">linda.honsova@alliancefrancaise.cz<\/a><\/td><td><a href=\"https:\/\/www.afbrno.cz\/fr\/nos-professeurs\/\" data-type=\"link\" data-id=\"https:\/\/www.afbrno.cz\/fr\/nos-professeurs\/\" target=\"_blank\" rel=\"noreferrer noopener\">profil du professeur<\/a><\/td><\/tr><tr><td><strong>Mgr. Mark\u00e9ta Horv\u00e1thov\u00e1<\/strong><\/td><td><a href=\"mailto:marketa.horvathova@alliancefrancaise.cz\" target=\"_blank\" rel=\"noreferrer noopener\">marketa.horvathova@alliancefrancaise.cz<\/a><\/td><td><a href=\"https:\/\/www.afbrno.cz\/fr\/nos-professeurs\/\" data-type=\"link\" data-id=\"https:\/\/www.afbrno.cz\/fr\/nos-professeurs\/\" target=\"_blank\" rel=\"noreferrer noopener\">profil du professeur<\/a><\/td><\/tr><tr><td><strong>Mgr. V\u00e1clav Klajsner<\/strong><\/td><td><a href=\"mailto:vaclav.klajsner@alliancefrancaise.cz\" target=\"_blank\" rel=\"noreferrer noopener\">vaclav.klajsner@alliancefrancaise.cz<\/a><\/td><td><a href=\"https:\/\/www.afbrno.cz\/fr\/nos-professeurs\/\" data-type=\"link\" data-id=\"https:\/\/www.afbrno.cz\/fr\/nos-professeurs\/\" target=\"_blank\" rel=\"noreferrer noopener\">profil du professeur<\/a><\/td><\/tr><tr><td><strong>Mgr. Anna Lazarov\u00e1<\/strong><\/td><td><a href=\"mailto:anna.lazarova@alliancefrancaise.cz\" target=\"_blank\" rel=\"noreferrer noopener\">anna.lazarova@alliancefrancaise.cz<\/a><\/td><td><\/td><\/tr><tr><td><strong>Bc. Katar\u00edna Lencsesov\u00e1<\/strong><\/td><td><a href=\"mailto:katarina.lencsesova@alliancefrancaise.cz\" target=\"_blank\" rel=\"noreferrer noopener\">katarina.lencsesova@alliancefrancaise.cz<\/a><\/td><td><a href=\"https:\/\/www.afbrno.cz\/fr\/nos-professeurs\/\" data-type=\"link\" data-id=\"https:\/\/www.afbrno.cz\/fr\/nos-professeurs\/\" target=\"_blank\" rel=\"noreferrer noopener\">profil du professeur<\/a><\/td><\/tr><tr><td><strong>Mgr. Natalie Moj\u017e\u00ed\u0161ov\u00e1<\/strong><\/td><td><a href=\"mailto:natalie.mojzisova@alliancefrancaise.cz\" target=\"_blank\" rel=\"noreferrer noopener\">natalie.mojzisova@alliancefrancaise.cz<\/a><\/td><td><\/td><\/tr><tr><td><strong>PhDr. Miroslava Novotn\u00e1, Ph.D.<\/strong><\/td><td><a href=\"mailto:miroslava.novotna@alliancefrancaise.cz\" target=\"_blank\" rel=\"noreferrer noopener\">miroslava.novotna@alliancefrancaise.cz<\/a><\/td><td><\/td><\/tr><tr><td><strong>Mgr. Barbora Polcarov\u00e1<\/strong><\/td><td><a href=\"mailto:barbora.polcarova@alliancefrancaise.cz\" target=\"_blank\" rel=\"noreferrer noopener\">barbora.polcarova@alliancefrancaise.cz<\/a><\/td><td><a href=\"https:\/\/www.afbrno.cz\/fr\/nos-professeurs\/\" data-type=\"link\" data-id=\"https:\/\/www.afbrno.cz\/fr\/nos-professeurs\/\" target=\"_blank\" rel=\"noreferrer noopener\">profil du professeur<\/a><\/td><\/tr><tr><td><strong>Ra\u00efssa-Maria Renn<\/strong><\/td><td><a href=\"mailto:raissa-maria.renn@alliancefrancaise.cz\" target=\"_blank\" rel=\"noreferrer noopener\">raissa-maria.renn@alliancefrancaise.cz<\/a><\/td><td><a href=\"https:\/\/www.afbrno.cz\/fr\/nos-professeurs\/\" data-type=\"link\" data-id=\"https:\/\/www.afbrno.cz\/fr\/nos-professeurs\/\" target=\"_blank\" rel=\"noreferrer noopener\">profil du professeur<\/a><\/td><\/tr><tr><td><strong>Bc. Elena Rozbo\u0159ilov\u00e1<\/strong><\/td><td><a href=\"mailto:elena.rozborilova@alliancefrancaise.cz\" target=\"_blank\" rel=\"noreferrer noopener\">elena.rozborilova@alliancefrancaise.cz<\/a><\/td><td><\/td><\/tr><tr><td><strong>Mgr. Terezie Ru\u010dkov\u00e1<\/strong><\/td><td><a href=\"mailto:terezie.ruckova@alliancefrancaise.cz\">terezie.ruckova@alliancefrancaise.cz<\/a><\/td><td><\/td><\/tr><tr><td><strong>Mgr. Jakub Slav\u00edk<\/strong><\/td><td><a href=\"mailto:jakub.slavik@alliancefrancaise.cz\" target=\"_blank\" rel=\"noreferrer noopener\">jakub.slavik@alliancefrancaise.cz<\/a><\/td><td><a href=\"https:\/\/www.afbrno.cz\/fr\/nos-professeurs\/\" data-type=\"link\" data-id=\"https:\/\/www.afbrno.cz\/fr\/nos-professeurs\/\" target=\"_blank\" rel=\"noreferrer noopener\">profil du professeur<\/a><\/td><\/tr><tr><td><strong>Zbyn\u011bk \u0160ebor<\/strong><\/td><td><a href=\"mailto:zbynek.sebor@alliancefrancaise.cz\">zbynek.sebor@alliancefrancaise.cz<\/a><\/td><td><\/td><\/tr><tr><td><strong>Bc. Kate\u0159ina \u0160krabalov\u00e1<\/strong><\/td><td><a href=\"mailto:katerina.skrabalova@alliancefrancaise.cz\" target=\"_blank\" rel=\"noreferrer noopener\">katerina.skrabalova@alliancefrancaise.cz<\/a><\/td><td><\/td><\/tr><tr><td><strong>Mgr. Anna \u0160m\u00eddov\u00e1<\/strong><\/td><td><a href=\"mailto:anna.smidova@alliancefrancaise.cz\" target=\"_blank\" rel=\"noreferrer noopener\">anna.smidova@alliancefrancaise.cz<\/a><\/td><td><\/td><\/tr><\/tbody><\/table><\/figure>\n","protected":false},"excerpt":{"rendered":"<p>\u00c9quipe administrative Mgr. Ji\u0159\u00ed Votava, MBADirecteur direction@afbrno.cz+420 608 341 794 leadership et management, certifications DELF-DALF,programmation culturelle, comp\u00e9titions, relations publiques, RH, subventions, sponzoring Bc. Kate\u0159ina \u0160krabalov\u00e1Assistante p\u00e9dagogique et administrative&#8230;<\/p>\n","protected":false},"author":3,"featured_media":0,"parent":0,"menu_order":0,"comment_status":"closed","ping_status":"closed","template":"","meta":{"_acf_changed":false,"footnotes":""},"class_list":["post-27285","page","type-page","status-publish","hentry"],"acf":[],"_links":{"self":[{"href":"https:\/\/www.afbrno.cz\/fr\/wp-json\/wp\/v2\/pages\/27285","targetHints":{"allow":["GET"]}}],"collection":[{"href":"https:\/\/www.afbrno.cz\/fr\/wp-json\/wp\/v2\/pages"}],"about":[{"href":"https:\/\/www.afbrno.cz\/fr\/wp-json\/wp\/v2\/types\/page"}],"author":[{"embeddable":true,"href":"https:\/\/www.afbrno.cz\/fr\/wp-json\/wp\/v2\/users\/3"}],"replies":[{"embeddable":true,"href":"https:\/\/www.afbrno.cz\/fr\/wp-json\/wp\/v2\/comments?post=27285"}],"version-history":[{"count":20,"href":"https:\/\/www.afbrno.cz\/fr\/wp-json\/wp\/v2\/pages\/27285\/revisions"}],"predecessor-version":[{"id":37202,"href":"https:\/\/www.afbrno.cz\/fr\/wp-json\/wp\/v2\/pages\/27285\/revisions\/37202"}],"wp:attachment":[{"href":"https:\/\/www.afbrno.cz\/fr\/wp-json\/wp\/v2\/media?parent=27285"}],"curies":[{"name":"wp","href":"https:\/\/api.w.org\/{rel}","templated":true}]}}