{"id":27257,"date":"2025-05-22T06:13:40","date_gmt":"2025-05-22T04:13:40","guid":{"rendered":"https:\/\/web.afbrno.cz\/?page_id=27257"},"modified":"2025-11-27T16:09:06","modified_gmt":"2025-11-27T15:09:06","slug":"fff-2025","status":"publish","type":"page","link":"https:\/\/www.afbrno.cz\/fr\/fff-2025\/","title":{"rendered":"Festival du film fran\u00e7ais 2025"},"content":{"rendered":"\n<div class=\"wp-block-columns is-layout-flex wp-container-core-columns-is-layout-9d6595d7 wp-block-columns-is-layout-flex\">\n<div class=\"wp-block-column is-layout-flow wp-block-column-is-layout-flow\" style=\"flex-basis:66.66%\">\n<p>Cette ann\u00e9e, le Festival du film fran\u00e7ais sera accueilli&nbsp;<strong>du 21 au 26 novembre 2025<\/strong>&nbsp;par les cin\u00e9mas suivants :<\/p>\n\n\n\n<ul class=\"wp-block-list\">\n<li><strong><strong>Univerzitn\u00ed kino Scala \u2013 salle Scalka<\/strong> (21. &#8211; 23. 11.)<\/strong><\/li>\n\n\n\n<li><strong>Kino Art (23. &#8211; 26. 11.)<\/strong><\/li>\n<\/ul>\n\n\n\n<p>A Brno, le festival pr\u00e9sentera <strong>11 avant-premi\u00e8res<\/strong>.<\/p>\n\n\n\n<div style=\"height:33px\" aria-hidden=\"true\" class=\"wp-block-spacer\"><\/div>\n\n\n\n<div class=\"wp-block-buttons is-layout-flex wp-block-buttons-is-layout-flex\">\n<div class=\"wp-block-button\"><a class=\"wp-block-button__link wp-element-button\" href=\"https:\/\/www.festivalff.cz\/fr\/programme-7\/?af=;;214%2C241%2C311#events-1324\" target=\"_blank\" rel=\"noreferrer noopener\">programme<\/a><\/div>\n<\/div>\n\n\n\n<div style=\"height:33px\" aria-hidden=\"true\" class=\"wp-block-spacer\"><\/div>\n\n\n\n<p>A t\u00e9l\u00e9charger : <\/p>\n\n\n\n<ul class=\"wp-block-list\">\n<li><a href=\"https:\/\/www.afbrno.cz\/wp-content\/uploads\/2025\/10\/FFF2025_REGIONY.pdf\" target=\"_blank\" rel=\"noreferrer noopener\">programme<\/a> (flyer)<\/li>\n\n\n\n<li><a href=\"https:\/\/www.afbrno.cz\/wp-content\/uploads\/2025\/10\/FFF-2025-poster.zip\" target=\"_blank\" rel=\"noreferrer noopener\">affiche du festival<\/a> (formats portrait\/paysage, impression\/web)<\/li>\n<\/ul>\n\n\n\n<div style=\"height:33px\" aria-hidden=\"true\" class=\"wp-block-spacer\"><\/div>\n<\/div>\n\n\n\n<div class=\"wp-block-column is-layout-flow wp-block-column-is-layout-flow\" style=\"flex-basis:33.33%\">\n<figure class=\"wp-block-image size-full\"><img loading=\"lazy\" decoding=\"async\" width=\"1080\" height=\"1080\" src=\"https:\/\/www.afbrno.cz\/wp-content\/uploads\/2025\/10\/Meta_BRNO_1080x1080.jpg\" alt=\"\" class=\"wp-image-34528\" srcset=\"https:\/\/www.afbrno.cz\/wp-content\/uploads\/2025\/10\/Meta_BRNO_1080x1080.jpg 1080w, https:\/\/www.afbrno.cz\/wp-content\/uploads\/2025\/10\/Meta_BRNO_1080x1080-460x460.jpg 460w, https:\/\/www.afbrno.cz\/wp-content\/uploads\/2025\/10\/Meta_BRNO_1080x1080-150x150.jpg 150w, https:\/\/www.afbrno.cz\/wp-content\/uploads\/2025\/10\/Meta_BRNO_1080x1080-768x768.jpg 768w, https:\/\/www.afbrno.cz\/wp-content\/uploads\/2025\/10\/Meta_BRNO_1080x1080-440x440.jpg 440w\" sizes=\"auto, (max-width: 1080px) 100vw, 1080px\" \/><\/figure>\n<\/div>\n<\/div>\n\n\n\n<h3 class=\"wp-block-heading\"><mark style=\"background-color:rgba(0, 0, 0, 0)\" class=\"has-inline-color has-red-color\">Projections scolaires<\/mark><\/h3>\n\n\n\n<p>En compl\u00e9ment du programme officiel du festival qui pr\u00e9sentera en avant-premi\u00e8re les nouveaux films de l\u2019ann\u00e9e, il y aura \u00e9galement des <strong>projections pour les classes<\/strong>. 5 films sont au programme pour les projections scolaires : <\/p>\n\n\n\n<ul class=\"wp-block-list\">\n<li><a href=\"https:\/\/www.unifrance.org\/film\/59858\/le-chant-des-forets\" target=\"_blank\" rel=\"noreferrer noopener\">Le chant des for\u00eats<\/a>&nbsp;\/&nbsp;\u0160epot lesa&nbsp;(2025), version tch\u00e8que (\u00e0 partir de 7 ans)&nbsp;\u2192 disponible<strong>&nbsp;du 20 novembre au 30 mars<\/strong><\/li>\n\n\n\n<li><a href=\"https:\/\/www.unifrance.org\/film\/763\/les-parapluies-de-cherbourg\" target=\"_blank\" rel=\"noreferrer noopener\">Les parapluies de Cherbourg<\/a>&nbsp;\/&nbsp;<a href=\"https:\/\/acfk.cz\/film\/paraplicka-z-cherbourgu\/\" target=\"_blank\" rel=\"noreferrer noopener\">Parapl\u00ed\u010dka z Cherbourgu<\/a>&nbsp;(1964), com\u00e9die musicale, version fran\u00e7aise avec sous-titres en tch\u00e8que (\u00e0 partir de 12 ans) \u2192 disponible<strong>&nbsp;du 1<sup>er<\/sup>&nbsp;octobre au 30 novembre<\/strong><\/li>\n\n\n\n<li><a href=\"https:\/\/www.unifrance.org\/film\/48138\/lumiere-l-aventure-continue\" target=\"_blank\" rel=\"noreferrer noopener\">Lumi\u00e8re, l\u2019aventure continue<\/a>&nbsp;\/&nbsp;<a href=\"https:\/\/www.filmeurope.cz\/cs\/filmy\/bratri-lumierove-dobrodruzstvi-pokracuje\" target=\"_blank\" rel=\"noreferrer noopener\">Brat\u0159i Lumi\u00e8rov\u00e9 \u2013 dobrodru\u017estv\u00ed pokra\u010duje<\/a>&nbsp;(2024), version fran\u00e7aise avec sous-titres en tch\u00e8que (\u00e0 partir de 12 ans) \u2192 disponible<strong>&nbsp;du&nbsp;20 novembre au 30 mars<\/strong><\/li>\n\n\n\n<li><a href=\"https:\/\/www.unifrance.org\/film\/56828\/le-deluge\" target=\"_blank\" rel=\"noreferrer noopener\">Le D\u00e9luge<\/a>&nbsp;\/&nbsp;<a href=\"https:\/\/www.filmeurope.cz\/cs\/filmy\/potopa\" target=\"_blank\" rel=\"noreferrer noopener\">Potopa<\/a>&nbsp;(2024), drame historique, version fran\u00e7aise avec sous-titres en tch\u00e8que (\u00e0 partir de 15 ans) \u2192 disponible<strong>&nbsp;du&nbsp;20 novembre au 30 mars<\/strong><\/li>\n\n\n\n<li><a href=\"https:\/\/www.unifrance.org\/film\/58733\/sarah-bernhardt-la-divine\" target=\"_blank\" rel=\"noreferrer noopener\">Sarah Bernhardt, la divine<\/a>&nbsp;\/&nbsp;<a href=\"https:\/\/www.filmeurope.cz\/cs\/filmy\/bozska-sarah-bernhardt\" target=\"_blank\" rel=\"noreferrer noopener\">Bo\u017esk\u00e1 Sarah Bernhardt<\/a>&nbsp;(2024), drame historique, version fran\u00e7aise avec sous-titres en tch\u00e8que (\u00e0 partir de 15 ans) \u2192 disponible<strong>&nbsp;du&nbsp;20 novembre au 30 mars<\/strong><\/li>\n<\/ul>\n\n\n\n<p><strong>A t\u00e9l\u00e9charger :<\/strong><\/p>\n\n\n\n<ul class=\"wp-block-list\">\n<li><a href=\"https:\/\/www.afbrno.cz\/wp-content\/uploads\/2025\/09\/FFF-2025-skolni-projekce.pdf\" target=\"_blank\" rel=\"noreferrer noopener\">catalogue des s\u00e9ances scolaires<\/a><\/li>\n\n\n\n<li><a href=\"https:\/\/www.afbrno.cz\/wp-content\/uploads\/2025\/11\/Le-chant-des-forets-Fiche-pedagogique.pdf\" target=\"_blank\" rel=\"noreferrer noopener\">fiche p\u00e9dagogique<\/a>&nbsp;(Le chant des for\u00eats)<\/li>\n\n\n\n<li><a href=\"https:\/\/www.afbrno.cz\/wp-content\/uploads\/2025\/11\/Les-parapluies-de-Cherbourg-Fiche-pedagogique.pdf\" target=\"_blank\" rel=\"noreferrer noopener\">fiche p\u00e9dagogique<\/a>&nbsp;(Les parapluies de Cherbourg)<\/li>\n\n\n\n<li><a href=\"https:\/\/www.afbrno.cz\/wp-content\/uploads\/2025\/11\/Lumiere-laventure-continue-Fiche-pedagogique.pdf\" target=\"_blank\" rel=\"noreferrer noopener\">fiche p\u00e9dagogique<\/a>&nbsp;(Lumi\u00e8re, l\u2019aventure continue)<\/li>\n\n\n\n<li><a href=\"https:\/\/www.afbrno.cz\/wp-content\/uploads\/2025\/11\/Le-deluge-Fiche-pedagogique.pdf\" data-type=\"link\" data-id=\"https:\/\/www.afbrno.cz\/wp-content\/uploads\/2025\/11\/Le-deluge-Fiche-pedagogique.pdf\" target=\"_blank\" rel=\"noreferrer noopener\">fiche p\u00e9dagogique<\/a>&nbsp;(Le D\u00e9luge)<\/li>\n\n\n\n<li><a href=\"https:\/\/www.afbrno.cz\/wp-content\/uploads\/2025\/11\/Sarah-Bernhardt-la-divine-Fiche-pedagogique.pdf\" target=\"_blank\" rel=\"noreferrer noopener\">fiche p\u00e9dagogique<\/a>&nbsp;(Sarah Bernhardt, la divine)<\/li>\n<\/ul>\n\n\n\n<p><\/p>\n\n\n\n<p><strong><mark style=\"background-color:rgba(0, 0, 0, 0)\" class=\"has-inline-color has-color-text-color\">Toutes les fiches p\u00e9dagogiques ont \u00e9t\u00e9 con\u00e7ues par l\u2019\u00e9quipe enseignante de l\u2019Institut fran\u00e7ais de Prague. Merci !<\/mark><\/strong><\/p>\n\n\n\n<div style=\"height:51px\" aria-hidden=\"true\" class=\"wp-block-spacer\"><\/div>\n\n\n\n<h2 class=\"wp-block-heading\"><strong><mark style=\"background-color:rgba(0, 0, 0, 0)\" class=\"has-inline-color has-red-color\">R\u00e9server votre s\u00e9ance scolaire :<\/mark><\/strong><\/h2>\n\n\n\n<div style=\"height:27px\" aria-hidden=\"true\" class=\"wp-block-spacer\"><\/div>\n\n\n\n<div class=\"wp-block-columns is-layout-flex wp-container-core-columns-is-layout-9d6595d7 wp-block-columns-is-layout-flex\">\n<div class=\"wp-block-column is-layout-flow wp-block-column-is-layout-flow\">\n<h4 class=\"wp-block-heading\">Univerzitn\u00ed kino Scala (salle Scalka)<\/h4>\n\n\n\n<p>1. Choisissez le(s) film(s) de votre choix et convenez avec la direction de votre \u00e9cole d\u2019une date \u00e0 laquelle vous serez lib\u00e9r\u00e9s des cours.<br>2. Contactez le cin\u00e9ma (contact&nbsp;: Martina Chaloupkov\u00e1, portable&nbsp;: +420 728 540 689, e-mail&nbsp;:&nbsp;<a href=\"mailto:martina@kinoscala.cz\" target=\"_blank\" rel=\"noreferrer noopener\">martina@kinoscala.cz<\/a>) et convenez d\u2019une heure pr\u00e9cise pour la projection et du r\u00e8glement des billets.<br>3. Les s\u00e9ances scolaires sont gratuites pour les professeurs accompagnateurs.<br>4. L\u2019Alliance Fran\u00e7aise de Brno n\u2019effectuant pas de r\u00e9servations pour les projections scolaires, l\u2019\u00e9cole contactera directement le cin\u00e9ma pour convenir des d\u00e9marches \u00e0 suivre.<\/p>\n<\/div>\n\n\n\n<div class=\"wp-block-column is-layout-flow wp-block-column-is-layout-flow\">\n<h4 class=\"wp-block-heading\">Kino Art<\/h4>\n\n\n\n<p>1. Choisissez le(s) film(s) de votre choix et convenez avec la direction de votre \u00e9cole d\u2019une date \u00e0 laquelle vous serez lib\u00e9r\u00e9s des cours.<br>2. Contactez le cin\u00e9ma (contact&nbsp;: L\u00fddie Pale\u010dkov\u00e1, portable&nbsp;: +420 602&nbsp;589&nbsp;491, e-mail&nbsp;: <a href=\"mailto:skolni@kinoart.cz\">skolni@kinoart.cz<\/a>) et convenez d\u2019une heure pr\u00e9cise pour la projection et du r\u00e8glement des billets.<br>3. Les s\u00e9ances scolaires sont gratuites pour les professeurs accompagnateurs.<br>4. L\u2019Alliance Fran\u00e7aise de Brno n\u2019effectuant pas de r\u00e9servations pour les projections scolaires, l\u2019\u00e9cole contactera directement le cin\u00e9ma pour convenir des d\u00e9marches \u00e0 suivre.<\/p>\n<\/div>\n<\/div>\n\n\n\n<div style=\"height:51px\" aria-hidden=\"true\" class=\"wp-block-spacer\"><\/div>\n\n\n\n<h4 class=\"wp-block-heading\"><mark style=\"background-color:rgba(0, 0, 0, 0)\" class=\"has-inline-color has-color-text-color\"><strong>A propos<\/strong> du festival :<\/mark><\/h4>\n\n\n\n<p>Le <strong>Festival du film fran\u00e7ais<\/strong> est organis\u00e9 par l\u2019Institut fran\u00e7ais de Prague et l\u2019Ambassade de France en R\u00e9publique tch\u00e8que en collaboration avec Unifrance, organisation charg\u00e9e de la promotion et de l\u2019exportation du cin\u00e9ma fran\u00e7ais dans le monde, et les Alliances Fran\u00e7aises en R\u00e9publique tch\u00e8que.<\/p>\n\n\n\n<div style=\"height:51px\" aria-hidden=\"true\" class=\"wp-block-spacer\"><\/div>\n\n\n\n<h4 class=\"wp-block-heading\"><strong><mark style=\"background-color:rgba(0, 0, 0, 0)\" class=\"has-inline-color has-color-text-color\">Pour les m\u00e9dias :<\/mark><\/strong><\/h4>\n\n\n\n<ul class=\"wp-block-list\">\n<li><a href=\"https:\/\/www.afbrno.cz\/wp-content\/uploads\/2025\/09\/FFF2025_TZ_17.9.-CZ.pdf\" target=\"_blank\" rel=\"noreferrer noopener\">communiqu\u00e9 de presse (17.09.2025)<\/a>, en tch\u00e8que<\/li>\n\n\n\n<li><a href=\"https:\/\/www.afbrno.cz\/wp-content\/uploads\/2025\/10\/CP_FFF2025_13-10.pdf\" target=\"_blank\" rel=\"noreferrer noopener\">communiqu\u00e9 de presse (13.10.2025)<\/a><\/li>\n\n\n\n<li><a href=\"https:\/\/www.afbrno.cz\/wp-content\/uploads\/2025\/10\/CP_FFF2025_20-10_Brno.pdf\" target=\"_blank\" rel=\"noreferrer noopener\">communiqu\u00e9 de presse (20.10.2025)<\/a><\/li>\n\n\n\n<li><a href=\"https:\/\/www.afbrno.cz\/wp-content\/uploads\/2025\/11\/CP_FFF2025_6.11.pdf\" target=\"_blank\" rel=\"noreferrer noopener\">communiqu\u00e9 de presse (06.11.2025)<\/a><\/li>\n<\/ul>\n\n\n\n<div style=\"height:51px\" aria-hidden=\"true\" class=\"wp-block-spacer\"><\/div>\n\n\n\n<p><\/p>\n\n\n\n<p>Retour sur le 27\u00e8me Festival du film fran\u00e7ais (2024) <a href=\"https:\/\/www.afbrno.cz\/fr\/fff-2024-2\/\" data-type=\"link\" data-id=\"https:\/\/www.afbrno.cz\/fff-2023\/\" target=\"_blank\" rel=\"noreferrer noopener\">ici<\/a>.<\/p>\n\n\n\n<p>Retour sur le 26\u00e8me Festival du film fran\u00e7ais (2023) <a href=\"https:\/\/www.afbrno.cz\/fr\/fff-2023\/\" data-type=\"link\" data-id=\"https:\/\/www.afbrno.cz\/fff-2023\/\" target=\"_blank\" rel=\"noreferrer noopener\">ici<\/a>.<\/p>\n","protected":false},"excerpt":{"rendered":"<p>Cette ann\u00e9e, le Festival du film fran\u00e7ais sera accueilli&nbsp;du 21 au 26 novembre 2025&nbsp;par les cin\u00e9mas suivants : A Brno, le festival pr\u00e9sentera 11 avant-premi\u00e8res. A t\u00e9l\u00e9charger :&#8230;<\/p>\n","protected":false},"author":3,"featured_media":0,"parent":0,"menu_order":0,"comment_status":"closed","ping_status":"closed","template":"","meta":{"_acf_changed":false,"footnotes":""},"class_list":["post-27257","page","type-page","status-publish","hentry"],"acf":[],"_links":{"self":[{"href":"https:\/\/www.afbrno.cz\/fr\/wp-json\/wp\/v2\/pages\/27257","targetHints":{"allow":["GET"]}}],"collection":[{"href":"https:\/\/www.afbrno.cz\/fr\/wp-json\/wp\/v2\/pages"}],"about":[{"href":"https:\/\/www.afbrno.cz\/fr\/wp-json\/wp\/v2\/types\/page"}],"author":[{"embeddable":true,"href":"https:\/\/www.afbrno.cz\/fr\/wp-json\/wp\/v2\/users\/3"}],"replies":[{"embeddable":true,"href":"https:\/\/www.afbrno.cz\/fr\/wp-json\/wp\/v2\/comments?post=27257"}],"version-history":[{"count":21,"href":"https:\/\/www.afbrno.cz\/fr\/wp-json\/wp\/v2\/pages\/27257\/revisions"}],"predecessor-version":[{"id":34972,"href":"https:\/\/www.afbrno.cz\/fr\/wp-json\/wp\/v2\/pages\/27257\/revisions\/34972"}],"wp:attachment":[{"href":"https:\/\/www.afbrno.cz\/fr\/wp-json\/wp\/v2\/media?parent=27257"}],"curies":[{"name":"wp","href":"https:\/\/api.w.org\/{rel}","templated":true}]}}