{"id":6635,"date":"2023-11-06T13:25:02","date_gmt":"2023-11-06T12:25:02","guid":{"rendered":"https:\/\/web.afbrno.cz\/?post_type=kultura&#038;p=6635"},"modified":"2024-10-14T19:49:59","modified_gmt":"2024-10-14T17:49:59","slug":"film-nikdo-me-nema-rad","status":"publish","type":"kultura","link":"https:\/\/www.afbrno.cz\/fr\/kultura\/film-nikdo-me-nema-rad\/","title":{"rendered":"Nikdo m\u011b nem\u00e1 r\u00e1d"},"content":{"rendered":"\n<p>Francie, 1959, 99 min.<\/p>\n\n\n\n<p>Re\u017eie: Fran\u00e7ois Truffaut<\/p>\n\n\n\n<p>Hraj\u00ed: Jean-Pierre L\u00e9aud, Claire Maurier, Guy Decomble, Albert R\u00e9my, Fran\u00e7ois Truffaut, Jean-Claude Brialy, Georges Flamant, Jeanne Moreau, Jacques Demy<\/p>\n\n\n\n<p><\/p>\n\n\n\n<p>Francouzsk\u00fd \u0161iroko\u00fahl\u00fd film pr\u016fbojn\u00e9ho re\u017eis\u00e9ra Fran\u00e7oise Truffauta <strong>Nikdo mne nem\u00e1 r\u00e1d<\/strong> (ve francouzsk\u00e9m origin\u00e1le <em>Les Quatre cents coups<\/em>), je jedn\u00edm z charakteristick\u00fdch d\u011bl tzv. nov\u00e9 vlny francouzsk\u00e9 kinematografie. Ukazuje bludn\u00fd \u017eivotn\u00ed kruh t\u0159in\u00e1ctilet\u00e9ho pa\u0159\u00ed\u017esk\u00e9ho chlapce. Ukazuje nebezpe\u010dn\u00e1 \u00faskal\u00ed chlapeck\u00e9ho dosp\u00edv\u00e1n\u00ed, kter\u00e1 sice dob\u0159e znaj\u00ed pedagogov\u00e9 a sociologov\u00e9, ale kter\u00e1 obvykle p\u0159ehl\u00ed\u017eej\u00ed ti, kdo\u017e by m\u011bli nejsp\u00ed\u0161e podat d\u00edt\u011bti pomocnou ruku jeho rodi\u010de. Truffaut pou\u017e\u00edv\u00e1 na mnoha m\u00edstech autobiografick\u00e9 metody a snad pr\u00e1v\u011b j\u00ed nabylo jeho d\u00edlo tak pronikav\u00e9 s\u00e1ly a p\u016fsobivosti. Sna\u017e\u00ed se dok\u00e1zat, \u017ee probl\u00e9m ml\u00e1de\u017ee na scest\u00ed je sp\u00ed\u0161e probl\u00e9mem dosp\u011bl\u00fdch. Jeho film je krutou ob\u017ealobou spole\u010dnosti, v n\u00ed\u017e d\u00edt\u011b vyr\u016fst\u00e1 bez l\u00e1sky, spole\u010dnosti, kter\u00e1 zav\u00edr\u00e1 t\u0159in\u00e1ctilet\u00e9ho chlapce spole\u010dn\u011b s prostitutkami a v n\u00e1pravn\u00e9m \u00fastavu s n\u00edm zach\u00e1z\u00ed jako s t\u00edm nejsprost\u0161\u00edm dosp\u011bl\u00fdm zlo\u010dincem. Na MFF v Cannes 1959 byl film <em>Nikdo mne nem\u00e1 r\u00e1d <\/em>vyznamen\u00e1n Cenou za re\u017eii.&nbsp;<em>(ofici\u00e1ln\u00ed text distributora)<\/em><\/p>\n\n\n\n<p><\/p>\n\n\n\n<p>Film bude uveden v p\u016fvodn\u00edm francouzsk\u00e9m zn\u011bn\u00ed s \u010desk\u00fdmi titulky. Po projekci n\u00e1sleduje debata.<\/p>\n\n\n\n<p><\/p>\n\n\n\n<p>Projekce se kon\u00e1 v r\u00e1mci <a href=\"https:\/\/www.afbrno.cz\/zarazeni\/filmovy-klub\/\">filmov\u00e9ho klubu Pomez\u00ed<\/a>.<\/p>\n\n\n\n<p><\/p>\n\n\n\n<p>S laskavou podporou Institut fran\u00e7ais.<\/p>\n\n\n\n<figure class=\"wp-block-image size-full is-resized\"><img loading=\"lazy\" decoding=\"async\" width=\"852\" height=\"591\" src=\"https:\/\/www.afbrno.cz\/wp-content\/uploads\/2024\/05\/IF_Logo_Sans_Bleu_RVB.png\" alt=\"\" class=\"wp-image-29044\" style=\"width:166px;height:auto\" srcset=\"https:\/\/www.afbrno.cz\/wp-content\/uploads\/2024\/05\/IF_Logo_Sans_Bleu_RVB.png 852w, https:\/\/www.afbrno.cz\/wp-content\/uploads\/2024\/05\/IF_Logo_Sans_Bleu_RVB-460x319.png 460w, https:\/\/www.afbrno.cz\/wp-content\/uploads\/2024\/05\/IF_Logo_Sans_Bleu_RVB-768x533.png 768w\" sizes=\"auto, (max-width: 852px) 100vw, 852px\" \/><\/figure>\n\n\n\n<p>Za finan\u010dn\u00ed podpory statut\u00e1rn\u00edho m\u011bsta Brna.<\/p>\n\n\n\n<figure class=\"wp-block-image size-full is-resized\"><img loading=\"lazy\" decoding=\"async\" width=\"482\" height=\"217\" src=\"https:\/\/www.afbrno.cz\/wp-content\/uploads\/2024\/06\/Logo-mesto-Brno.png\" alt=\"\" class=\"wp-image-27886\" style=\"width:189px;height:auto\" srcset=\"https:\/\/www.afbrno.cz\/wp-content\/uploads\/2024\/06\/Logo-mesto-Brno.png 482w, https:\/\/www.afbrno.cz\/wp-content\/uploads\/2024\/06\/Logo-mesto-Brno-460x207.png 460w\" sizes=\"auto, (max-width: 482px) 100vw, 482px\" \/><\/figure>\n","protected":false},"excerpt":{"rendered":"<p>Filmov\u00fd klub<\/p>\n<p>Sn\u00edmek nov\u00e9 vlny francouzsk\u00e9 kinematografie ukazuje bludn\u00fd \u017eivotn\u00ed kruh t\u0159in\u00e1ctilet\u00e9ho pa\u0159\u00ed\u017esk\u00e9ho chlapce.<\/p>\n","protected":false},"featured_media":6656,"parent":0,"template":"","zarazeni":[58],"class_list":["post-6635","kultura","type-kultura","status-publish","has-post-thumbnail","hentry","zarazeni-archiv-akci"],"acf":[],"_links":{"self":[{"href":"https:\/\/www.afbrno.cz\/fr\/wp-json\/wp\/v2\/kultura\/6635","targetHints":{"allow":["GET"]}}],"collection":[{"href":"https:\/\/www.afbrno.cz\/fr\/wp-json\/wp\/v2\/kultura"}],"about":[{"href":"https:\/\/www.afbrno.cz\/fr\/wp-json\/wp\/v2\/types\/kultura"}],"version-history":[{"count":20,"href":"https:\/\/www.afbrno.cz\/fr\/wp-json\/wp\/v2\/kultura\/6635\/revisions"}],"predecessor-version":[{"id":30403,"href":"https:\/\/www.afbrno.cz\/fr\/wp-json\/wp\/v2\/kultura\/6635\/revisions\/30403"}],"wp:featuredmedia":[{"embeddable":true,"href":"https:\/\/www.afbrno.cz\/fr\/wp-json\/wp\/v2\/media\/6656"}],"wp:attachment":[{"href":"https:\/\/www.afbrno.cz\/fr\/wp-json\/wp\/v2\/media?parent=6635"}],"wp:term":[{"taxonomy":"zarazeni","embeddable":true,"href":"https:\/\/www.afbrno.cz\/fr\/wp-json\/wp\/v2\/zarazeni?post=6635"}],"curies":[{"name":"wp","href":"https:\/\/api.w.org\/{rel}","templated":true}]}}