{"id":6613,"date":"2023-10-27T22:00:03","date_gmt":"2023-10-27T20:00:03","guid":{"rendered":"https:\/\/web.afbrno.cz\/?post_type=kultura&#038;p=6613"},"modified":"2024-10-14T19:51:55","modified_gmt":"2024-10-14T17:51:55","slug":"filmovy-pub-kviz","status":"publish","type":"kultura","link":"https:\/\/www.afbrno.cz\/fr\/kultura\/filmovy-pub-kviz\/","title":{"rendered":"Sout\u011b\u017e: Filmov\u00fd pub kv\u00edz"},"content":{"rendered":"\n<p><strong>Hur\u00e1 do kina na filmov\u00fd pub kv\u00edz!<\/strong><\/p>\n\n\n\n<p>M\u00e1te r\u00e1di francouzsk\u00e9 filmy a p\u00e1r jste jich u\u017e vid\u011bli?<\/p>\n\n\n\n<p>Pro ty, kdo r\u00e1di sout\u011b\u017e\u00ed, ale samoz\u0159ejm\u011b pro v\u0161echny ostatn\u00ed, kdo cht\u011bj\u00ed za\u017e\u00edt (ne)tradi\u010dn\u00ed ve\u010der, jsme p\u0159ipravili toto speci\u00e1ln\u00ed vyd\u00e1n\u00ed filmov\u00e9ho pub kv\u00edzu na t\u00e9ma francouzsk\u00fdch film\u016f.<\/p>\n\n\n\n<p>Registrace t\u00fdm\u016f na&nbsp;<a href=\"https:\/\/1url.cz\/PuEXc\" rel=\"noreferrer noopener\" target=\"_blank\">https:\/\/1url.cz\/PuEXc<\/a><\/p>\n\n\n\n<p>Pro v\u00fdherce jsme p\u0159ipravili voln\u00e9 vstupenky na filmy do Univerzitn\u00edho kina Scala, do Kina Art a na <a href=\"https:\/\/www.kinoart.cz\/cs\/festivaly\/festival-francouzskeho-filmu\/2023\" target=\"_blank\" rel=\"noreferrer noopener\">26. ro\u010dn\u00edk Festivalu francouzsk\u00e9ho filmu<\/a> v Brn\u011b (23. &#8211; 26. 11. 2023).<\/p>\n\n\n\n<p>Akce v \u010de\u0161tin\u011b.<\/p>\n","protected":false},"excerpt":{"rendered":"<p>Sout\u011b\u017e &#038; z\u00e1bava<\/p>\n<p>Pro ty, kdo r\u00e1di sout\u011b\u017e\u00ed, ale samoz\u0159ejm\u011b pro v\u0161echny ostatn\u00ed, kdo cht\u011bj\u00ed za\u017e\u00edt (ne)tradi\u010dn\u00ed ve\u010der, jsme p\u0159ipravili toto speci\u00e1ln\u00ed vyd\u00e1n\u00ed filmov\u00e9ho pub kv\u00edzu na t\u00e9ma francouzsk\u00fdch film\u016f.<\/p>\n","protected":false},"featured_media":6617,"parent":0,"template":"","zarazeni":[58],"class_list":["post-6613","kultura","type-kultura","status-publish","has-post-thumbnail","hentry","zarazeni-archiv-akci"],"acf":[],"_links":{"self":[{"href":"https:\/\/www.afbrno.cz\/fr\/wp-json\/wp\/v2\/kultura\/6613","targetHints":{"allow":["GET"]}}],"collection":[{"href":"https:\/\/www.afbrno.cz\/fr\/wp-json\/wp\/v2\/kultura"}],"about":[{"href":"https:\/\/www.afbrno.cz\/fr\/wp-json\/wp\/v2\/types\/kultura"}],"version-history":[{"count":9,"href":"https:\/\/www.afbrno.cz\/fr\/wp-json\/wp\/v2\/kultura\/6613\/revisions"}],"predecessor-version":[{"id":30404,"href":"https:\/\/www.afbrno.cz\/fr\/wp-json\/wp\/v2\/kultura\/6613\/revisions\/30404"}],"wp:featuredmedia":[{"embeddable":true,"href":"https:\/\/www.afbrno.cz\/fr\/wp-json\/wp\/v2\/media\/6617"}],"wp:attachment":[{"href":"https:\/\/www.afbrno.cz\/fr\/wp-json\/wp\/v2\/media?parent=6613"}],"wp:term":[{"taxonomy":"zarazeni","embeddable":true,"href":"https:\/\/www.afbrno.cz\/fr\/wp-json\/wp\/v2\/zarazeni?post=6613"}],"curies":[{"name":"wp","href":"https:\/\/api.w.org\/{rel}","templated":true}]}}