{"id":6594,"date":"2023-10-28T22:00:06","date_gmt":"2023-10-28T20:00:06","guid":{"rendered":"https:\/\/web.afbrno.cz\/?post_type=kultura&#038;p=6594"},"modified":"2024-10-14T19:55:12","modified_gmt":"2024-10-14T17:55:12","slug":"ibrahim-maalouf-trumpets-of-michel-ange","status":"publish","type":"kultura","link":"https:\/\/www.afbrno.cz\/fr\/kultura\/ibrahim-maalouf-trumpets-of-michel-ange\/","title":{"rendered":"Jazz: Ibrahim Maalouf"},"content":{"rendered":"\n<p>Trumpetista <strong>Ibrahim Maalouf se po t\u00e9m\u011b\u0159 deseti letech vrac\u00ed do Brna<\/strong>, aby zde p\u0159edstavil <strong><em>Trumpets of Michel Ange<\/em><\/strong>, sv\u016fj nejnov\u011bj\u0161\u00ed projekt, kter\u00fd ale z\u00e1rove\u0148 nese jeho nezam\u011bniteln\u00fd rukopis. Zavede n\u00e1s do sv\u011bta, kde folkl\u00f3r a moderna spl\u00fdvaj\u00ed v jedno.<\/p>\n\n\n\n<p>Ibrahim Maalouf se narodil v roce 1980 v libanonsk\u00e9m Bejr\u00fatu do rodiny, kter\u00e1 byla kulturou doslova pros\u00e1kl\u00e1. Je synem trumpetisty Nassima Maaloufa a klav\u00edristky Nadi Maalouf, synovcem spisovatele Amina Maaloufa a vnukem novin\u00e1\u0159e, b\u00e1sn\u00edka a muzikologa Rushdiho Maaloufa. Mimochodem byl to pr\u00e1v\u011b jeho otec, kdo v 60. letech minul\u00e9ho stolet\u00ed vynalezl trubku se \u010dtvrt\u00fdm p\u00edstem, na kterou Ibrahim dodnes hraje hudbu s \u010dtvrtt\u00f3ny a dal\u0161\u00edmi mikrointervaly.<\/p>\n\n\n\n<p>V nejnov\u011bj\u0161\u00edm projektu <em><strong>Trumpets of Michel Ange<\/strong><\/em>, v jeho\u017e n\u00e1zvu odkazuje na italsk\u00e9ho g\u00e9nia Michelangela, se Ibrahim Maalouf jako obvykle pou\u0161t\u00ed do tvorby, kter\u00e1 kloub\u00ed sofistikovanost a n\u00e1ro\u010dnost s p\u0159\u00edstupnost\u00ed co nej\u0161ir\u0161\u00edmu publiku. Zako\u0159en\u011bn\u00e1 je v jazzu, popu a world music, ale vznikla tak\u00e9 pod nep\u0159ehl\u00e9dnuteln\u00fdm vlivem urban music. Maalouf je v sou\u010dasnosti z\u0159ejm\u011b nejpopul\u00e1rn\u011bj\u0161\u00edm instrumentalistou francouzsk\u00e9 hudebn\u00ed sc\u00e9ny. Jeho obliba na dom\u00e1c\u00ed sc\u00e9n\u011b v kombinaci s vydatnou porc\u00ed pr\u00e1ce pro filmov\u00fd pr\u016fmysl znamen\u00e1, \u017ee Maaloufovy v\u00fdjezdy do zahrani\u010d\u00ed se st\u00e1vaj\u00ed \u010d\u00edm d\u00e1l v\u011bt\u0161\u00ed vz\u00e1cnost\u00ed. Koncert m\u00e1 tak ve\u0161ker\u00e9 p\u0159edpoklady pro to, aby se stal jednou z hlavn\u00edch hudebn\u00edch ud\u00e1lost\u00ed podzimu.<\/p>\n\n\n\n<p>Koncert se kon\u00e1 v r\u00e1mci mezin\u00e1rodn\u00edho jazzov\u00e9ho festivalu <a href=\"https:\/\/www.jazzfestbrno.cz\" target=\"_blank\" rel=\"noopener\">JazzFestBrno<\/a>.<\/p>\n","protected":false},"excerpt":{"rendered":"<p>Koncert<\/p>\n","protected":false},"featured_media":6657,"parent":0,"template":"","zarazeni":[58],"class_list":["post-6594","kultura","type-kultura","status-publish","has-post-thumbnail","hentry","zarazeni-archiv-akci"],"acf":[],"_links":{"self":[{"href":"https:\/\/www.afbrno.cz\/fr\/wp-json\/wp\/v2\/kultura\/6594","targetHints":{"allow":["GET"]}}],"collection":[{"href":"https:\/\/www.afbrno.cz\/fr\/wp-json\/wp\/v2\/kultura"}],"about":[{"href":"https:\/\/www.afbrno.cz\/fr\/wp-json\/wp\/v2\/types\/kultura"}],"version-history":[{"count":17,"href":"https:\/\/www.afbrno.cz\/fr\/wp-json\/wp\/v2\/kultura\/6594\/revisions"}],"predecessor-version":[{"id":30411,"href":"https:\/\/www.afbrno.cz\/fr\/wp-json\/wp\/v2\/kultura\/6594\/revisions\/30411"}],"wp:featuredmedia":[{"embeddable":true,"href":"https:\/\/www.afbrno.cz\/fr\/wp-json\/wp\/v2\/media\/6657"}],"wp:attachment":[{"href":"https:\/\/www.afbrno.cz\/fr\/wp-json\/wp\/v2\/media?parent=6594"}],"wp:term":[{"taxonomy":"zarazeni","embeddable":true,"href":"https:\/\/www.afbrno.cz\/fr\/wp-json\/wp\/v2\/zarazeni?post=6594"}],"curies":[{"name":"wp","href":"https:\/\/api.w.org\/{rel}","templated":true}]}}