{"id":36499,"date":"2026-03-30T13:00:00","date_gmt":"2026-03-30T11:00:00","guid":{"rendered":"https:\/\/www.afbrno.cz\/?post_type=kultura&#038;p=36499"},"modified":"2026-04-17T13:46:06","modified_gmt":"2026-04-17T11:46:06","slug":"sulejmanuv-pribeh-20260504","status":"publish","type":"kultura","link":"https:\/\/www.afbrno.cz\/fr\/kultura\/sulejmanuv-pribeh-20260504\/","title":{"rendered":"Sulejman\u016fv p\u0159\u00edb\u011bh"},"content":{"rendered":"\n<p><strong><em>L&rsquo;Histoire de Souleymane<\/em><\/strong><\/p>\n\n\n\n<p>Francie (2024, 93 min.)<\/p>\n\n\n\n<p>Re\u017eie: Boris Lojkine<\/p>\n\n\n\n<p>\u017d\u00e1nr: drama<\/p>\n\n\n\n<p>Hraj\u00ed: Abou Sandare, Nina Meurisse, Emmanuel Yovanie, Younoussa Diallo, Keita Diallo, L\u00e9onie Lojkine, Boris Lojkine<\/p>\n\n\n\n<p>Souleymane, pa\u0159\u00ed\u017esk\u00fd kur\u00fdr a \u017eadatel o azyl, m\u00e1 dva dny na to, aby p\u0159ipravil sv\u016fj p\u0159\u00edb\u011bh pro kl\u00ed\u010dov\u00fd pohovor, kter\u00fd rozhodne o jeho pobytu ve Francii. (Cinemax)<\/p>\n\n\n\n<p>Film ve francouzsk\u00e9m zn\u011bn\u00ed s anglick\u00fdmi titulky.<\/p>\n\n\n\n<p>Film z\u00edskal v roce 2025 Cenu poroty v sekci Un certain regard na Filmov\u00e9m festivalu v Cannes a francouzskou cenu C\u00e9sar pro nejslibn\u011bj\u0161\u00edho herce (Abou Sandare), nejlep\u0161\u00ed here\u010dku ve vedlej\u0161\u00ed roli (Nina Meurisse), nejlep\u0161\u00ed p\u016fvodn\u00ed sc\u00e9n\u00e1\u0159 (Boris Lojkine, Delphine Agut) a nejlep\u0161\u00ed st\u0159ih (Xavier Sirven).<\/p>\n\n\n\n<div style=\"height:30px\" aria-hidden=\"true\" class=\"wp-block-spacer\"><\/div>\n\n\n\n<p>Projekce se kon\u00e1 v r\u00e1mci filmov\u00e9ho klubu <strong><a href=\"https:\/\/www.afbrno.cz\/zarazeni\/filmovy-klub\/\" target=\"_blank\" rel=\"noreferrer noopener\">Les Lundis du cin\u00e9ma<\/a><\/strong> organizovan\u00e9ho ve spolupr\u00e1ci s Moravskou zemskou knihovnou v Brn\u011b.<\/p>\n\n\n\n<figure class=\"wp-block-image size-full is-resized\"><img loading=\"lazy\" decoding=\"async\" width=\"394\" height=\"121\" src=\"https:\/\/www.afbrno.cz\/wp-content\/uploads\/2026\/02\/mzk_cmyk_tyrkysova_C-kopie.jpg\" alt=\"\" class=\"wp-image-35791\" style=\"width:166px;height:auto\"\/><\/figure>\n\n\n\n<div style=\"height:27px\" aria-hidden=\"true\" class=\"wp-block-spacer\"><\/div>\n\n\n\n<div style=\"height:30px\" aria-hidden=\"true\" class=\"wp-block-spacer\"><\/div>\n\n\n\n<p>S laskavou podporou Institut fran\u00e7ais.<\/p>\n\n\n\n<figure class=\"wp-block-image size-full is-resized\"><img loading=\"lazy\" decoding=\"async\" width=\"852\" height=\"591\" src=\"https:\/\/www.afbrno.cz\/wp-content\/uploads\/2024\/05\/IF_Logo_Sans_Bleu_RVB.png\" alt=\"\" class=\"wp-image-29044\" style=\"width:166px;height:auto\" srcset=\"https:\/\/www.afbrno.cz\/wp-content\/uploads\/2024\/05\/IF_Logo_Sans_Bleu_RVB.png 852w, https:\/\/www.afbrno.cz\/wp-content\/uploads\/2024\/05\/IF_Logo_Sans_Bleu_RVB-460x319.png 460w, https:\/\/www.afbrno.cz\/wp-content\/uploads\/2024\/05\/IF_Logo_Sans_Bleu_RVB-768x533.png 768w\" sizes=\"auto, (max-width: 852px) 100vw, 852px\" \/><\/figure>\n\n\n\n<div style=\"height:30px\" aria-hidden=\"true\" class=\"wp-block-spacer\"><\/div>\n\n\n\n<p>Za finan\u010dn\u00ed podpory statut\u00e1rn\u00edho m\u011bsta Brna.<\/p>\n\n\n\n<figure class=\"wp-block-image size-full is-resized\"><img loading=\"lazy\" decoding=\"async\" width=\"482\" height=\"217\" src=\"https:\/\/www.afbrno.cz\/wp-content\/uploads\/2024\/06\/Logo-mesto-Brno.png\" alt=\"\" class=\"wp-image-27886\" style=\"width:189px;height:auto\" srcset=\"https:\/\/www.afbrno.cz\/wp-content\/uploads\/2024\/06\/Logo-mesto-Brno.png 482w, https:\/\/www.afbrno.cz\/wp-content\/uploads\/2024\/06\/Logo-mesto-Brno-460x207.png 460w\" sizes=\"auto, (max-width: 482px) 100vw, 482px\" \/><\/figure>\n\n\n\n<p><\/p>\n","protected":false},"excerpt":{"rendered":"<p>Filmov\u00fd klub Les lundis du cin\u00e9ma<\/p>\n<p>Moravsk\u00e1 zemsk\u00e1 knihovna<\/p>\n","protected":false},"featured_media":36501,"parent":0,"template":"","zarazeni":[22,75],"class_list":["post-36499","kultura","type-kultura","status-publish","has-post-thumbnail","hentry","zarazeni-filmovy-klub","zarazeni-kalendar-akci"],"acf":[],"_links":{"self":[{"href":"https:\/\/www.afbrno.cz\/fr\/wp-json\/wp\/v2\/kultura\/36499","targetHints":{"allow":["GET"]}}],"collection":[{"href":"https:\/\/www.afbrno.cz\/fr\/wp-json\/wp\/v2\/kultura"}],"about":[{"href":"https:\/\/www.afbrno.cz\/fr\/wp-json\/wp\/v2\/types\/kultura"}],"version-history":[{"count":6,"href":"https:\/\/www.afbrno.cz\/fr\/wp-json\/wp\/v2\/kultura\/36499\/revisions"}],"predecessor-version":[{"id":36507,"href":"https:\/\/www.afbrno.cz\/fr\/wp-json\/wp\/v2\/kultura\/36499\/revisions\/36507"}],"wp:featuredmedia":[{"embeddable":true,"href":"https:\/\/www.afbrno.cz\/fr\/wp-json\/wp\/v2\/media\/36501"}],"wp:attachment":[{"href":"https:\/\/www.afbrno.cz\/fr\/wp-json\/wp\/v2\/media?parent=36499"}],"wp:term":[{"taxonomy":"zarazeni","embeddable":true,"href":"https:\/\/www.afbrno.cz\/fr\/wp-json\/wp\/v2\/zarazeni?post=36499"}],"curies":[{"name":"wp","href":"https:\/\/api.w.org\/{rel}","templated":true}]}}