{"id":36471,"date":"2026-04-09T22:00:00","date_gmt":"2026-04-09T20:00:00","guid":{"rendered":"https:\/\/www.afbrno.cz\/?post_type=kultura&#038;p=36471"},"modified":"2026-04-17T11:13:18","modified_gmt":"2026-04-17T09:13:18","slug":"univerzalni-jazyk-20260415","status":"publish","type":"kultura","link":"https:\/\/www.afbrno.cz\/fr\/kultura\/univerzalni-jazyk-20260415\/","title":{"rendered":"Univerz\u00e1ln\u00ed jazyk"},"content":{"rendered":"\n<p>Kanada (2024, 89 min.)<\/p>\n\n\n\n<p>Re\u017eie: Matthew Rankin<\/p>\n\n\n\n<p>\u017d\u00e1nr: komedie<\/p>\n\n\n\n<p>Hraj\u00ed: Mani Soleymanlou, Matthew Rankin, Danielle Fichaud, Pirouz Nemati, Denis Houle, Christophe Lamarche-Ledoux, Annie St-Pierre, Aonan Yang, Sarianne Cormier<\/p>\n\n\n\n<p>Film se odehr\u00e1v\u00e1 v alternativn\u00ed realit\u011b, v n\u00ed\u017e je per\u0161tina, nikoli angli\u010dtina, dominantn\u00edm jazykem Kanady, a\u010dkoli st\u00e1le koexistuje s francouz\u0161tinou.<br>Jak by to vypadalo, kdyby se Teher\u00e1n p\u0159esunul do Kanady? V surrealistick\u00e9 a lehce satirick\u00e9 komedii re\u017eis\u00e9r, spoluscen\u00e1rista a hlavn\u00ed protagonista filmu&nbsp;Matthew Rankin&nbsp;prezentuje svou osobitou a zna\u010dn\u011b nesourodou, ale o to vizu\u00e1ln\u011b poutav\u011bj\u0161\u00ed vizi. Absurdn\u011b pojat\u00e1 m\u011bstsk\u00e1 odysea o n\u011bkolika postav\u00e1ch, kter\u00e9 v\u0161echny bloud\u00ed brutalistn\u00edmi kulisami neidentifikovateln\u00e9ho m\u00edsta, je v\u00fdrazn\u011b inspirovan\u00e1 mistrem vizu\u00e1ln\u00edho humoru Jacquesem Tatim. Sn\u00edmek uhranul div\u00e1ky na sv\u011btov\u00fdch filmov\u00fdch festivalech v Cannes, Torontu i New Yorku.&nbsp;<em>(Film a architektura)<\/em><\/p>\n\n\n\n<p>Film ve francouzsk\u00e9m zn\u011bn\u00ed s anglick\u00fdmi titulky.<\/p>\n\n\n\n<p>Akci po\u0159\u00e1d\u00e1 Moravsk\u00e1 zemsk\u00e1 knihovna v r\u00e1mci filmov\u00e9ho klubu.<\/p>\n\n\n\n<figure class=\"wp-block-image size-full is-resized\"><img loading=\"lazy\" decoding=\"async\" width=\"394\" height=\"121\" src=\"https:\/\/www.afbrno.cz\/wp-content\/uploads\/2026\/02\/mzk_cmyk_tyrkysova_C-kopie.jpg\" alt=\"\" class=\"wp-image-35791\" style=\"width:166px;height:auto\"\/><\/figure>\n\n\n\n<div style=\"height:30px\" aria-hidden=\"true\" class=\"wp-block-spacer\"><\/div>\n\n\n\n<p>Projekce se kon\u00e1 v r\u00e1mci National Canadian Film Day a ve spolupr\u00e1ci s Velvyslanectv\u00edm Kanady v Praze.<\/p>\n\n\n\n<figure class=\"wp-block-image size-full is-resized\"><img loading=\"lazy\" decoding=\"async\" width=\"600\" height=\"405\" src=\"https:\/\/www.afbrno.cz\/wp-content\/uploads\/2026\/02\/logo-Embassy-of-Canada.png\" alt=\"\" class=\"wp-image-35855\" style=\"width:166px;height:auto\" srcset=\"https:\/\/www.afbrno.cz\/wp-content\/uploads\/2026\/02\/logo-Embassy-of-Canada.png 600w, https:\/\/www.afbrno.cz\/wp-content\/uploads\/2026\/02\/logo-Embassy-of-Canada-460x311.png 460w\" sizes=\"auto, (max-width: 600px) 100vw, 600px\" \/><\/figure>\n","protected":false},"excerpt":{"rendered":"<p>Filmov\u00fd klub &#8211; Moravsk\u00e1 zemsk\u00e1 knihovna<\/p>\n<p>Kanadsk\u00e1 absurdn\u00ed komedie.<\/p>\n","protected":false},"featured_media":36466,"parent":0,"template":"","zarazeni":[58],"class_list":["post-36471","kultura","type-kultura","status-publish","has-post-thumbnail","hentry","zarazeni-archiv-akci"],"acf":[],"_links":{"self":[{"href":"https:\/\/www.afbrno.cz\/fr\/wp-json\/wp\/v2\/kultura\/36471","targetHints":{"allow":["GET"]}}],"collection":[{"href":"https:\/\/www.afbrno.cz\/fr\/wp-json\/wp\/v2\/kultura"}],"about":[{"href":"https:\/\/www.afbrno.cz\/fr\/wp-json\/wp\/v2\/types\/kultura"}],"version-history":[{"count":8,"href":"https:\/\/www.afbrno.cz\/fr\/wp-json\/wp\/v2\/kultura\/36471\/revisions"}],"predecessor-version":[{"id":36480,"href":"https:\/\/www.afbrno.cz\/fr\/wp-json\/wp\/v2\/kultura\/36471\/revisions\/36480"}],"wp:featuredmedia":[{"embeddable":true,"href":"https:\/\/www.afbrno.cz\/fr\/wp-json\/wp\/v2\/media\/36466"}],"wp:attachment":[{"href":"https:\/\/www.afbrno.cz\/fr\/wp-json\/wp\/v2\/media?parent=36471"}],"wp:term":[{"taxonomy":"zarazeni","embeddable":true,"href":"https:\/\/www.afbrno.cz\/fr\/wp-json\/wp\/v2\/zarazeni?post=36471"}],"curies":[{"name":"wp","href":"https:\/\/api.w.org\/{rel}","templated":true}]}}