{"id":36410,"date":"2026-04-09T20:00:00","date_gmt":"2026-04-09T18:00:00","guid":{"rendered":"https:\/\/www.afbrno.cz\/?post_type=kultura&#038;p=36410"},"modified":"2026-04-14T13:10:27","modified_gmt":"2026-04-14T11:10:27","slug":"marathon-de-theatre-2026","status":"publish","type":"kultura","link":"https:\/\/www.afbrno.cz\/fr\/kultura\/marathon-de-theatre-2026\/","title":{"rendered":"Marathon de th\u00e9\u00e2tre 2026"},"content":{"rendered":"\n<p>3\u00e8me \u00e9dition du <strong>Marathon de th\u00e9\u00e2tre <\/strong>de la troupe lyc\u00e9enne Trapn\u00e9 Ticho du Gymn\u00e1zium Maty\u00e1\u0161e Lercha de Brno organis\u00e9e en collaboration avec le th\u00e9\u00e2tre BARKA.<\/p>\n\n\n\n<p><strong>Tous les spectacles seront pr\u00e9sent\u00e9s en fran\u00e7ais avec les surtitres en tch\u00e8que.<\/strong> <\/p>\n\n\n\n<div style=\"height:42px\" aria-hidden=\"true\" class=\"wp-block-spacer\"><\/div>\n\n\n\n<h2 class=\"wp-block-heading has-text-align-center\"><strong>Programme :<\/strong><\/h2>\n\n\n\n<div style=\"height:42px\" aria-hidden=\"true\" class=\"wp-block-spacer\"><\/div>\n\n\n\n<h5 class=\"wp-block-heading\">14h00 Appels entrants illimit\u00e9s<\/h5>\n\n\n\n<p>Prenons trois colocataires d\u00e9jant\u00e9s et observons-les dans leur environnement naturel.<br>Anna, quand elle ne s\u2019exerce pas \u00e0 entrer dans une bo\u00eete \u00e0 chaussures, improvise des chor\u00e9graphies animali\u00e8res loufoques. Charlotte, d\u00e9\u00e7ue par les hommes, r\u00eave de tomber amoureuse d\u2019un extraterrestre. Quant \u00e0 Louis, il s\u2019enlise dans une d\u00e9pendance morbide aux angoisses de notre temps.<br>Une com\u00e9die d\u00e9lirante qui dresse le portrait attachant d\u2019une jeunesse d\u00e9sorient\u00e9e.<\/p>\n\n\n\n<p id=\"viewer-t47hs381\">Mise en sc\u00e8ne : Thierry Saint Arnoult et la troupe Trapn\u00e9 Ticho<br>Avec : Kry\u0161tof Ml\u010doch, \u0160imona Va\u0148kov\u00e1, Elizabeth Young<\/p>\n\n\n\n<p>D&rsquo;apr\u00e8s <em>Appels entrants illimit\u00e9s<\/em>\u00a0de David Paquet.<\/p>\n\n\n\n<p><a href=\"https:\/\/thierrysta.wixsite.com\/trapne-ticho\/post\/appels-entrants-illimit\u00e9s-david-paquet\" target=\"_blank\" rel=\"noreferrer noopener\">En savoir plus&#8230;<\/a><\/p>\n\n\n\n<h5 class=\"wp-block-heading\"><br>15h00 La chasse au renard<\/h5>\n\n\n\n<p>Nous vivons d\u00e9sormais dans un monde libre, \u00e9galitaire, fraternel et d\u00e9pourvu de privil\u00e8ges. Ainsi, la chasse est d\u00e9sormais une activit\u00e9 d\u00e9mocratique \u00e0 laquelle chaque citoyen est tenu de participer. Sauf que toute avanc\u00e9e d\u00e9mocratique engendre sa propre contrepartie\u00a0: la for\u00eat, labour\u00e9e par des hordes de chasseurs enthousiastes, est couverte de papiers gras et tous les animaux sauvages ont \u00e9t\u00e9 extermin\u00e9s.<br>A l\u2019exception de l\u2019irr\u00e9ductible Renard de S\u0142awomir Mro\u017cek, devenu la cible de toutes les d\u00e9mocratiques g\u00e2chettes. Afin de survivre, il lui suffirait peut-\u00eatre d\u2019orienter les chasseurs vers de nouveaux horizons cyn\u00e9g\u00e9tiques. Mais y parviendra-t-il\u00a0?<\/p>\n\n\n\n<p>Mise en sc\u00e8ne : Thierry Saint Arnoult et la troupe Trapn\u00e9 Ticho<br>Assistante mise en sc\u00e8ne : \u0160imona Va\u0148kov\u00e1<br>Avec : Mia Aufov\u00e1, Eva Fejfu\u0161ov\u00e1, Ema Fialov\u00e1, Kry\u0161tof Huba, Medina Karimova, Mat\u011bj Kloza, Mat\u011bj Kos\u00edk, Ema Ondrov\u00e1, Julie Privar\u010d\u00e1kov\u00e1, Sofie, Samkov\u00e1, Justina Tomanov\u00e1<\/p>\n\n\n\n<p>D&rsquo;apr\u00e8s <em>La Chasse au renard<\/em>\u00a0de S\u0142awomir Mro\u017cek.<\/p>\n\n\n\n<p><a href=\"https:\/\/thierrysta.wixsite.com\/trapne-ticho\/post\/la-chasse-au-renard-s\u0142awomir-mro\u017cek\" target=\"_blank\" rel=\"noreferrer noopener\">En savoir plus&#8230;<\/a><\/p>\n\n\n\n<h5 class=\"wp-block-heading\"><br>16h00 Romulus le Grand<\/h5>\n\n\n\n<p>Romulus est le dernier Empereur de Rome.<br>Il est consid\u00e9r\u00e9 comme un empereur d\u00e9bonnaire et paresseux, autrement dit parfaitement incomp\u00e9tent, et on ne lui conna\u00eet qu\u2019une seule passion\u00a0: l\u2019aviculture, autrement dit les poules. Tandis que les Germains d\u2019Odoacre d\u00e9font l\u2019arm\u00e9e romaine \u00e0 Pavie et marchent sur Rome, l\u2019Empereur brade avec d\u00e9sinvolture les derniers oripeaux de l\u2019Empire. Et on comprend peu \u00e0 peu qu\u2019il ne s\u2019est hiss\u00e9 \u00e0 la t\u00eate de l\u2019Empire qu\u2019afin d\u2019y mettre fin.<br>Comme en \u00e9cho aux doutes de l\u2019Europe, fracass\u00e9e par deux guerres mondiales, Friedrich D\u00fcrrenmatt nous offre d\u2019assister aux derniers moments d\u2019une civilisation.<\/p>\n\n\n\n<p>Mise en sc\u00e8ne : Thierry Saint Arnoult et la troupe Trapn\u00e9 Ticho<br>Avec : Krist\u00fdna B\u00e1dov\u00e1, Marketa Florianov\u00e1, Eli\u0161ka Je\u0159\u00e1bkov\u00e1, Barbora Ka\u010dm\u00e1\u0159ov\u00e1, Alice Koz\u00e1kov\u00e1, Veronika Ko\u017eiakov\u00e1, Ema Ondrov\u00e1, Mark\u00e9ta P\u00e1nkov\u00e1, Claudie Parolkov\u00e1, V\u00edt Pet\u0159ivalsk\u00fd, Krist\u00fdna Phamov\u00e1, Valent\u00fdna Proch\u00e1zkov\u00e1, Tom\u00e1\u0161 Sedl\u00e1\u010dek, Ane\u017eka \u0160t\u011bpkov\u00e1, Anna Gloria Vitrykus<\/p>\n\n\n\n<p>D&rsquo;apr\u00e8s <em>Romulus der Gro\u00dfe<\/em> de Friedrich D\u00fcrrenmatt.<\/p>\n\n\n\n<p><a href=\"https:\/\/thierrysta.wixsite.com\/trapne-ticho\/post\/romulus-le-grand\" target=\"_blank\" rel=\"noreferrer noopener\">En savoir plus&#8230;<\/a><\/p>\n\n\n\n<h5 class=\"wp-block-heading\"><br>18h30 Les Crapauds fous<\/h5>\n\n\n\n<p>Durant la Seconde Guerre mondiale, dans une petite ville de Pologne, deux jeunes m\u00e9decins id\u00e9alistes ont d\u00e9cid\u00e9 de sauver la population juive. Leur subterfuge repose sur une id\u00e9e simple\u00a0: quand on injecte le vaccin du typhus \u00e0 un patient sain, il pr\u00e9sente les sympt\u00f4mes de cette maladie extr\u00eamement contagieuse. Afin d\u2019\u00e9viter toute extension de l\u2019\u00e9pid\u00e9mie, la ville est plac\u00e9e sous quarantaine par les autorit\u00e9s nazies.<br>Si l\u2019exp\u00e9rience de Milgram montre que l\u2019\u00e9crasante majorit\u00e9 des individus se soumet aveugl\u00e9ment \u00e0 l\u2019autorit\u00e9, elle ne doit pas occulter l\u2019existence des \u00ab\u00a0crapauds fous\u00a0\u00bb. Quand la d\u00e9sob\u00e9issance est la seule fa\u00e7on de rester fid\u00e8le \u00e0 une certaine id\u00e9e de l\u2019humanit\u00e9.<\/p>\n\n\n\n<p>Mise en sc\u00e8ne : Thierry Saint Arnoult et la troupe Trapn\u00e9 Ticho<br>Avec : Sofia Alexandra Aubry, Zuzana Bod\u00e1kov\u00e1, Medina Karimova, Mila Koblihov\u00e1, Be\u00e1ta Mudr\u00e1kov\u00e1, Ema Ondrov\u00e1, Justina Tomanov\u00e1, Barbora Vykoukalov\u00e1<\/p>\n\n\n\n<p>D&rsquo;apr\u00e8s <em>Les Crapauds fous<\/em>\u00a0de M\u00e9lody Mourey.<\/p>\n\n\n\n<p><a href=\"https:\/\/thierrysta.wixsite.com\/trapne-ticho\/post\/les-crapauds-fous-m\u00e9lody-mourey\" target=\"_blank\" rel=\"noreferrer noopener\">En savoir plus&#8230;<\/a><\/p>\n\n\n\n<h5 class=\"wp-block-heading\"><br>19h30 Richard III n\u2019aura pas lieu<\/h5>\n\n\n\n<p>Vsevolod Meyerhold r\u00eave.<br>Apr\u00e8s une repr\u00e9sentation de son <em>Richard III<\/em>, donn\u00e9e pour la commission de la censure, le grand metteur en sc\u00e8ne sovi\u00e9tique s\u2019est assoupi \u00e0 sa table de travail. Hant\u00e9 par la figure criminelle de son personnage principal, par les victimes de Richard III, par les interventions de comit\u00e9s loufoques et improbables, Vsevolod Meyerhold, communiste convaincu, assiste \u00e0 la d\u00e9g\u00e9n\u00e9rescence de son id\u00e9al politique, \u00e0 la naissance de son fils monstrueux et est aspir\u00e9 dans les cercles de la bureaucratie stalinienne.<br>Un cauchemar grotesque qui s\u2019ach\u00e8vera dans les ge\u00f4les de la Loubianka.<\/p>\n\n\n\n<p>Mise en sc\u00e8ne : Thierry Saint Arnoult et la troupe Trapn\u00e9 Ticho<br>Avec : Nat\u00e1lie B\u011blunkov\u00e1, Johana Kol\u00e1\u0159ov\u00e1, Aneta Minibergerov\u00e1, David Neuman, Ema Ondrov\u00e1, Denisa Sp\u00e1\u010dilov\u00e1, Martin Svadb\u00edk, Nikola Te\u0161narov\u00e1, Tereza Ulvr, \u0160imona Va\u0148kov\u00e1, Emma Vigner<\/p>\n\n\n\n<p>D&rsquo;apr\u00e8s <em>Richard III n\u2019aura pas lieu<\/em>\u00a0de Mat\u00e9i Visniec.<\/p>\n\n\n\n<p><a href=\"https:\/\/thierrysta.wixsite.com\/trapne-ticho\/post\/richard-iii-n-aura-pas-lieu-mat\u00e9i-visniec\" target=\"_blank\" rel=\"noreferrer noopener\">En savoir plus&#8230;<\/a><\/p>\n\n\n\n<div style=\"height:82px\" aria-hidden=\"true\" class=\"wp-block-spacer\"><\/div>\n\n\n\n<p><strong>A t\u00e9l\u00e9charger : <\/strong><\/p>\n\n\n\n<ul class=\"wp-block-list\">\n<li><a href=\"https:\/\/www.afbrno.cz\/wp-content\/uploads\/2026\/04\/Divadelni-maraton-Trapne-Ticho-2026-plakat.pdf\" target=\"_blank\" rel=\"noreferrer noopener\">affiche<\/a><\/li>\n\n\n\n<li><a href=\"https:\/\/www.afbrno.cz\/wp-content\/uploads\/2026\/04\/Divadelni-maraton-Trapne-Ticho-2026-Program.pdf\" target=\"_blank\" rel=\"noreferrer noopener\">programme<\/a><\/li>\n<\/ul>\n\n\n\n<p><\/p>\n","protected":false},"excerpt":{"rendered":"<p>Divadlo BARKA<\/p>\n<p>3\u00e8me \u00e9dition du Marathon de th\u00e9\u00e2tre de la troupe lyc\u00e9enne Trapn\u00e9 Ticho du Gymn\u00e1zium Maty\u00e1\u0161e Lercha<\/p>\n","protected":false},"featured_media":36412,"parent":0,"template":"","zarazeni":[60],"class_list":["post-36410","kultura","type-kultura","status-publish","has-post-thumbnail","hentry","zarazeni-evenements-passes"],"acf":[],"_links":{"self":[{"href":"https:\/\/www.afbrno.cz\/fr\/wp-json\/wp\/v2\/kultura\/36410","targetHints":{"allow":["GET"]}}],"collection":[{"href":"https:\/\/www.afbrno.cz\/fr\/wp-json\/wp\/v2\/kultura"}],"about":[{"href":"https:\/\/www.afbrno.cz\/fr\/wp-json\/wp\/v2\/types\/kultura"}],"version-history":[{"count":12,"href":"https:\/\/www.afbrno.cz\/fr\/wp-json\/wp\/v2\/kultura\/36410\/revisions"}],"predecessor-version":[{"id":36458,"href":"https:\/\/www.afbrno.cz\/fr\/wp-json\/wp\/v2\/kultura\/36410\/revisions\/36458"}],"wp:featuredmedia":[{"embeddable":true,"href":"https:\/\/www.afbrno.cz\/fr\/wp-json\/wp\/v2\/media\/36412"}],"wp:attachment":[{"href":"https:\/\/www.afbrno.cz\/fr\/wp-json\/wp\/v2\/media?parent=36410"}],"wp:term":[{"taxonomy":"zarazeni","embeddable":true,"href":"https:\/\/www.afbrno.cz\/fr\/wp-json\/wp\/v2\/zarazeni?post=36410"}],"curies":[{"name":"wp","href":"https:\/\/api.w.org\/{rel}","templated":true}]}}