{"id":35733,"date":"2026-02-04T09:00:00","date_gmt":"2026-02-04T08:00:00","guid":{"rendered":"https:\/\/www.afbrno.cz\/?post_type=kultura&#038;p=35733"},"modified":"2026-02-14T10:50:16","modified_gmt":"2026-02-14T09:50:16","slug":"bran-galette-complete-20260211","status":"publish","type":"kultura","link":"https:\/\/www.afbrno.cz\/fr\/kultura\/bran-galette-complete-20260211\/","title":{"rendered":"Bran: Galette compl\u00e8te"},"content":{"rendered":"\n<p>Kapela <strong>Bran<\/strong> zn\u00e1m\u00e1 sv\u00fdm osobit\u00fdm pojet\u00edm hudby vych\u00e1zej\u00edc\u00ed ze star\u00fdch breta\u0148sk\u00fdch lidov\u00fdch motiv\u016f, d\u00e1vn\u00fdch tanc\u016f a zp\u011bv\u016f mo\u0159e, pok\u0159t\u00ed nov\u00e9 album <strong>Galette compl\u00e8te<\/strong>. Pro skupinu zlomov\u00e1 nahr\u00e1vka p\u0159ich\u00e1z\u00ed vedle tradicion\u00e1l\u016f i s vlastn\u00edmi skladbami v\u00a0\u010de\u0161tin\u011b, z\u00a0nich\u017e n\u011bkter\u00e9 zazn\u00ed na\u017eivo v\u016fbec poprv\u00e9. Dojde ale ur\u010dit\u011b i na tradi\u010dn\u00ed breta\u0148sk\u00e9 p\u00edsn\u011b, kter\u00fdmi se kapela proslavila.<\/p>\n\n\n\n<h6 class=\"wp-block-heading\">Robert Fischmann \u2013 zp\u011bv, fl\u00e9tna, whistle, klav\u00edr<\/h6>\n\n\n\n<h6 class=\"wp-block-heading\">Vojt\u011bch Jindra \u2013 akustick\u00e1 kytara<\/h6>\n\n\n\n<h6 class=\"wp-block-heading\">Tom\u00e1\u0161 G\u00f6rtler \u2013 akordeon, zp\u011bv<\/h6>\n\n\n\n<h6 class=\"wp-block-heading\">Petr Mike\u0161 \u2013 baskytara<\/h6>\n\n\n\n<h6 class=\"wp-block-heading\">V\u00ed\u0165a Pato\u010dka \u2013 bic\u00ed\u00a0 \u00a0<\/h6>\n\n\n\n<div style=\"height:42px\" aria-hidden=\"true\" class=\"wp-block-spacer\"><\/div>\n\n\n\n<p><strong>V\u00edce o nov\u00e9m CD:<\/strong><\/p>\n\n\n\n<div class=\"wp-block-columns is-layout-flex wp-container-core-columns-is-layout-9d6595d7 wp-block-columns-is-layout-flex\">\n<div class=\"wp-block-column is-layout-flow wp-block-column-is-layout-flow\">\n<p>\u201eNez\u016fsta\u0148me ale pros\u00edm ve sv\u00fdch p\u0159edstav\u00e1ch n\u011bkde v\u00a0kuchyni: \u017eloutek je obrazem \u017eivotod\u00e1rn\u00e9ho slunce a\u00a0z\u00e1hyby na okraj\u00edch pala\u010dinky jsou jednou mo\u0159sk\u00e9 vlny, jindy t\u0159eba p\u00edse\u010dn\u00e9 duny. Otev\u00edr\u00e1 se n\u00e1m tak cel\u00fd sv\u011bt,\u201c \u0159\u00edk\u00e1 s\u00a0nads\u00e1zkou\u00a0kytarista, autor v\u011bt\u0161iny skladeb na desce a\u00a0jeden z\u00a0jej\u00edch producent\u016f Vojt\u011bch Jindra.<\/p>\n\n\n\n<p>\u201eSna\u017eili jsme se v\u00a0maxim\u00e1ln\u00ed mo\u017en\u00e9 m\u00ed\u0159e zachytit, jak kapela zn\u00ed na\u017eivo \u2013 p\u00edsni\u010dky jsme nato\u010dili v\u0161ichni najednou b\u011bhem n\u011bkolika dn\u00ed a\u00a0vybrali jsme v\u011bt\u0161inou prvn\u00ed nebo druh\u00fd pokus. Ne\u0161lo n\u00e1m o\u00a0dokonalost, ale sp\u00ed\u0161 o\u00a0autenticitu,\u201c \u0159\u00edk\u00e1 Vojt\u011bch Jindra. \u201eAlbum je pro n\u00e1s cenn\u00e9 i\u00a0t\u00edm, \u017ee polovinu tvo\u0159\u00ed na\u0161e vlastn\u00ed p\u00edsni\u010dky v\u00a0\u010de\u0161tin\u011b, na minul\u00e9 desce to byly jen dv\u011b skladby.\u201c<\/p>\n<\/div>\n\n\n\n<div class=\"wp-block-column is-layout-flow wp-block-column-is-layout-flow\">\n<figure class=\"wp-block-image size-full\"><img loading=\"lazy\" decoding=\"async\" width=\"650\" height=\"576\" src=\"https:\/\/www.afbrno.cz\/wp-content\/uploads\/2026\/02\/Bran-CD-Galette-complete.jpg\" alt=\"\" class=\"wp-image-35739\" srcset=\"https:\/\/www.afbrno.cz\/wp-content\/uploads\/2026\/02\/Bran-CD-Galette-complete.jpg 650w, https:\/\/www.afbrno.cz\/wp-content\/uploads\/2026\/02\/Bran-CD-Galette-complete-460x408.jpg 460w\" sizes=\"auto, (max-width: 650px) 100vw, 650px\" \/><\/figure>\n<\/div>\n<\/div>\n\n\n\n<p>\u201eP\u00edsn\u011bmi jako\u00a0<em>\u017d\u00edze\u0148<\/em>\u00a0nebo\u00a0<em>O\u00a0mo\u0159\u00edch<\/em>\u00a0se sna\u017e\u00edme odklonit od d\u0159\u00edv\u011bj\u0161\u00edho kurzu zpracov\u00e1v\u00e1n\u00ed lidov\u00e9 hudby. Tu m\u00e1me samoz\u0159ejm\u011b r\u00e1di, pomohla n\u00e1m b\u00fdt t\u00edm, \u010d\u00edm jsme. I\u00a0tradi\u010dn\u00ed bretonsk\u00e9 p\u00edsn\u011b poslucha\u010di na chystan\u00e9 desce najdou. Ale \u010d\u00edm d\u00e1l v\u00edc n\u00e1s bav\u00ed se za nic neschov\u00e1vat a\u00a0promlouvat k\u00a0lidem p\u0159\u00edmo prost\u0159ednictv\u00edm na\u0161ich vlastn\u00edch p\u00edsni\u010dek a\u00a0v\u00a0na\u0161em rodn\u00e9m jazyce,\u201c poznamen\u00e1v\u00e1 Robert Fischmann, zp\u011bv\u00e1k, multiinstrumentalista a\u00a0spoluproducent nahr\u00e1vky.<\/p>\n\n\n\n<div style=\"height:47px\" aria-hidden=\"true\" class=\"wp-block-spacer\"><\/div>\n\n\n\n<p>Kapela <strong>Bran<\/strong> byla zalo\u017eena v\u00a0roce 1999 v\u00a0Praze Dewim Pajotem, rod\u00e1kem z\u00a0breta\u0148sk\u00e9ho Lorientu. N\u00e1zev skupiny znamen\u00e1 v\u00a0breton\u0161tin\u011b havran, kter\u00fd je v\u00a0keltsk\u00fdch legend\u00e1ch poslem zpr\u00e1v.<\/p>\n\n\n\n<ul class=\"wp-block-social-links is-layout-flex wp-block-social-links-is-layout-flex\"><li class=\"wp-social-link wp-social-link-instagram  wp-block-social-link\"><a href=\"https:\/\/www.instagram.com\/bran.prague\/\" class=\"wp-block-social-link-anchor\" target=\"_blank\" rel=\"noopener\"><svg width=\"24\" height=\"24\" viewBox=\"0 0 24 24\" version=\"1.1\" xmlns=\"http:\/\/www.w3.org\/2000\/svg\" aria-hidden=\"true\" focusable=\"false\"><path d=\"M12,4.622c2.403,0,2.688,0.009,3.637,0.052c0.877,0.04,1.354,0.187,1.671,0.31c0.42,0.163,0.72,0.358,1.035,0.673 c0.315,0.315,0.51,0.615,0.673,1.035c0.123,0.317,0.27,0.794,0.31,1.671c0.043,0.949,0.052,1.234,0.052,3.637 s-0.009,2.688-0.052,3.637c-0.04,0.877-0.187,1.354-0.31,1.671c-0.163,0.42-0.358,0.72-0.673,1.035 c-0.315,0.315-0.615,0.51-1.035,0.673c-0.317,0.123-0.794,0.27-1.671,0.31c-0.949,0.043-1.233,0.052-3.637,0.052 s-2.688-0.009-3.637-0.052c-0.877-0.04-1.354-0.187-1.671-0.31c-0.42-0.163-0.72-0.358-1.035-0.673 c-0.315-0.315-0.51-0.615-0.673-1.035c-0.123-0.317-0.27-0.794-0.31-1.671C4.631,14.688,4.622,14.403,4.622,12 s0.009-2.688,0.052-3.637c0.04-0.877,0.187-1.354,0.31-1.671c0.163-0.42,0.358-0.72,0.673-1.035 c0.315-0.315,0.615-0.51,1.035-0.673c0.317-0.123,0.794-0.27,1.671-0.31C9.312,4.631,9.597,4.622,12,4.622 M12,3 C9.556,3,9.249,3.01,8.289,3.054C7.331,3.098,6.677,3.25,6.105,3.472C5.513,3.702,5.011,4.01,4.511,4.511 c-0.5,0.5-0.808,1.002-1.038,1.594C3.25,6.677,3.098,7.331,3.054,8.289C3.01,9.249,3,9.556,3,12c0,2.444,0.01,2.751,0.054,3.711 c0.044,0.958,0.196,1.612,0.418,2.185c0.23,0.592,0.538,1.094,1.038,1.594c0.5,0.5,1.002,0.808,1.594,1.038 c0.572,0.222,1.227,0.375,2.185,0.418C9.249,20.99,9.556,21,12,21s2.751-0.01,3.711-0.054c0.958-0.044,1.612-0.196,2.185-0.418 c0.592-0.23,1.094-0.538,1.594-1.038c0.5-0.5,0.808-1.002,1.038-1.594c0.222-0.572,0.375-1.227,0.418-2.185 C20.99,14.751,21,14.444,21,12s-0.01-2.751-0.054-3.711c-0.044-0.958-0.196-1.612-0.418-2.185c-0.23-0.592-0.538-1.094-1.038-1.594 c-0.5-0.5-1.002-0.808-1.594-1.038c-0.572-0.222-1.227-0.375-2.185-0.418C14.751,3.01,14.444,3,12,3L12,3z M12,7.378 c-2.552,0-4.622,2.069-4.622,4.622S9.448,16.622,12,16.622s4.622-2.069,4.622-4.622S14.552,7.378,12,7.378z M12,15 c-1.657,0-3-1.343-3-3s1.343-3,3-3s3,1.343,3,3S13.657,15,12,15z M16.804,6.116c-0.596,0-1.08,0.484-1.08,1.08 s0.484,1.08,1.08,1.08c0.596,0,1.08-0.484,1.08-1.08S17.401,6.116,16.804,6.116z\"><\/path><\/svg><span class=\"wp-block-social-link-label screen-reader-text\">Instagram<\/span><\/a><\/li>\n\n<li class=\"wp-social-link wp-social-link-facebook  wp-block-social-link\"><a href=\"https:\/\/www.facebook.com\/branprague\/\" class=\"wp-block-social-link-anchor\" target=\"_blank\" rel=\"noopener\"><svg width=\"24\" height=\"24\" viewBox=\"0 0 24 24\" version=\"1.1\" xmlns=\"http:\/\/www.w3.org\/2000\/svg\" aria-hidden=\"true\" focusable=\"false\"><path d=\"M12 2C6.5 2 2 6.5 2 12c0 5 3.7 9.1 8.4 9.9v-7H7.9V12h2.5V9.8c0-2.5 1.5-3.9 3.8-3.9 1.1 0 2.2.2 2.2.2v2.5h-1.3c-1.2 0-1.6.8-1.6 1.6V12h2.8l-.4 2.9h-2.3v7C18.3 21.1 22 17 22 12c0-5.5-4.5-10-10-10z\"><\/path><\/svg><span class=\"wp-block-social-link-label screen-reader-text\">Facebook<\/span><\/a><\/li>\n\n<li class=\"wp-social-link wp-social-link-youtube  wp-block-social-link\"><a href=\"https:\/\/www.youtube.com\/channel\/UC-vpkSJ7DRNQ4mn1_lBGjQA\" class=\"wp-block-social-link-anchor\" target=\"_blank\" rel=\"noopener\"><svg width=\"24\" height=\"24\" viewBox=\"0 0 24 24\" version=\"1.1\" xmlns=\"http:\/\/www.w3.org\/2000\/svg\" aria-hidden=\"true\" focusable=\"false\"><path d=\"M21.8,8.001c0,0-0.195-1.378-0.795-1.985c-0.76-0.797-1.613-0.801-2.004-0.847c-2.799-0.202-6.997-0.202-6.997-0.202 h-0.009c0,0-4.198,0-6.997,0.202C4.608,5.216,3.756,5.22,2.995,6.016C2.395,6.623,2.2,8.001,2.2,8.001S2,9.62,2,11.238v1.517 c0,1.618,0.2,3.237,0.2,3.237s0.195,1.378,0.795,1.985c0.761,0.797,1.76,0.771,2.205,0.855c1.6,0.153,6.8,0.201,6.8,0.201 s4.203-0.006,7.001-0.209c0.391-0.047,1.243-0.051,2.004-0.847c0.6-0.607,0.795-1.985,0.795-1.985s0.2-1.618,0.2-3.237v-1.517 C22,9.62,21.8,8.001,21.8,8.001z M9.935,14.594l-0.001-5.62l5.404,2.82L9.935,14.594z\"><\/path><\/svg><span class=\"wp-block-social-link-label screen-reader-text\">YouTube<\/span><\/a><\/li><\/ul>\n","protected":false},"excerpt":{"rendered":"<p>Koncert a k\u0159est nov\u00e9ho CD<\/p>\n","protected":false},"featured_media":35734,"parent":0,"template":"","zarazeni":[58],"class_list":["post-35733","kultura","type-kultura","status-publish","has-post-thumbnail","hentry","zarazeni-archiv-akci"],"acf":[],"_links":{"self":[{"href":"https:\/\/www.afbrno.cz\/fr\/wp-json\/wp\/v2\/kultura\/35733","targetHints":{"allow":["GET"]}}],"collection":[{"href":"https:\/\/www.afbrno.cz\/fr\/wp-json\/wp\/v2\/kultura"}],"about":[{"href":"https:\/\/www.afbrno.cz\/fr\/wp-json\/wp\/v2\/types\/kultura"}],"version-history":[{"count":8,"href":"https:\/\/www.afbrno.cz\/fr\/wp-json\/wp\/v2\/kultura\/35733\/revisions"}],"predecessor-version":[{"id":35748,"href":"https:\/\/www.afbrno.cz\/fr\/wp-json\/wp\/v2\/kultura\/35733\/revisions\/35748"}],"wp:featuredmedia":[{"embeddable":true,"href":"https:\/\/www.afbrno.cz\/fr\/wp-json\/wp\/v2\/media\/35734"}],"wp:attachment":[{"href":"https:\/\/www.afbrno.cz\/fr\/wp-json\/wp\/v2\/media?parent=35733"}],"wp:term":[{"taxonomy":"zarazeni","embeddable":true,"href":"https:\/\/www.afbrno.cz\/fr\/wp-json\/wp\/v2\/zarazeni?post=35733"}],"curies":[{"name":"wp","href":"https:\/\/api.w.org\/{rel}","templated":true}]}}