{"id":34433,"date":"2025-10-27T23:15:59","date_gmt":"2025-10-27T22:15:59","guid":{"rendered":"https:\/\/www.afbrno.cz\/?post_type=kultura&#038;p=34433"},"modified":"2025-11-27T16:21:32","modified_gmt":"2025-11-27T15:21:32","slug":"nejbohatsi-zena-na-svete","status":"publish","type":"kultura","link":"https:\/\/www.afbrno.cz\/fr\/kultura\/nejbohatsi-zena-na-svete\/","title":{"rendered":"Nejbohat\u0161\u00ed \u017eena na sv\u011bt\u011b"},"content":{"rendered":"\n<p>La Femme la plus riche du monde<\/p>\n\n\n\n<p><strong>Thierry Klifa<\/strong><br>2025 | Francie, Belgie\u00a0<br>123 min. | francouz\u0161tina\u00a0<br>Titulky \u2013 \u010de\u0161tina, angli\u010dtina<\/p>\n\n\n\n<p>Hraj\u00ed Isabelle Huppert, Marina Fo\u00efs, Laurent Lafitte, Rapha\u00ebl Personnaz, Andr\u00e9 Marcon<\/p>\n\n\n\n<p>Nejbohat\u0161\u00ed \u017eena na sv\u011bt\u011b, kr\u00e1sn\u00e1, inteligentn\u00ed a mocn\u00e1. Ambici\u00f3zn\u00ed, drz\u00fd a bl\u00e1zniv\u00fd fotograf. L\u00e1ska na prvn\u00ed pohled, kter\u00e9 ti dva propadnou. Ned\u016fv\u011b\u0159iv\u00e1 d\u011bdi\u010dka, kter\u00e1 mus\u00ed o l\u00e1sku bojovat. V\u0161\u00edmav\u00fd majordomus, kter\u00fd v\u00ed v\u00edc, ne\u017e se zd\u00e1. Rodinn\u00e1 tajemstv\u00ed. Astronomick\u00e9 dary. V\u00e1lka, v n\u00ed\u017e se bojuje v\u0161emi zbran\u011bmi.<\/p>\n\n\n\n<p><\/p>\n\n\n\n<p><strong>Trailer<\/strong><\/p>\n\n\n\n<figure class=\"wp-block-embed is-type-video is-provider-youtube wp-block-embed-youtube wp-embed-aspect-16-9 wp-has-aspect-ratio\"><div class=\"wp-block-embed__wrapper\">\n<iframe loading=\"lazy\" title=\"LA FEMME LA PLUS RICHE DU MONDE - Bande annonce\" width=\"500\" height=\"281\" src=\"https:\/\/www.youtube.com\/embed\/s1g9v9AjFBU?start=1&#038;feature=oembed\" frameborder=\"0\" allow=\"accelerometer; autoplay; clipboard-write; encrypted-media; gyroscope; picture-in-picture; web-share\" referrerpolicy=\"strict-origin-when-cross-origin\" allowfullscreen><\/iframe>\n<\/div><\/figure>\n","protected":false},"excerpt":{"rendered":"<p>Festival francouzsk\u00e9ho filmu<\/p>\n<p>Nejbohat\u0161\u00ed \u017eena na sv\u011bt\u011b, kr\u00e1sn\u00e1, inteligentn\u00ed a mocn\u00e1. Ambici\u00f3zn\u00ed, drz\u00fd a bl\u00e1zniv\u00fd fotograf. L\u00e1ska na prvn\u00ed pohled, kter\u00e9 ti dva propadnou. Ned\u016fv\u011b\u0159iv\u00e1 d\u011bdi\u010dka, kter\u00e1 mus\u00ed o l\u00e1sku bojovat. V\u0161\u00edmav\u00fd majordomus, kter\u00fd v\u00ed v\u00edc, ne\u017e se zd\u00e1. Rodinn\u00e1 tajemstv\u00ed. Astronomick\u00e9 dary. V\u00e1lka, v n\u00ed\u017e se bojuje v\u0161emi zbran\u011bmi.<\/p>\n","protected":false},"featured_media":34434,"parent":0,"template":"","zarazeni":[58],"class_list":["post-34433","kultura","type-kultura","status-publish","has-post-thumbnail","hentry","zarazeni-archiv-akci"],"acf":[],"_links":{"self":[{"href":"https:\/\/www.afbrno.cz\/fr\/wp-json\/wp\/v2\/kultura\/34433","targetHints":{"allow":["GET"]}}],"collection":[{"href":"https:\/\/www.afbrno.cz\/fr\/wp-json\/wp\/v2\/kultura"}],"about":[{"href":"https:\/\/www.afbrno.cz\/fr\/wp-json\/wp\/v2\/types\/kultura"}],"version-history":[{"count":1,"href":"https:\/\/www.afbrno.cz\/fr\/wp-json\/wp\/v2\/kultura\/34433\/revisions"}],"predecessor-version":[{"id":34437,"href":"https:\/\/www.afbrno.cz\/fr\/wp-json\/wp\/v2\/kultura\/34433\/revisions\/34437"}],"wp:featuredmedia":[{"embeddable":true,"href":"https:\/\/www.afbrno.cz\/fr\/wp-json\/wp\/v2\/media\/34434"}],"wp:attachment":[{"href":"https:\/\/www.afbrno.cz\/fr\/wp-json\/wp\/v2\/media?parent=34433"}],"wp:term":[{"taxonomy":"zarazeni","embeddable":true,"href":"https:\/\/www.afbrno.cz\/fr\/wp-json\/wp\/v2\/zarazeni?post=34433"}],"curies":[{"name":"wp","href":"https:\/\/api.w.org\/{rel}","templated":true}]}}