{"id":34427,"date":"2025-10-27T23:11:17","date_gmt":"2025-10-27T22:11:17","guid":{"rendered":"https:\/\/www.afbrno.cz\/?post_type=kultura&#038;p=34427"},"modified":"2025-11-27T16:21:36","modified_gmt":"2025-11-27T15:21:36","slug":"sepot-lesa","status":"publish","type":"kultura","link":"https:\/\/www.afbrno.cz\/fr\/kultura\/sepot-lesa\/","title":{"rendered":"\u0160epot lesa"},"content":{"rendered":"\n<p>Le Chant des for\u00eats<\/p>\n\n\n\n<p><strong>Vincent Munier<\/strong><br>2025 | Francie\u00a0<br>93 min. | francouz\u0161tina\u00a0<br>Titulky \u2013 \u010de\u0161tina<\/p>\n\n\n\n<p>Dokument\u00e1rn\u00ed film<\/p>\n\n\n\n<p>Po&nbsp;<em>Sn\u011b\u017en\u00e9m levhartu&nbsp;<\/em>n\u00e1s Vincent Munier zve do vog\u00e9zsk\u00fdch les\u016f. Pr\u00e1v\u011b tady se v\u0161e nau\u010dil od sv\u00e9ho otce Michela, p\u0159\u00edrodov\u011bdce, kter\u00fd str\u00e1vil cel\u00fd \u017eivot pozorov\u00e1n\u00edm lesa. Nastal \u010das, aby p\u0159edali sv\u00e9 znalosti Vincentovu synu Simonovi. T\u0159i pohledy, t\u0159i generace a stejn\u00e1 fascinace divokou p\u0159\u00edrodou.<\/p>\n\n\n\n<p><\/p>\n\n\n\n<p><strong>Trailer<\/strong><\/p>\n\n\n\n<figure class=\"wp-block-embed is-type-video is-provider-youtube wp-block-embed-youtube wp-embed-aspect-16-9 wp-has-aspect-ratio\"><div class=\"wp-block-embed__wrapper\">\n<iframe loading=\"lazy\" title=\"LE CHANT DES FOR\u00caTS - Teaser\" width=\"500\" height=\"281\" src=\"https:\/\/www.youtube.com\/embed\/65D5YgTh-Ck?start=1&#038;feature=oembed\" frameborder=\"0\" allow=\"accelerometer; autoplay; clipboard-write; encrypted-media; gyroscope; picture-in-picture; web-share\" referrerpolicy=\"strict-origin-when-cross-origin\" allowfullscreen><\/iframe>\n<\/div><\/figure>\n","protected":false},"excerpt":{"rendered":"<p>Festival francouzsk\u00e9ho filmu<\/p>\n<p>Po\u00a0Sn\u011b\u017en\u00e9m levhartu\u00a0n\u00e1s Vincent Munier zve do vog\u00e9zsk\u00fdch les\u016f. Pr\u00e1v\u011b tady se v\u0161e nau\u010dil od sv\u00e9ho otce Michela, p\u0159\u00edrodov\u011bdce, kter\u00fd str\u00e1vil cel\u00fd \u017eivot pozorov\u00e1n\u00edm lesa. Nastal \u010das, aby p\u0159edali sv\u00e9 znalosti Vincentovu synu Simonovi. T\u0159i pohledy, t\u0159i generace a stejn\u00e1 fascinace divokou p\u0159\u00edrodou.<\/p>\n","protected":false},"featured_media":34428,"parent":0,"template":"","zarazeni":[58],"class_list":["post-34427","kultura","type-kultura","status-publish","has-post-thumbnail","hentry","zarazeni-archiv-akci"],"acf":[],"_links":{"self":[{"href":"https:\/\/www.afbrno.cz\/fr\/wp-json\/wp\/v2\/kultura\/34427","targetHints":{"allow":["GET"]}}],"collection":[{"href":"https:\/\/www.afbrno.cz\/fr\/wp-json\/wp\/v2\/kultura"}],"about":[{"href":"https:\/\/www.afbrno.cz\/fr\/wp-json\/wp\/v2\/types\/kultura"}],"version-history":[{"count":2,"href":"https:\/\/www.afbrno.cz\/fr\/wp-json\/wp\/v2\/kultura\/34427\/revisions"}],"predecessor-version":[{"id":34432,"href":"https:\/\/www.afbrno.cz\/fr\/wp-json\/wp\/v2\/kultura\/34427\/revisions\/34432"}],"wp:featuredmedia":[{"embeddable":true,"href":"https:\/\/www.afbrno.cz\/fr\/wp-json\/wp\/v2\/media\/34428"}],"wp:attachment":[{"href":"https:\/\/www.afbrno.cz\/fr\/wp-json\/wp\/v2\/media?parent=34427"}],"wp:term":[{"taxonomy":"zarazeni","embeddable":true,"href":"https:\/\/www.afbrno.cz\/fr\/wp-json\/wp\/v2\/zarazeni?post=34427"}],"curies":[{"name":"wp","href":"https:\/\/api.w.org\/{rel}","templated":true}]}}