{"id":32164,"date":"2024-12-09T20:50:00","date_gmt":"2024-12-09T19:50:00","guid":{"rendered":"https:\/\/www.afbrno.cz\/?post_type=kultura&#038;p=32164"},"modified":"2025-04-11T07:42:59","modified_gmt":"2025-04-11T05:42:59","slug":"marathon-de-theatre-2025","status":"publish","type":"kultura","link":"https:\/\/www.afbrno.cz\/fr\/kultura\/marathon-de-theatre-2025\/","title":{"rendered":"Marathon de th\u00e9\u00e2tre"},"content":{"rendered":"\n<p>2\u00e8me \u00e9dition du <strong>Marathon de th\u00e9\u00e2tre <\/strong>de la troupe lyc\u00e9enne Trapn\u00e9 Ticho du Gymn\u00e1zium Maty\u00e1\u0161e Lercha de Brno organis\u00e9e en collaboration avec le th\u00e9\u00e2tre BARKA.<\/p>\n\n\n\n<p><strong>Tous les spectacles seront pr\u00e9sent\u00e9s en fran\u00e7ais avec les surtitres en tch\u00e8que.<\/strong> <\/p>\n\n\n\n<div style=\"height:42px\" aria-hidden=\"true\" class=\"wp-block-spacer\"><\/div>\n\n\n\n<h2 class=\"wp-block-heading has-text-align-center\"><strong>Programme :<\/strong><\/h2>\n\n\n\n<div style=\"height:42px\" aria-hidden=\"true\" class=\"wp-block-spacer\"><\/div>\n\n\n\n<h5 class=\"wp-block-heading\">14h00 Le Chameau<\/h5>\n\n\n\n<p>Jusqu&rsquo;\u00e0 pr\u00e9sent, vous avez v\u00e9cu loin des chameaux. Aussi amical ou \u00e9l\u00e9gant ou fid\u00e8le qu&rsquo;il soit, vous teniez le chameau pour une dimension n\u00e9gligeable de l&rsquo;existence. Mais vous n&rsquo;imaginez pas tout ce qu&rsquo;un chameau, m\u00eame invisible, peut faire pour vous. Plut\u00f4t que de remplir votre vie d&rsquo;objets aussi froids et dispendieux qu&rsquo;inutiles, il suffirait de vous laisser tenter. Le chameau est une porte ouverte sur l&rsquo;imaginaire. Achetez un chameau ! Il comblera votre solitude et transfigurera votre vie.<\/p>\n\n\n\n<p>D&rsquo;apr\u00e8s <em>Le Chameau<\/em>  de D. Salomon.<\/p>\n\n\n\n<h5 class=\"wp-block-heading\"><br>14h30 La Dame de pique<\/h5>\n\n\n\n<p>Bien qu\u2019ayant h\u00e9rit\u00e9 suffisamment d&rsquo;argent pour vivre dans le confort et la s\u00e9curit\u00e9, Hermann passe toutes ses soir\u00e9es \u00e0 regarder ses amis jouer aux cartes. Sans jamais prendre le risque de miser. Cependant, lorsqu&rsquo;il apprend qu&rsquo;une vieille comtesse d\u00e9tient le secret des trois cartes gagnantes, il d\u00e9cide de s\u00e9duire sa pupille. Son objectif est clair&nbsp;: s\u2019emparer du secret des trois cartes qui lui assureront la fortune&nbsp;!<\/p>\n\n\n\n<p>D&rsquo;apr\u00e8s <em>La Dame de pique<\/em> d&rsquo;A. Pouchkine.<\/p>\n\n\n\n<h5 class=\"wp-block-heading\"><br>15h30 La S\u00e9r\u00e9nade<\/h5>\n\n\n\n<p>Sc\u00e8nes de la vie quotidienne dans un poulailler. Sous la surveillance sourcilleuse du coq, les trois poules \u2013 la blonde, la brune et la rousse \u2013 s\u2019appr\u00eatent \u00e0 aller se coucher. Seulement, le renard, \u00e0 la recherche d\u2019une proie, r\u00f4de. On bavarde, on se tourne autour, on s\u2019observe, on man\u0153uvre. Flirt. S\u00e9duction. Manipulation. Il suffirait d\u2019un instant d\u2019inattention pour que le pr\u00e9dateur remplisse sa besace.<\/p>\n\n\n\n<p>D&rsquo;apr\u00e8s <em>La S\u00e9r\u00e9nade<\/em> de S. Mro\u017cek.<\/p>\n\n\n\n<h5 class=\"wp-block-heading\"><br>16h30 Le Revizor<\/h5>\n\n\n\n<p>On vivait jusque-l\u00e0 en paix. On jouait aux cartes, on s\u2019offrait quelques verres, on prenait du bon temps. Le gouverneur savait fermer un \u0153il et ne se m\u00ealait gu\u00e8re de la vie de ses administr\u00e9s. Et les notables, modestement corrompus, prosp\u00e9raient modestement. Quand la rumeur s\u2019est abattue sur la petite bourgade russe comme la foudre. Saint-P\u00e9tersbourg a envoy\u00e9 un revizor ! Sit\u00f4t identifi\u00e9, l\u2019\u00e9tranger est l\u2019objet de toutes les flagorneries et agit comme le r\u00e9v\u00e9lateur des rivalit\u00e9s et des ambitions refoul\u00e9es de cette petite soci\u00e9t\u00e9 provinciale.<\/p>\n\n\n\n<p>D&rsquo;apr\u00e8s <em>Le Revizor<\/em> od N.V. Gogol.<\/p>\n\n\n\n<h5 class=\"wp-block-heading\"><br>17h45 Setk\u00e1n\u00ed se sebou \/ Rencontre avec soi-m\u00eame<\/h5>\n\n\n\n<p><strong><mark style=\"background-color:rgba(0, 0, 0, 0)\" class=\"has-inline-color has-red-color\">projet artistique<\/mark><\/strong><\/p>\n\n\n\n<p><strong>textes<\/strong> : Nikola Te\u0161narov\u00e1<\/p>\n\n\n\n<p><strong>musique <\/strong>: Adam Urv\u00e1lek<\/p>\n\n\n\n<p><strong>danse<\/strong> : Leonard Walletzk\u00fd et Kl\u00e1ra Bod\u00e1kov\u00e1<\/p>\n\n\n\n<p><strong>photographies <\/strong>: \u0160\u00e1rka Kunhartov\u00e1<\/p>\n\n\n\n<h5 class=\"wp-block-heading\"><br>18h15 Iphig\u00e9nie<\/h5>\n\n\n\n<p>Il n\u2019y a pas le moindre souffle de vent dans la baie d\u2019Aulis. Les guerriers grecs et les bateaux grecs sont \u00e0 l\u2019amarre et se morfondent. Dans l\u2019attente du souffle qui les conduira \u00e0 la guerre de Troie. Pour venger l\u2019honneur de M\u00e9n\u00e9las, dont la femme H\u00e9l\u00e8ne a \u00e9t\u00e9 enlev\u00e9e, ou pour venger l\u2019honneur des Grecs. La flotte grecque s\u2019impatiente et s\u2019exasp\u00e8re. Car les dieux ont parl\u00e9&nbsp;: il faut sacrifier Iphig\u00e9nie. Sacrifier Iphig\u00e9nie&nbsp;: voil\u00e0 ce que chacun sait et redoute et refuse. Mais, chacun se souvient, pourtant, que le sacrifice d\u2019Iphig\u00e9nie est in\u00e9luctable.<\/p>\n\n\n\n<p>D&rsquo;apr\u00e8s <em>Iphig\u00e9nie<\/em> de T. Rodrigues.<\/p>\n\n\n\n<h5 class=\"wp-block-heading\"><br>20h00 Faust<\/h5>\n\n\n\n<p>Le docteur Faust est un savant admir\u00e9, le g\u00e9nie de son temps. Durant ses longues ann\u00e9es de recherche, il s\u2019est fix\u00e9 pour but de comprendre la vie et d\u2019en livrer au monde la parfaite \u00e9quation&nbsp;; il s\u2019est jur\u00e9 de d\u00e9voiler les myst\u00e8res de la cr\u00e9ation et d\u2019atteindre l\u2019absolu. Mais le savoir est vain et la vie est br\u00e8ve. Faust est d\u00e9sormais un homme d\u00e9sesp\u00e9r\u00e9. Autant dire une proie facile pour le diable. Car M\u00e9phistoph\u00e9l\u00e8s veille. Une petite goutte de sang et le pacte est scell\u00e9. On conna\u00eet la suite de l\u2019histoire. Faust retrouve sa jeunesse enfuie, s\u2019\u00e9prend de Marguerite, la s\u00e9duit, la trahit et l\u2019entra\u00eene dans sa chute. Pourtant, de Dieu ou du Diable, \u00e0 qui appartient le dernier mot&nbsp;?<\/p>\n\n\n\n<p>D&rsquo;apr\u00e8s <em>Faust<\/em> de J.W. Goethe.<\/p>\n\n\n\n<div style=\"height:82px\" aria-hidden=\"true\" class=\"wp-block-spacer\"><\/div>\n\n\n\n<p><strong>A t\u00e9l\u00e9charger : <\/strong><\/p>\n\n\n\n<ul class=\"wp-block-list\">\n<li><a href=\"https:\/\/www.afbrno.cz\/wp-content\/uploads\/2025\/04\/Affiche-Marathon-de-theatre-2025.pdf\" target=\"_blank\" rel=\"noreferrer noopener\">affiche<\/a><\/li>\n\n\n\n<li><a href=\"https:\/\/www.afbrno.cz\/wp-content\/uploads\/2025\/04\/Trapne-Ticho-Marathon-2025-Depliant.pdf\" target=\"_blank\" rel=\"noreferrer noopener\">programme<\/a><\/li>\n<\/ul>\n\n\n\n<div style=\"height:56px\" aria-hidden=\"true\" class=\"wp-block-spacer\"><\/div>\n\n\n\n<p>Avec le soutien financier de la Ville de Brno.<\/p>\n\n\n\n<figure class=\"wp-block-image size-full is-resized\"><img loading=\"lazy\" decoding=\"async\" width=\"482\" height=\"217\" src=\"https:\/\/www.afbrno.cz\/wp-content\/uploads\/2024\/06\/Logo-mesto-Brno.png\" alt=\"\" class=\"wp-image-27886\" style=\"width:189px;height:auto\" srcset=\"https:\/\/www.afbrno.cz\/wp-content\/uploads\/2024\/06\/Logo-mesto-Brno.png 482w, https:\/\/www.afbrno.cz\/wp-content\/uploads\/2024\/06\/Logo-mesto-Brno-460x207.png 460w\" sizes=\"auto, (max-width: 482px) 100vw, 482px\" \/><\/figure>\n","protected":false},"excerpt":{"rendered":"<p>Divadlo BARKA<\/p>\n<p>2\u00e8me \u00e9dition du Marathon de th\u00e9\u00e2tre de la troupe lyc\u00e9enne Trapn\u00e9 Ticho du Gymn\u00e1zium Maty\u00e1\u0161e Lercha<\/p>\n","protected":false},"featured_media":32156,"parent":0,"template":"","zarazeni":[60],"class_list":["post-32164","kultura","type-kultura","status-publish","has-post-thumbnail","hentry","zarazeni-evenements-passes"],"acf":[],"_links":{"self":[{"href":"https:\/\/www.afbrno.cz\/fr\/wp-json\/wp\/v2\/kultura\/32164","targetHints":{"allow":["GET"]}}],"collection":[{"href":"https:\/\/www.afbrno.cz\/fr\/wp-json\/wp\/v2\/kultura"}],"about":[{"href":"https:\/\/www.afbrno.cz\/fr\/wp-json\/wp\/v2\/types\/kultura"}],"version-history":[{"count":11,"href":"https:\/\/www.afbrno.cz\/fr\/wp-json\/wp\/v2\/kultura\/32164\/revisions"}],"predecessor-version":[{"id":32190,"href":"https:\/\/www.afbrno.cz\/fr\/wp-json\/wp\/v2\/kultura\/32164\/revisions\/32190"}],"wp:featuredmedia":[{"embeddable":true,"href":"https:\/\/www.afbrno.cz\/fr\/wp-json\/wp\/v2\/media\/32156"}],"wp:attachment":[{"href":"https:\/\/www.afbrno.cz\/fr\/wp-json\/wp\/v2\/media?parent=32164"}],"wp:term":[{"taxonomy":"zarazeni","embeddable":true,"href":"https:\/\/www.afbrno.cz\/fr\/wp-json\/wp\/v2\/zarazeni?post=32164"}],"curies":[{"name":"wp","href":"https:\/\/api.w.org\/{rel}","templated":true}]}}