{"id":31839,"date":"2025-01-01T10:00:00","date_gmt":"2025-01-01T09:00:00","guid":{"rendered":"https:\/\/www.afbrno.cz\/?post_type=kultura&#038;p=31839"},"modified":"2026-01-29T20:40:40","modified_gmt":"2026-01-29T19:40:40","slug":"montserrat-20250330","status":"publish","type":"kultura","link":"https:\/\/www.afbrno.cz\/fr\/kultura\/montserrat-20250330\/","title":{"rendered":"Montserrat"},"content":{"rendered":"\n<p>Au d\u00e9but du XIXe&nbsp;si\u00e8cle, l\u2019Am\u00e9rique latine est secou\u00e9e par des r\u00e9voltes visant l\u2019\u00e9mancipation de la couronne espagnole. A la t\u00eate des insurg\u00e9s, Simon Bolivar est sur le point d\u2019\u00eatre arr\u00eat\u00e9 par Izquierdo, un officier de l\u2019arm\u00e9e espagnole. Mais Bolivar parvient \u00e0 s\u2019\u00e9chapper. Izquierdo comprend alors qu\u2019un de ses officiers, Montserrat, est un tra\u00eetre.<\/p>\n\n\n\n<p id=\"viewer-fna7x103\">Pour le faire parler, Izquierdo menace de fusiller des innocents, pris au hasard dans la rue.<\/p>\n\n\n\n<p id=\"viewer-lvnh92011\">La pi\u00e8ce raconte l\u2019affrontement tragique entre Izquierdo, serviteur fanatique de la monarchie espagnole, et Montserrat, d\u00e9fenseur des populations opprim\u00e9es d\u2019Am\u00e9rique latine. A travers ce drame historique aux accents tragiques, Emmanuel Robl\u00e8s \u00e9voque la lutte des peuples pour l\u2019ind\u00e9pendance et interroge la dimension sacrificielle de la politique.<\/p>\n\n\n\n<p id=\"viewer-n3svr3091\">Quel prix l\u2019homme est-il pr\u00eat \u00e0 payer pour la libert\u00e9&nbsp;?<\/p>\n\n\n\n<p>Sur un texte d\u2019Emmanuel Robl\u00e8s, la dramaturgie a \u00e9t\u00e9 pr\u00e9par\u00e9e et mise en sc\u00e8ne par Thierry Saint Arnoult et les \u00e9l\u00e8ves du lyc\u00e9e Maty\u00e1\u0161 Lerch de Brno (acteurs et actrices de la troupe de th\u00e9\u00e2tre Trapn\u00e9 Ticho).<\/p>\n\n\n\n<p><strong>Avec :<\/strong>&nbsp;Barbora Havelkov\u00e1, Luk\u00e1\u0161&nbsp;Kavin, Johana Kol\u00e1\u0159ov\u00e1, Anna Kurowsk\u00e1, Kry\u0161tof Ml\u010doch, David Neuman, Tereza Novotn\u00e1, Lea Pet\u0159ivalsk\u00e1, Laura Sorger, Martin Svadb\u00edk, Maxmili\u00e1n \u0160ime\u010dek, Aneta \u017d\u00e1\u010dkov\u00e1<\/p>\n\n\n\n<p>Aucune r\u00e9servation pr\u00e9alable. Entr\u00e9e libre.<\/p>\n\n\n\n<p>Un enregistrement photographique et\/ou audiovisuel de l&rsquo;\u00e9v\u00e9nement peut \u00eatre r\u00e9alis\u00e9. Le mat\u00e9riel peut \u00eatre publi\u00e9.<\/p>\n\n\n\n<div style=\"height:45px\" aria-hidden=\"true\" class=\"wp-block-spacer\"><\/div>\n\n\n\n<p>\u00c9v\u00e9nement organis\u00e9 dans le cadre des\u00a0<a href=\"https:\/\/www.afbrno.cz\/fr\/zarazeni\/journees-de-la-francophonie\/\">Journ\u00e9es de la francophonie<\/a>.<\/p>\n\n\n\n<div style=\"height:45px\" aria-hidden=\"true\" class=\"wp-block-spacer\"><\/div>\n\n\n\n<p>Avec le soutien financier de la Ville de Brno.<\/p>\n\n\n\n<figure class=\"wp-block-image size-full is-resized\"><img loading=\"lazy\" decoding=\"async\" width=\"482\" height=\"217\" src=\"https:\/\/www.afbrno.cz\/wp-content\/uploads\/2024\/06\/Logo-mesto-Brno.png\" alt=\"\" class=\"wp-image-27886\" style=\"width:189px;height:auto\" srcset=\"https:\/\/www.afbrno.cz\/wp-content\/uploads\/2024\/06\/Logo-mesto-Brno.png 482w, https:\/\/www.afbrno.cz\/wp-content\/uploads\/2024\/06\/Logo-mesto-Brno-460x207.png 460w\" sizes=\"auto, (max-width: 482px) 100vw, 482px\" \/><\/figure>\n","protected":false},"excerpt":{"rendered":"<p>Journ\u00e9e de la francophonie \u2013 Lumos<\/p>\n<p>Un drame c\u00e9l\u00e8bre d\u2019Emmanuel Robl\u00e8s interpr\u00e9t\u00e9 par la troupe de th\u00e9\u00e2tre fran\u00e7aise du lyc\u00e9e Maty\u00e1\u0161 Lerch<\/p>\n","protected":false},"featured_media":31835,"parent":0,"template":"","zarazeni":[60],"class_list":["post-31839","kultura","type-kultura","status-publish","has-post-thumbnail","hentry","zarazeni-evenements-passes"],"acf":[],"_links":{"self":[{"href":"https:\/\/www.afbrno.cz\/fr\/wp-json\/wp\/v2\/kultura\/31839","targetHints":{"allow":["GET"]}}],"collection":[{"href":"https:\/\/www.afbrno.cz\/fr\/wp-json\/wp\/v2\/kultura"}],"about":[{"href":"https:\/\/www.afbrno.cz\/fr\/wp-json\/wp\/v2\/types\/kultura"}],"version-history":[{"count":3,"href":"https:\/\/www.afbrno.cz\/fr\/wp-json\/wp\/v2\/kultura\/31839\/revisions"}],"predecessor-version":[{"id":31842,"href":"https:\/\/www.afbrno.cz\/fr\/wp-json\/wp\/v2\/kultura\/31839\/revisions\/31842"}],"wp:featuredmedia":[{"embeddable":true,"href":"https:\/\/www.afbrno.cz\/fr\/wp-json\/wp\/v2\/media\/31835"}],"wp:attachment":[{"href":"https:\/\/www.afbrno.cz\/fr\/wp-json\/wp\/v2\/media?parent=31839"}],"wp:term":[{"taxonomy":"zarazeni","embeddable":true,"href":"https:\/\/www.afbrno.cz\/fr\/wp-json\/wp\/v2\/zarazeni?post=31839"}],"curies":[{"name":"wp","href":"https:\/\/api.w.org\/{rel}","templated":true}]}}