{"id":31812,"date":"2025-01-05T10:30:00","date_gmt":"2025-01-05T09:30:00","guid":{"rendered":"https:\/\/www.afbrno.cz\/?post_type=kultura&#038;p=31812"},"modified":"2026-01-29T20:40:30","modified_gmt":"2026-01-29T19:40:30","slug":"faust-20250327","status":"publish","type":"kultura","link":"https:\/\/www.afbrno.cz\/fr\/kultura\/faust-20250327\/","title":{"rendered":"Faust"},"content":{"rendered":"\n<p>Le docteur Faust est un savant admir\u00e9, le g\u00e9nie de son temps. Durant ses longues ann\u00e9es de recherche, il s\u2019est fix\u00e9 pour but de comprendre la vie et d\u2019en livrer au monde la parfaite \u00e9quation&nbsp;; il s\u2019est jur\u00e9 de d\u00e9voiler les myst\u00e8res de la cr\u00e9ation et d\u2019atteindre l\u2019absolu. Mais le savoir est vain et la vie est br\u00e8ve. Faust est d\u00e9sormais un homme d\u00e9sesp\u00e9r\u00e9.<\/p>\n\n\n\n<p>Autant dire une proie facile pour le diable.<\/p>\n\n\n\n<p>Car M\u00e9phistoph\u00e9l\u00e8s veille. Une petite goutte de sang et le pacte est scell\u00e9.<\/p>\n\n\n\n<p>On conna\u00eet la suite de l\u2019histoire. Faust retrouve sa jeunesse enfuie, s\u2019\u00e9prend de Marguerite, la s\u00e9duit, la trahit et l\u2019entra\u00eene dans sa chute.<\/p>\n\n\n\n<p>Pourtant, de Dieu ou du Diable, \u00e0 qui appartient le dernier mot&nbsp;?<\/p>\n\n\n\n<p><strong>Spectacle en fran\u00e7ais avec les sous-titres en tch\u00e8que.<\/strong><\/p>\n\n\n\n<p>Sur un texte de J.W. Goethe traduit par G\u00e9rard de Nerval, la dramaturgie a \u00e9t\u00e9 pr\u00e9par\u00e9e et mise en sc\u00e8ne par Thierry Saint Arnoult et les \u00e9l\u00e8ves du lyc\u00e9e Maty\u00e1\u0161 Lerch de Brno (acteurs et actrices de la troupe de th\u00e9\u00e2tre Trapn\u00e9 Ticho).<\/p>\n\n\n\n<p><strong>Avec :<\/strong>&nbsp;Sofia Alexandra Aubry,&nbsp;Karol\u00edna Sarah Baxov\u00e1,&nbsp;Krist\u00fdna Badov\u00e1,&nbsp;Kl\u00e1ra Bod\u00e1kov\u00e1, Zuzana Bod\u00e1kov\u00e1,&nbsp;Mila Koblihov\u00e1,&nbsp;Veronika Ko\u017eiakov\u00e1,&nbsp;Martina Nov\u00e1kov\u00e1,&nbsp;Ema Ondrov\u00e1, Sofie Samkov\u00e1, Tom\u00e1\u0161 Sedl\u00e1\u010dek, Magdalena Sl\u00e1dkov\u00e1, Ane\u017eka \u0160t\u011bpkov\u00e1, Justina Tomanov\u00e1, \u0160imona Va\u0148kov\u00e1, Anna Gloria Vitrykus, Leonard Walletzk\u00fd, Veronika Wessely<\/p>\n\n\n\n<p>Aucune r\u00e9servation pr\u00e9alable. Entr\u00e9e libre.<\/p>\n\n\n\n<p><strong>Acc\u00e8s par l&rsquo;entr\u00e9e de service situ\u00e9e \u00e0 l&rsquo;arri\u00e8re de l&rsquo;atrium.<\/strong><\/p>\n\n\n\n<p>Cr\u00e9dits photo \u00a9 Juraj Ko\u017eiak<\/p>\n\n\n\n<p>Un enregistrement photographique et\/ou audiovisuel de l&rsquo;\u00e9v\u00e9nement peut \u00eatre r\u00e9alis\u00e9. Le mat\u00e9riel peut \u00eatre publi\u00e9.<\/p>\n\n\n\n<div style=\"height:45px\" aria-hidden=\"true\" class=\"wp-block-spacer\"><\/div>\n\n\n\n<p>\u00c9v\u00e9nement organis\u00e9 dans le cadre des&nbsp;<a href=\"https:\/\/www.afbrno.cz\/fr\/zarazeni\/journees-de-la-francophonie\/\">Journ\u00e9es de la francophonie<\/a>.<\/p>\n\n\n\n<div style=\"height:45px\" aria-hidden=\"true\" class=\"wp-block-spacer\"><\/div>\n\n\n\n<p>Avec le soutien financier de la Ville de Brno.&nbsp;<\/p>\n\n\n\n<figure class=\"wp-block-image size-full is-resized\"><img loading=\"lazy\" decoding=\"async\" width=\"482\" height=\"217\" src=\"https:\/\/www.afbrno.cz\/wp-content\/uploads\/2024\/06\/Logo-mesto-Brno.png\" alt=\"\" class=\"wp-image-27886\" style=\"width:189px;height:auto\" srcset=\"https:\/\/www.afbrno.cz\/wp-content\/uploads\/2024\/06\/Logo-mesto-Brno.png 482w, https:\/\/www.afbrno.cz\/wp-content\/uploads\/2024\/06\/Logo-mesto-Brno-460x207.png 460w\" sizes=\"auto, (max-width: 482px) 100vw, 482px\" \/><\/figure>\n","protected":false},"excerpt":{"rendered":"<p>Journ\u00e9e de la francophonie \u2013 Divadlo na Orl\u00ed<\/p>\n<p>Le mythe de Faust interpr\u00e9t\u00e9 par la troupe de th\u00e9\u00e2tre fran\u00e7aise du lyc\u00e9e Maty\u00e1\u0161 Lerch<\/p>\n","protected":false},"featured_media":31809,"parent":0,"template":"","zarazeni":[60],"class_list":["post-31812","kultura","type-kultura","status-publish","has-post-thumbnail","hentry","zarazeni-evenements-passes"],"acf":[],"_links":{"self":[{"href":"https:\/\/www.afbrno.cz\/fr\/wp-json\/wp\/v2\/kultura\/31812","targetHints":{"allow":["GET"]}}],"collection":[{"href":"https:\/\/www.afbrno.cz\/fr\/wp-json\/wp\/v2\/kultura"}],"about":[{"href":"https:\/\/www.afbrno.cz\/fr\/wp-json\/wp\/v2\/types\/kultura"}],"version-history":[{"count":5,"href":"https:\/\/www.afbrno.cz\/fr\/wp-json\/wp\/v2\/kultura\/31812\/revisions"}],"predecessor-version":[{"id":32200,"href":"https:\/\/www.afbrno.cz\/fr\/wp-json\/wp\/v2\/kultura\/31812\/revisions\/32200"}],"wp:featuredmedia":[{"embeddable":true,"href":"https:\/\/www.afbrno.cz\/fr\/wp-json\/wp\/v2\/media\/31809"}],"wp:attachment":[{"href":"https:\/\/www.afbrno.cz\/fr\/wp-json\/wp\/v2\/media?parent=31812"}],"wp:term":[{"taxonomy":"zarazeni","embeddable":true,"href":"https:\/\/www.afbrno.cz\/fr\/wp-json\/wp\/v2\/zarazeni?post=31812"}],"curies":[{"name":"wp","href":"https:\/\/api.w.org\/{rel}","templated":true}]}}