{"id":31721,"date":"2025-01-05T11:00:00","date_gmt":"2025-01-05T10:00:00","guid":{"rendered":"https:\/\/www.afbrno.cz\/?post_type=kultura&#038;p=31721"},"modified":"2026-01-29T20:40:26","modified_gmt":"2026-01-29T19:40:26","slug":"camera-dafrique-20-ans-de-cinema-africain","status":"publish","type":"kultura","link":"https:\/\/www.afbrno.cz\/fr\/kultura\/camera-dafrique-20-ans-de-cinema-africain\/","title":{"rendered":"Cam\u00e9ra d&rsquo;Afrique &#8211; 20 ans de cin\u00e9ma africain"},"content":{"rendered":"\n<p>R\u00e9alisation : F\u00e9rid Boughedir<\/p>\n\n\n\n<p>Documentaire | Tunis (1983, 90 min.)<\/p>\n\n\n\n<p>VO sous-titr\u00e9e en anglais.<\/p>\n\n\n\n<p>Apr\u00e8s plus d\u2019un demi-si\u00e8cle de cin\u00e9ma colonial utilisant l\u2019Afrique comme un d\u00e9cor exotique, souvent en d\u00e9ni de l\u2019humanit\u00e9 et de la dignit\u00e9 de ses habitants, 70 ans apr\u00e8s l\u2019invention du cin\u00e9ma, des Africains devenus ind\u00e9pendants s\u2019emparent enfin de cette cam\u00e9ra trop longtemps interdite. Malgr\u00e9 l\u2019absence totale de moyens et d\u2019infrastructures, filmant contre les impossibles, utilisant tout soutien africain ou \u00e9tranger, ils essayent de dire les r\u00e9alit\u00e9s de l\u2019Afrique dans sa multiplicit\u00e9 et sa diversit\u00e9, enfin vues par des yeux africains. Cam\u00e9ra d\u2019Afrique, le fruit d\u2019un tournage qui s\u2019est \u00e9chelonn\u00e9 sur dix ans, raconte les 20 premi\u00e8res ann\u00e9es de ces nouveaux \u00ab Cin\u00e9mas d\u2019auteur \u00bb n\u00e9s en Afrique subsaharienne, et t\u00e9moignant d\u2019une soif de montrer et d\u2019exprimer in\u00e9dite, non apais\u00e9e \u00e0 ce jour.<\/p>\n\n\n\n<p><\/p>\n\n\n\n<p>Projection organis\u00e9e dans le cadre des <a href=\"https:\/\/www.afbrno.cz\/fr\/zarazeni\/journees-de-la-francophonie\/\" target=\"_blank\" rel=\"noreferrer noopener\">Journ\u00e9es de la francophonie<\/a>.<\/p>\n\n\n\n<p>Manifestation organis\u00e9e avec l\u2019appui de l\u2019Institut fran\u00e7ais.<\/p>\n\n\n\n<figure class=\"wp-block-image size-full is-resized\"><img loading=\"lazy\" decoding=\"async\" width=\"852\" height=\"591\" src=\"https:\/\/www.afbrno.cz\/wp-content\/uploads\/2024\/05\/IF_Logo_Sans_Bleu_RVB.png\" alt=\"\" class=\"wp-image-29044\" style=\"width:166px;height:auto\" srcset=\"https:\/\/www.afbrno.cz\/wp-content\/uploads\/2024\/05\/IF_Logo_Sans_Bleu_RVB.png 852w, https:\/\/www.afbrno.cz\/wp-content\/uploads\/2024\/05\/IF_Logo_Sans_Bleu_RVB-460x319.png 460w, https:\/\/www.afbrno.cz\/wp-content\/uploads\/2024\/05\/IF_Logo_Sans_Bleu_RVB-768x533.png 768w\" sizes=\"auto, (max-width: 852px) 100vw, 852px\" \/><\/figure>\n\n\n\n<p>Avec le soutien financier de la Ville de Brno.<\/p>\n\n\n\n<figure class=\"wp-block-image size-full is-resized\"><img loading=\"lazy\" decoding=\"async\" width=\"482\" height=\"217\" src=\"https:\/\/www.afbrno.cz\/wp-content\/uploads\/2024\/06\/Logo-mesto-Brno.png\" alt=\"\" class=\"wp-image-27886\" style=\"width:189px;height:auto\" srcset=\"https:\/\/www.afbrno.cz\/wp-content\/uploads\/2024\/06\/Logo-mesto-Brno.png 482w, https:\/\/www.afbrno.cz\/wp-content\/uploads\/2024\/06\/Logo-mesto-Brno-460x207.png 460w\" sizes=\"auto, (max-width: 482px) 100vw, 482px\" \/><\/figure>\n","protected":false},"excerpt":{"rendered":"<p>Journ\u00e9es de la francophonie &#8211; Kino Art<\/p>\n<p>Documentaire sur le cin\u00e9ma africain libre \u00e0 l&rsquo;\u00e8re postcoloniale<\/p>\n","protected":false},"featured_media":31713,"parent":0,"template":"","zarazeni":[60],"class_list":["post-31721","kultura","type-kultura","status-publish","has-post-thumbnail","hentry","zarazeni-evenements-passes"],"acf":[],"_links":{"self":[{"href":"https:\/\/www.afbrno.cz\/fr\/wp-json\/wp\/v2\/kultura\/31721","targetHints":{"allow":["GET"]}}],"collection":[{"href":"https:\/\/www.afbrno.cz\/fr\/wp-json\/wp\/v2\/kultura"}],"about":[{"href":"https:\/\/www.afbrno.cz\/fr\/wp-json\/wp\/v2\/types\/kultura"}],"version-history":[{"count":3,"href":"https:\/\/www.afbrno.cz\/fr\/wp-json\/wp\/v2\/kultura\/31721\/revisions"}],"predecessor-version":[{"id":31727,"href":"https:\/\/www.afbrno.cz\/fr\/wp-json\/wp\/v2\/kultura\/31721\/revisions\/31727"}],"wp:featuredmedia":[{"embeddable":true,"href":"https:\/\/www.afbrno.cz\/fr\/wp-json\/wp\/v2\/media\/31713"}],"wp:attachment":[{"href":"https:\/\/www.afbrno.cz\/fr\/wp-json\/wp\/v2\/media?parent=31721"}],"wp:term":[{"taxonomy":"zarazeni","embeddable":true,"href":"https:\/\/www.afbrno.cz\/fr\/wp-json\/wp\/v2\/zarazeni?post=31721"}],"curies":[{"name":"wp","href":"https:\/\/api.w.org\/{rel}","templated":true}]}}