{"id":31200,"date":"2024-12-09T22:00:08","date_gmt":"2024-12-09T21:00:08","guid":{"rendered":"https:\/\/www.afbrno.cz\/?post_type=kultura&#038;p=31200"},"modified":"2025-04-07T18:13:12","modified_gmt":"2025-04-07T16:13:12","slug":"hiroshima-mon-amour","status":"publish","type":"kultura","link":"https:\/\/www.afbrno.cz\/fr\/kultura\/hiroshima-mon-amour\/","title":{"rendered":"Hiroshima mon amour"},"content":{"rendered":"\n<p>France, Japon, 1959, 1h31<\/p>\n\n\n\n<p>R\u00e9alisation : Alain Resnais<\/p>\n\n\n\n<p>Avec : Emmanuelle Riva,&nbsp;Okoda Eiji,&nbsp;Stella Dassas<\/p>\n\n\n\n<p>Une actrice fran\u00e7aise tourne un film pacifiste au Japon. Elle a une br\u00e8ve liaison avec un architecte japonais, ils parlent, dans une chambre d&rsquo;h\u00f4tel, dans un bar, dans la nuit. Elle parle d&rsquo;elle, jeune fille de Nevers qui a un jour, dans la France occup\u00e9e, aim\u00e9 un soldat allemand&#8230; Elle parle d&rsquo;elle, douloureuse, radieuse, terrifi\u00e9e, apais\u00e9e.<\/p>\n\n\n\n<p>VO sous-titr\u00e9e en anglais suivie d\u2019un d\u00e9bat.<\/p>\n\n\n\n<p>Projection organis\u00e9e dans le cadre du&nbsp;<a href=\"https:\/\/www.afbrno.cz\/fr\/zarazeni\/cine-club\/\" target=\"_blank\" rel=\"noreferrer noopener\">cin\u00e9 club Pomez\u00ed<\/a>.<\/p>\n\n\n\n<p>Manifestation organis\u00e9e avec l\u2019appui de l\u2019Institut fran\u00e7ais.<\/p>\n\n\n\n<figure class=\"wp-block-image size-full is-resized\"><img loading=\"lazy\" decoding=\"async\" width=\"852\" height=\"591\" src=\"https:\/\/www.afbrno.cz\/wp-content\/uploads\/2024\/05\/IF_Logo_Sans_Bleu_RVB.png\" alt=\"\" class=\"wp-image-29044\" style=\"width:166px;height:auto\" srcset=\"https:\/\/www.afbrno.cz\/wp-content\/uploads\/2024\/05\/IF_Logo_Sans_Bleu_RVB.png 852w, https:\/\/www.afbrno.cz\/wp-content\/uploads\/2024\/05\/IF_Logo_Sans_Bleu_RVB-460x319.png 460w, https:\/\/www.afbrno.cz\/wp-content\/uploads\/2024\/05\/IF_Logo_Sans_Bleu_RVB-768x533.png 768w\" sizes=\"auto, (max-width: 852px) 100vw, 852px\" \/><\/figure>\n\n\n\n<p>Avec le soutien financier de la Ville de Brno.<\/p>\n\n\n\n<figure class=\"wp-block-image size-full is-resized\"><img loading=\"lazy\" decoding=\"async\" width=\"482\" height=\"217\" src=\"https:\/\/www.afbrno.cz\/wp-content\/uploads\/2024\/06\/Logo-mesto-Brno.png\" alt=\"\" class=\"wp-image-27886\" style=\"width:189px;height:auto\" srcset=\"https:\/\/www.afbrno.cz\/wp-content\/uploads\/2024\/06\/Logo-mesto-Brno.png 482w, https:\/\/www.afbrno.cz\/wp-content\/uploads\/2024\/06\/Logo-mesto-Brno-460x207.png 460w\" sizes=\"auto, (max-width: 482px) 100vw, 482px\" \/><\/figure>\n\n\n\n<p><\/p>\n","protected":false},"excerpt":{"rendered":"<p>Cin\u00e9 club<\/p>\n<p>Film cl\u00e9 de la nouvelle vague. Un film d\u2019une grande force qui m\u00e9rite d\u2019\u00eatre vu plus d\u2019une fois.<\/p>\n","protected":false},"featured_media":31197,"parent":0,"template":"","zarazeni":[60],"class_list":["post-31200","kultura","type-kultura","status-publish","has-post-thumbnail","hentry","zarazeni-evenements-passes"],"acf":[],"_links":{"self":[{"href":"https:\/\/www.afbrno.cz\/fr\/wp-json\/wp\/v2\/kultura\/31200","targetHints":{"allow":["GET"]}}],"collection":[{"href":"https:\/\/www.afbrno.cz\/fr\/wp-json\/wp\/v2\/kultura"}],"about":[{"href":"https:\/\/www.afbrno.cz\/fr\/wp-json\/wp\/v2\/types\/kultura"}],"version-history":[{"count":3,"href":"https:\/\/www.afbrno.cz\/fr\/wp-json\/wp\/v2\/kultura\/31200\/revisions"}],"predecessor-version":[{"id":32110,"href":"https:\/\/www.afbrno.cz\/fr\/wp-json\/wp\/v2\/kultura\/31200\/revisions\/32110"}],"wp:featuredmedia":[{"embeddable":true,"href":"https:\/\/www.afbrno.cz\/fr\/wp-json\/wp\/v2\/media\/31197"}],"wp:attachment":[{"href":"https:\/\/www.afbrno.cz\/fr\/wp-json\/wp\/v2\/media?parent=31200"}],"wp:term":[{"taxonomy":"zarazeni","embeddable":true,"href":"https:\/\/www.afbrno.cz\/fr\/wp-json\/wp\/v2\/zarazeni?post=31200"}],"curies":[{"name":"wp","href":"https:\/\/api.w.org\/{rel}","templated":true}]}}