{"id":31174,"date":"2024-12-14T22:56:53","date_gmt":"2024-12-14T21:56:53","guid":{"rendered":"https:\/\/www.afbrno.cz\/?post_type=kultura&#038;p=31174"},"modified":"2024-12-14T21:06:35","modified_gmt":"2024-12-14T20:06:35","slug":"les-gars-den-bas-20250113","status":"publish","type":"kultura","link":"https:\/\/www.afbrno.cz\/fr\/kultura\/les-gars-den-bas-20250113\/","title":{"rendered":"Les gars d&rsquo;en bas"},"content":{"rendered":"\n<p>Les gars d&rsquo;en bas est un groupe de musique acoustique franco-tch\u00e8que qui joue ses propres compositions bas\u00e9es sur la tradition du gyspy-swing, de la chanson fran\u00e7aise et du jazz, mais aussi parfois du rap ou du rock&rsquo;n&rsquo;roll.<\/p>\n\n\n\n<p>Au cours des quinze derni\u00e8res ann\u00e9es, le groupe a voyag\u00e9 dans toute l&rsquo;Europe et a accumul\u00e9 beaucoup d&rsquo;inspirations et d&rsquo;exp\u00e9riences sur la route, que ce groupe ram\u00e8nent \u00e0 Brno apr\u00e8s presque cinq ans !<\/p>\n\n\n\n<p><strong>Les Gars d&rsquo;en bas :<\/strong><\/p>\n\n\n\n<p><strong>Gr\u00e9goire Brun<\/strong>, contrebasse, guitare, chanteur principal<\/p>\n\n\n\n<p><strong>Maxime L&rsquo;Hermitte<\/strong>, guitare<\/p>\n\n\n\n<p><strong>Mat\u011bj Heinzl<\/strong>, clarinette<\/p>\n\n\n\n<p><strong>Vojt\u011bch Vasko<\/strong>, accord\u00e9on, contrebasse<\/p>\n\n\n\n<p><strong>Zden\u011bk Tom\u00e1nek<\/strong>, saxophon<\/p>\n\n\n\n<p><\/p>\n\n\n\n<p>Suivez l&rsquo;\u00e9v\u00e9nement sur le <a href=\"http:\/\/www.lgdb.eu\" data-type=\"link\" data-id=\"http:\/\/www.lgdb.eu\" target=\"_blank\" rel=\"noreferrer noopener\">site web<\/a> du groupe et sur les r\u00e9seaux sociaux :<\/p>\n\n\n\n<ul class=\"wp-block-social-links is-layout-flex wp-block-social-links-is-layout-flex\"><li class=\"wp-social-link wp-social-link-facebook  wp-block-social-link\"><a href=\"https:\/\/www.facebook.com\/events\/528116719971551\" class=\"wp-block-social-link-anchor\" target=\"_blank\" rel=\"noopener\"><svg width=\"24\" height=\"24\" viewBox=\"0 0 24 24\" version=\"1.1\" xmlns=\"http:\/\/www.w3.org\/2000\/svg\" aria-hidden=\"true\" focusable=\"false\"><path d=\"M12 2C6.5 2 2 6.5 2 12c0 5 3.7 9.1 8.4 9.9v-7H7.9V12h2.5V9.8c0-2.5 1.5-3.9 3.8-3.9 1.1 0 2.2.2 2.2.2v2.5h-1.3c-1.2 0-1.6.8-1.6 1.6V12h2.8l-.4 2.9h-2.3v7C18.3 21.1 22 17 22 12c0-5.5-4.5-10-10-10z\"><\/path><\/svg><span class=\"wp-block-social-link-label screen-reader-text\">Facebook<\/span><\/a><\/li><\/ul>\n","protected":false},"excerpt":{"rendered":"<p>Concert<\/p>\n<p>Le groupe l\u00e9gendaire franco-tch\u00e8que revient \u00e0 Brno apr\u00e8s cinq ans !<\/p>\n","protected":false},"featured_media":30814,"parent":0,"template":"","zarazeni":[60],"class_list":["post-31174","kultura","type-kultura","status-publish","has-post-thumbnail","hentry","zarazeni-evenements-passes"],"acf":[],"_links":{"self":[{"href":"https:\/\/www.afbrno.cz\/fr\/wp-json\/wp\/v2\/kultura\/31174","targetHints":{"allow":["GET"]}}],"collection":[{"href":"https:\/\/www.afbrno.cz\/fr\/wp-json\/wp\/v2\/kultura"}],"about":[{"href":"https:\/\/www.afbrno.cz\/fr\/wp-json\/wp\/v2\/types\/kultura"}],"version-history":[{"count":4,"href":"https:\/\/www.afbrno.cz\/fr\/wp-json\/wp\/v2\/kultura\/31174\/revisions"}],"predecessor-version":[{"id":31180,"href":"https:\/\/www.afbrno.cz\/fr\/wp-json\/wp\/v2\/kultura\/31174\/revisions\/31180"}],"wp:featuredmedia":[{"embeddable":true,"href":"https:\/\/www.afbrno.cz\/fr\/wp-json\/wp\/v2\/media\/30814"}],"wp:attachment":[{"href":"https:\/\/www.afbrno.cz\/fr\/wp-json\/wp\/v2\/media?parent=31174"}],"wp:term":[{"taxonomy":"zarazeni","embeddable":true,"href":"https:\/\/www.afbrno.cz\/fr\/wp-json\/wp\/v2\/zarazeni?post=31174"}],"curies":[{"name":"wp","href":"https:\/\/api.w.org\/{rel}","templated":true}]}}