{"id":29472,"date":"2024-09-02T17:48:04","date_gmt":"2024-09-02T15:48:04","guid":{"rendered":"https:\/\/www.afbrno.cz\/?post_type=kultura&#038;p=29472"},"modified":"2024-10-14T19:54:33","modified_gmt":"2024-10-14T17:54:33","slug":"guy-pradel","status":"publish","type":"kultura","link":"https:\/\/www.afbrno.cz\/fr\/kultura\/guy-pradel\/","title":{"rendered":"Guy Pradel &#8211; reziden\u010dn\u00ed um\u011blec KREILU"},"content":{"rendered":"\n<p><strong>ilustrace, komiksy a fanziny<\/strong><\/p>\n\n\n\n<p><strong>Guy Pradel (*1998)<br><\/strong>Mlad\u00fd francouzsk\u00fd v\u00fdtvarn\u00edk zam\u011b\u0159uj\u00edc\u00ed se na komiks, ilustraci a tvorbu fanzin\u016f. Je prvn\u00edm rezidentem v r\u00e1mci programu um\u011bleck\u00fdch rezidenc\u00ed <strong>KREILU<\/strong> (<strong>K<\/strong>reativn\u00ed <strong>RE<\/strong>zidence pro <strong>ILU<\/strong>str\u00e1tory). Studoval na&nbsp;\u00c9cole sup\u00e9rieure d\u2019art de&nbsp;Clermont M\u00e9tropole (ESACM) a n\u00e1sledn\u011b v&nbsp;ateli\u00e9ru ilustrace Haute \u00e9cole des arts du&nbsp;Rhin (HEAR) ve&nbsp;\u0160trasburku, kterou absolvoval v roce 2014. \u017dije a pracuje ve \u0160trasburku.<\/p>\n\n\n\n<p><a href=\"https:\/\/guypradel.fr\" target=\"_blank\" rel=\"noreferrer noopener\">https:\/\/guypradel.fr<\/a><\/p>\n\n\n\n<p>Odbor kultury Magistr\u00e1tu m\u011bsta Brna ve spolupr\u00e1ci s Knihovnou Ji\u0159\u00edho Mahena v Brn\u011b, Central Vapeur ve \u0160trasburku, Francouzsk\u00fdm institutem v Praze a \u010cesk\u00fdm centrem v Pa\u0159\u00ed\u017ei inicioval&nbsp;<strong>program reziden\u010dn\u00edch pobyt\u016f pro francouzsk\u00e9 ilustr\u00e1tory v Brn\u011b<\/strong>. Program <em>KREILU<\/em>&nbsp;(Kreativn\u00ed REzidence pro ILUstr\u00e1tory) je sou\u010d\u00e1st\u00ed \u0161ir\u0161\u00edho reziden\u010dn\u00edho programu mezi Franci\u00ed a&nbsp;\u010ceskou republikou pod zna\u010dkou <strong>Villa Boh\u00eama<\/strong>. C\u00edlem je podpo\u0159it&nbsp;<strong>tradi\u010dn\u00ed oblast kni\u017en\u00ed ilustrace v \u010cesku<\/strong>, kterou reprezentuj\u00ed osobnosti jako V\u00e1clav Hollar, Josef Lada, Adolf Born, Karel \u010capek \u010di Ji\u0159\u00ed Trnka. V\u00fdznamn\u00e1 stopa \u010desk\u00e9 ilustrace je patrn\u00e1 i v Brn\u011b, zejm\u00e9na d\u00edky m\u00edstn\u00edmu rod\u00e1ku Ond\u0159eji Sekorovi \u010di celosv\u011btov\u011b uzn\u00e1van\u00e9mu Petru S\u00edsovi.<\/p>\n\n\n\n<p>V\u016fbec prvn\u00edm rezidentem v&nbsp;r\u00e1mci programu&nbsp;<em>KREILU<\/em>&nbsp;je&nbsp;<strong>Guy Pradel<\/strong>&nbsp;ze \u0160trasburku, kter\u00fd v&nbsp;Brn\u011b str\u00e1v\u00ed cel\u00e9 z\u00e1\u0159\u00ed. B\u011bhem sv\u00e9ho pobytu uskute\u010dn\u00ed&nbsp;<strong>v\u00fdstavu v prostor\u00e1ch Knihovny Ji\u0159\u00edho Mahena a&nbsp;uspo\u0159\u00e1d\u00e1 tak\u00e9 dva workshopy na t\u00e9ma ilustrace<\/strong>. Jeden workshop bude zam\u011b\u0159en na ml\u00e1de\u017e a prob\u011bhne v ateli\u00e9rov\u00e9 form\u011b pro maxim\u00e1ln\u011b 15 \u00fa\u010dastn\u00edk\u016f, druh\u00fd bude otev\u0159en \u0161irok\u00e9 ve\u0159ejnosti a bude m\u00edt formu p\u0159edn\u00e1\u0161ky.<\/p>\n\n\n\n<p>Organiz\u00e1to\u0159i&nbsp;<em>KREILU<\/em>&nbsp;o\u010dek\u00e1vaj\u00ed, \u017ee reziden\u010dn\u00ed pobyty pos\u00edl\u00ed kulturn\u00ed v\u00fdm\u011bnu mezi \u010ceskou republikou a Franci\u00ed a podpo\u0159\u00ed rozvoj ilustr\u00e1torsk\u00e9 tvorby v mezin\u00e1rodn\u00edm kontextu. V&nbsp;budoucnu pl\u00e1nuj\u00ed nab\u00eddnout rezidenci i \u010desk\u00fdm ilustr\u00e1tor\u016fm ve Francii. Program by m\u011bl rovn\u011b\u017e p\u0159isp\u011bt k propagaci Brna jako kulturn\u00edho centra s bohatou tradic\u00ed v\u00fdtvarn\u00e9ho um\u011bn\u00ed.<\/p>\n\n\n\n<div style=\"height:52px\" aria-hidden=\"true\" class=\"wp-block-spacer\"><\/div>\n\n\n\n<h2 class=\"wp-block-heading\">Program:<\/h2>\n\n\n\n<h3 class=\"wp-block-heading\"><mark style=\"background-color:rgba(0, 0, 0, 0)\" class=\"has-inline-color has-color-text-color\">3. 9. v 17.00 hod.<\/mark> vernis\u00e1\u017e<\/h3>\n\n\n\n<p>Pr\u016f\u0159ez d\u00edlem (ilustrace, komiksy a fanziny). Slavnostn\u00ed zah\u00e1jen\u00ed rezidence KREILU za \u00fa\u010dasti velvyslance Francouzsk\u00e9 republiky v Praze J.E. p. St\u00e9phana Crouzat a radn\u00ed pro oblast \u0161kolstv\u00ed statut\u00e1rn\u00edho m\u011bsta Brna JUDr. Ireny Matonohov\u00e9. Vstup voln\u00fd.<\/p>\n\n\n\n<p><\/p>\n\n\n\n<h3 class=\"wp-block-heading\"><mark style=\"background-color:rgba(0, 0, 0, 0)\" class=\"has-inline-color has-color-text-color\">17. 9. v 17.00 hod.<\/mark> komentovan\u00e1 prohl\u00eddka v\u00fdstavy (francouzsky)<\/h3>\n\n\n\n<p>Guy Pradel osobn\u011b p\u0159edstav\u00ed svoji v\u00fdstavu. Akce ve <strong>francouz\u0161tin\u011b<\/strong>. Vstup voln\u00fd.<\/p>\n\n\n\n<p><\/p>\n\n\n\n<h3 class=\"wp-block-heading\"><mark style=\"background-color:rgba(0, 0, 0, 0)\" class=\"has-inline-color has-color-text-color\">23. 9. v 17.00 hod.<\/mark> p\u0159edn\u00e1\u0161ka (anglicky)<\/h3>\n\n\n\n<p>Guy Pradel bude hovo\u0159it o sv\u00e9 kari\u00e9\u0159e ilustr\u00e1tora a p\u0159edstav\u00ed svoji tvorbu a tak\u00e9 ilustr\u00e1torskou a samovydavatelskou sc\u00e9nu ve\u00a0\u0160trasburku. P\u0159edstav\u00ed tak\u00e9 sdru\u017een\u00ed <a href=\"https:\/\/centralvapeur.org\" data-type=\"link\" data-id=\"https:\/\/centralvapeur.org\" target=\"_blank\" rel=\"noreferrer noopener\">Central Vapeur<\/a> a jeho stejnojmenn\u00fd festival ilustrac\u00ed a roli festivalu v podpo\u0159e um\u011blc\u016f. Akce v <strong>angli\u010dtin\u011b<\/strong>. Vstup voln\u00fd.<\/p>\n\n\n\n<div style=\"height:44px\" aria-hidden=\"true\" class=\"wp-block-spacer\"><\/div>\n\n\n\n<h3 class=\"wp-block-heading\"><mark style=\"background-color:rgba(0, 0, 0, 0)\" class=\"has-inline-color has-color-text-color\">V\u00fdstava potrv\u00e1 do 30. 9. 2024.<\/mark><\/h3>\n\n\n\n<h3 class=\"wp-block-heading\"><mark style=\"background-color:rgba(0, 0, 0, 0)\" class=\"has-inline-color has-color-text-color\">Vstup voln\u00fd.<\/mark><\/h3>\n\n\n\n<div style=\"height:51px\" aria-hidden=\"true\" class=\"wp-block-spacer\"><\/div>\n\n\n\n<figure class=\"wp-block-image size-large\"><img loading=\"lazy\" decoding=\"async\" width=\"1360\" height=\"961\" src=\"https:\/\/www.afbrno.cz\/wp-content\/uploads\/2024\/08\/Guy-Pradel-pozvanka-vernisaz-3.9.2024-1360x961.jpeg\" alt=\"\" class=\"wp-image-29496\" srcset=\"https:\/\/www.afbrno.cz\/wp-content\/uploads\/2024\/08\/Guy-Pradel-pozvanka-vernisaz-3.9.2024-1360x961.jpeg 1360w, https:\/\/www.afbrno.cz\/wp-content\/uploads\/2024\/08\/Guy-Pradel-pozvanka-vernisaz-3.9.2024-460x325.jpeg 460w, https:\/\/www.afbrno.cz\/wp-content\/uploads\/2024\/08\/Guy-Pradel-pozvanka-vernisaz-3.9.2024-768x543.jpeg 768w\" sizes=\"auto, (max-width: 1360px) 100vw, 1360px\" \/><\/figure>\n\n\n\n<p><\/p>\n","protected":false},"excerpt":{"rendered":"<p>Komiks<\/p>\n<p>V\u00fdstava reziden\u010dn\u00edho um\u011blce Guy Pradela (Francie, \u0160trasburk)<\/p>\n","protected":false},"featured_media":29474,"parent":0,"template":"","zarazeni":[58],"class_list":["post-29472","kultura","type-kultura","status-publish","has-post-thumbnail","hentry","zarazeni-archiv-akci"],"acf":[],"_links":{"self":[{"href":"https:\/\/www.afbrno.cz\/fr\/wp-json\/wp\/v2\/kultura\/29472","targetHints":{"allow":["GET"]}}],"collection":[{"href":"https:\/\/www.afbrno.cz\/fr\/wp-json\/wp\/v2\/kultura"}],"about":[{"href":"https:\/\/www.afbrno.cz\/fr\/wp-json\/wp\/v2\/types\/kultura"}],"version-history":[{"count":20,"href":"https:\/\/www.afbrno.cz\/fr\/wp-json\/wp\/v2\/kultura\/29472\/revisions"}],"predecessor-version":[{"id":30409,"href":"https:\/\/www.afbrno.cz\/fr\/wp-json\/wp\/v2\/kultura\/29472\/revisions\/30409"}],"wp:featuredmedia":[{"embeddable":true,"href":"https:\/\/www.afbrno.cz\/fr\/wp-json\/wp\/v2\/media\/29474"}],"wp:attachment":[{"href":"https:\/\/www.afbrno.cz\/fr\/wp-json\/wp\/v2\/media?parent=29472"}],"wp:term":[{"taxonomy":"zarazeni","embeddable":true,"href":"https:\/\/www.afbrno.cz\/fr\/wp-json\/wp\/v2\/zarazeni?post=29472"}],"curies":[{"name":"wp","href":"https:\/\/api.w.org\/{rel}","templated":true}]}}