{"id":29403,"date":"2025-07-18T14:33:10","date_gmt":"2025-07-18T12:33:10","guid":{"rendered":"https:\/\/www.afbrno.cz\/?post_type=kultura&#038;p=29403"},"modified":"2025-09-01T14:46:59","modified_gmt":"2025-09-01T12:46:59","slug":"letni-letna-2025","status":"publish","type":"kultura","link":"https:\/\/www.afbrno.cz\/fr\/kultura\/letni-letna-2025\/","title":{"rendered":"Letn\u00ed Letn\u00e1 2025"},"content":{"rendered":"\n<p>Leto\u0161n\u00ed, v po\u0159ad\u00ed ji\u017e <strong>22.&nbsp;ro\u010dn\u00edk Mezin\u00e1rodn\u00edho festivalu nov\u00e9ho cirkusu a&nbsp;divadla Letn\u00ed Letn\u00e1<\/strong> do necel\u00fdch t\u0159\u00ed t\u00fddn\u016f <strong>od 13. do 31. srpna <\/strong>koncentruje to nejlep\u0161\u00ed z tuzemsk\u00e9ho i zahrani\u010dn\u00edho nov\u00e9ho cirkusu, divadla a hudby. Jedn\u00e1 se tak o jedinou p\u0159ehl\u00eddkou sv\u00e9ho druhu a rozsahu v \u010cesk\u00e9 republice a okoln\u00edch zem\u00edch.<\/p>\n\n\n\n<p>Mezi zahrani\u010dn\u00edmi soubory z <strong>Francie<\/strong> se jako <strong>hlavn\u00ed hv\u011bzdy <\/strong>festivalu p\u0159edstav\u00ed <a><strong>B\u00eates de foire<\/strong><\/a> se sv\u00fdm p\u0159edstaven\u00edm <strong><em><a href=\"https:\/\/letniletna.cz\/cs\/predstaveni\/decrochez-moi-\u00e7a\/\" target=\"_blank\" rel=\"noreferrer noopener\">D\u00e9crochez-moi-\u00e7a<\/a><\/em><\/strong>, soubor <strong>Max &amp; Maurice<\/strong> naserv\u00edruje kulin\u00e1\u0159skou show <strong><em><a href=\"https:\/\/letniletna.cz\/cs\/predstaveni\/les-grands-fourneaux-2\/\" target=\"_blank\" rel=\"noreferrer noopener\">Les Grands Fourneaux #2<\/a><\/em><\/strong> (v cen\u011b vstupenky je \u010dty\u0159chodov\u00e1 vegetari\u00e1nsk\u00e1 ve\u010de\u0159e) a se svou horkou novinkou <strong><em><a href=\"https:\/\/letniletna.cz\/cs\/predstaveni\/ostinato\/\" target=\"_blank\" rel=\"noreferrer noopener\">Ostinato<\/a><\/em><\/strong> se p\u0159edstav\u00ed soubor <strong>Akoreacro<\/strong>.<\/p>\n\n\n\n<p>N\u00e1v\u0161t\u011bvn\u00edky \u010dek\u00e1 krom\u011b <strong>ve\u010dern\u00edch p\u0159edstaven\u00ed<\/strong> i bohat\u00fd <strong>divadeln\u00ed program pro d\u011bti<\/strong> a tak\u00e9 <strong>doprovodn\u00fd program<\/strong>, kter\u00fd je pro n\u011b p\u0159ipraven z velk\u00e9 \u010d\u00e1sti zdarma a vypl\u0148uje cel\u00fd den. Od <strong>workshop\u016f<\/strong> p\u0159es <strong>v\u00fdtvarn\u00e9 \u010di cirkusov\u00e9 d\u00edlny <\/strong>a\u017e po <strong>koncerty<\/strong> a <strong>open-air akce<\/strong>. Pro d\u011bti jsou p\u0159ipraveny i dva druhy <strong>p\u0159\u00edm\u011bstsk\u00fdch t\u00e1bor\u016f<\/strong>. A p\u0159edev\u0161\u00edm hl\u00edd\u00e1n\u00ed b\u011bhem p\u0159edstaven\u00ed.<\/p>\n\n\n\n<p>Ve festivalov\u00e9m are\u00e1lu, kter\u00fd se od sv\u00e9ho zalo\u017een\u00ed nach\u00e1z\u00ed v <strong>Letensk\u00fdch sadech<\/strong>, jednom z nejv\u011bt\u0161\u00edch zelen\u00fdch park\u016f v centru Prahy, je n\u011bkolik <strong>odpo\u010dinkov\u00fdch z\u00f3n, st\u00e1nk\u016f s ob\u010derstven\u00edm i bar\u016f<\/strong>. N\u00e1v\u0161t\u011bvn\u00edci v n\u011bm tak mohou pohodln\u011b str\u00e1vit cel\u00fd den. Prostor je samoz\u0159ejm\u011b p\u0159izp\u016fsoben i pro <strong>hendikepovan\u00e9<\/strong>.<\/p>\n\n\n\n<div style=\"height:42px\" aria-hidden=\"true\" class=\"wp-block-spacer\"><\/div>\n\n\n\n<div class=\"wp-block-buttons is-layout-flex wp-block-buttons-is-layout-flex\">\n<div class=\"wp-block-button\"><a class=\"wp-block-button__link wp-element-button\" href=\"https:\/\/letniletna.cz\/cs\/program\/\" target=\"_blank\" rel=\"noreferrer noopener\">KOMpletn\u00ed program<\/a><\/div>\n<\/div>\n\n\n\n<div style=\"height:42px\" aria-hidden=\"true\" class=\"wp-block-spacer\"><\/div>\n\n\n\n<p>Festival Letn\u00ed Letn\u00e1 organizuje spolek <strong>Spole\u010dnost GASPARD z. s.<\/strong><\/p>\n\n\n\n<div style=\"height:42px\" aria-hidden=\"true\" class=\"wp-block-spacer\"><\/div>\n\n\n\n<p>Foto: Akoreacro \u00a9 Kalimba <\/p>\n\n\n\n<p><\/p>\n\n\n\n<p><\/p>\n","protected":false},"excerpt":{"rendered":"<p>Nov\u00fd cirkus<\/p>\n<p>Mezin\u00e1rodn\u00ed p\u0159ehl\u00eddka nov\u00e9ho cirkusu a divadla v \u010cesk\u00e9 republice a jeden z nejv\u011bt\u0161\u00edch festival\u016f nov\u00e9ho cirkusu ve st\u0159edn\u00ed Evrop\u011b.<\/p>\n","protected":false},"featured_media":32977,"parent":0,"template":"","zarazeni":[58],"class_list":["post-29403","kultura","type-kultura","status-publish","has-post-thumbnail","hentry","zarazeni-archiv-akci"],"acf":[],"_links":{"self":[{"href":"https:\/\/www.afbrno.cz\/fr\/wp-json\/wp\/v2\/kultura\/29403","targetHints":{"allow":["GET"]}}],"collection":[{"href":"https:\/\/www.afbrno.cz\/fr\/wp-json\/wp\/v2\/kultura"}],"about":[{"href":"https:\/\/www.afbrno.cz\/fr\/wp-json\/wp\/v2\/types\/kultura"}],"version-history":[{"count":12,"href":"https:\/\/www.afbrno.cz\/fr\/wp-json\/wp\/v2\/kultura\/29403\/revisions"}],"predecessor-version":[{"id":32987,"href":"https:\/\/www.afbrno.cz\/fr\/wp-json\/wp\/v2\/kultura\/29403\/revisions\/32987"}],"wp:featuredmedia":[{"embeddable":true,"href":"https:\/\/www.afbrno.cz\/fr\/wp-json\/wp\/v2\/media\/32977"}],"wp:attachment":[{"href":"https:\/\/www.afbrno.cz\/fr\/wp-json\/wp\/v2\/media?parent=29403"}],"wp:term":[{"taxonomy":"zarazeni","embeddable":true,"href":"https:\/\/www.afbrno.cz\/fr\/wp-json\/wp\/v2\/zarazeni?post=29403"}],"curies":[{"name":"wp","href":"https:\/\/api.w.org\/{rel}","templated":true}]}}