{"id":29081,"date":"2024-07-26T13:27:22","date_gmt":"2024-07-26T11:27:22","guid":{"rendered":"https:\/\/www.afbrno.cz\/?post_type=kultura&#038;p=29081"},"modified":"2024-10-14T19:53:53","modified_gmt":"2024-10-14T17:53:53","slug":"vincent-peirani-solo","status":"publish","type":"kultura","link":"https:\/\/www.afbrno.cz\/fr\/kultura\/vincent-peirani-solo\/","title":{"rendered":"Vincent Peirani &#8211; s\u00f3lo"},"content":{"rendered":"\n<p><\/p>\n\n\n\n<p>V ned\u011bli 11. 8. se naposledy na festivalu <a href=\"https:\/\/www.maratonhudby.cz\" target=\"_blank\" data-type=\"link\" data-id=\"https:\/\/www.maratonhudby.cz\" rel=\"noreferrer noopener\">Maraton hudby Brno<\/a> koncertn\u011b p\u0159edstav\u00ed reziden\u010dn\u00ed um\u011blec Vincent Peirani (Francie), tentokr\u00e1t s\u00f3lov\u011b v prostor\u00e1ch Um\u011bleckopr\u016fmyslov\u00e9ho muzea. Druh\u00fdm interpretem ve\u010dera bude sv\u011btov\u011b zn\u00e1m\u00e1 \u00edr\u00e1nsk\u00e1 zp\u011bva\u010dka, hudebnice a aktivistka Mahsa Vahdat, kter\u00e1 si klade za c\u00edl hudbou vyjad\u0159ovat nejen um\u011bn\u00ed, ale i svobodu. Jej\u00ed tvorba m\u00e1 ko\u0159eny v persk\u00e9 lidov\u00e9 hudb\u011b a m\u00edstn\u00edch p\u011bveck\u00fdch tradic\u00edch.<\/p>\n\n\n\n<p><strong>Vincent Peirani<\/strong>, francouzsk\u00fd akordeonista a reziden\u010dn\u00ed um\u011blec 9. ro\u010dn\u00edku festivalu, je reprezentantem nov\u00e9 vlny jazzov\u00fdch muzikant\u016f, kte\u0159\u00ed odm\u00edtaj\u00ed za\u017eit\u00e9 mantinely a limity. M\u00edsto toho, aby \u0161li po vy\u0161lapan\u00e9 cest\u011b, se rozhoduj\u00ed objevovat nov\u00e1 \u00fazem\u00ed a nov\u00e9 sm\u011bry v hudb\u011b.<\/p>\n\n\n\n<p>Vincent Peirani vystudoval na pa\u0159\u00ed\u017esk\u00e9 konzervato\u0159i klarinet soub\u011b\u017en\u011b s akordeonem. Pozd\u011bji si ale zvolil pr\u00e1v\u011b akordeon, kter\u00fd popisuje jako \u00ab\u00a0orchestr s\u00e1m o sob\u011b\u00a0\u00bb. Po klasick\u00e9m vzd\u011bl\u00e1n\u00ed se pustil do sou\u010dasn\u00e9 hudby, francouzsk\u00e9ho chansonu a jazzu. Stal se prvn\u00edm akordeonistou ve slavn\u00e9 jazzov\u00e9 t\u0159\u00edd\u011b pa\u0159\u00ed\u017esk\u00e9 konzervato\u0159e.<\/p>\n\n\n\n<p>Spolupracoval s mnoha um\u011blci, z\u00edskal \u0159adu cen a stal se um\u011blcem roku podle francouzsk\u00e9ho Jazz Magazine. Jeho neomezen\u00fd hudebn\u00ed pohled a schopnost spojovat barvy ho p\u0159ivedly k vytv\u00e1\u0159en\u00ed nejimaginativn\u011bj\u0161\u00edch projekt\u016f bu\u010f s\u00f3lo nebo v mal\u00fdch souborech. Jeho koncerty nab\u00edzej\u00ed zralost, intenzitu a p\u0159ekvapivou transparentnost. Peirani je v\u00fdjime\u010dn\u00fd nejen v jazzu, ale i ve francouzsk\u00e9m chansonu a filmov\u00e9 hudb\u011b, kde se stal v\u00fdrazn\u00fdm akordeonistou posledn\u00ed dek\u00e1dy.<\/p>\n\n\n\n<div style=\"height:48px\" aria-hidden=\"true\" class=\"wp-block-spacer\"><\/div>\n\n\n\n<h4 class=\"wp-block-heading has-text-align-center\"><mark style=\"background-color:rgba(0, 0, 0, 0)\" class=\"has-inline-color has-color-text-color\">Dal\u0161\u00ed koncerty Vincenta Peiraniho:<\/mark><\/h4>\n\n\n\n<p class=\"has-text-align-center\"><strong>\u010dtvrtek 8. 8. v 19:00 hod. \u2013<\/strong>&nbsp;<a href=\"https:\/\/www.afbrno.cz\/kultura\/vincent-peirani-jokers\/\" target=\"_blank\" rel=\"noreferrer noopener\">Vincent Peirani &amp; Jokers<\/a><\/p>\n\n\n\n<p class=\"has-text-align-center\"><strong>sobota 10. 8. ve 21:00 hod. \u2013<\/strong> <a href=\"https:\/\/www.afbrno.cz\/kultura\/vincent-peirani-les-egares\/\" data-type=\"link\" data-id=\"https:\/\/www.afbrno.cz\/kultura\/vincent-peirani-les-egares\/\" target=\"_blank\" rel=\"noreferrer noopener\">Vincent Peirani &amp; Les \u00c9gar\u00e9s<\/a><\/p>\n\n\n\n<div style=\"height:48px\" aria-hidden=\"true\" class=\"wp-block-spacer\"><\/div>\n\n\n\n<h4 class=\"wp-block-heading has-text-align-center\"><mark style=\"background-color:rgba(0, 0, 0, 0)\" class=\"has-inline-color has-color-text-color\">Kompletn\u00ed program festivalu:<\/mark><\/h4>\n\n\n<div class=\"wp-block-image\">\n<figure class=\"aligncenter size-large is-resized\"><a href=\"https:\/\/www.maratonhudby.cz\" target=\"_blank\" rel=\"noreferrer noopener\"><img loading=\"lazy\" decoding=\"async\" width=\"1360\" height=\"691\" src=\"https:\/\/www.afbrno.cz\/wp-content\/uploads\/2024\/07\/logo-Maraton-hudby-Brno-1360x691.png\" alt=\"\" class=\"wp-image-29069\" style=\"width:232px;height:auto\" srcset=\"https:\/\/www.afbrno.cz\/wp-content\/uploads\/2024\/07\/logo-Maraton-hudby-Brno-1360x691.png 1360w, https:\/\/www.afbrno.cz\/wp-content\/uploads\/2024\/07\/logo-Maraton-hudby-Brno-460x234.png 460w, https:\/\/www.afbrno.cz\/wp-content\/uploads\/2024\/07\/logo-Maraton-hudby-Brno-768x390.png 768w\" sizes=\"auto, (max-width: 1360px) 100vw, 1360px\" \/><\/a><\/figure>\n<\/div>\n\n\n<p><\/p>\n","protected":false},"excerpt":{"rendered":"<p>Maraton hudby Brno<\/p>\n<p>Posledn\u00ed, tentokr\u00e1t s\u00f3lov\u00fd koncert reziden\u010dn\u00edho um\u011blce Vincenta Peiraniho (Francie) na festivalu Maraton hudby Brno.<\/p>\n","protected":false},"featured_media":29083,"parent":0,"template":"","zarazeni":[58],"class_list":["post-29081","kultura","type-kultura","status-publish","has-post-thumbnail","hentry","zarazeni-archiv-akci"],"acf":[],"_links":{"self":[{"href":"https:\/\/www.afbrno.cz\/fr\/wp-json\/wp\/v2\/kultura\/29081","targetHints":{"allow":["GET"]}}],"collection":[{"href":"https:\/\/www.afbrno.cz\/fr\/wp-json\/wp\/v2\/kultura"}],"about":[{"href":"https:\/\/www.afbrno.cz\/fr\/wp-json\/wp\/v2\/types\/kultura"}],"version-history":[{"count":9,"href":"https:\/\/www.afbrno.cz\/fr\/wp-json\/wp\/v2\/kultura\/29081\/revisions"}],"predecessor-version":[{"id":30405,"href":"https:\/\/www.afbrno.cz\/fr\/wp-json\/wp\/v2\/kultura\/29081\/revisions\/30405"}],"wp:featuredmedia":[{"embeddable":true,"href":"https:\/\/www.afbrno.cz\/fr\/wp-json\/wp\/v2\/media\/29083"}],"wp:attachment":[{"href":"https:\/\/www.afbrno.cz\/fr\/wp-json\/wp\/v2\/media?parent=29081"}],"wp:term":[{"taxonomy":"zarazeni","embeddable":true,"href":"https:\/\/www.afbrno.cz\/fr\/wp-json\/wp\/v2\/zarazeni?post=29081"}],"curies":[{"name":"wp","href":"https:\/\/api.w.org\/{rel}","templated":true}]}}