{"id":27796,"date":"2024-03-01T19:00:00","date_gmt":"2024-03-01T18:00:00","guid":{"rendered":"https:\/\/web.afbrno.cz\/?post_type=kultura&#038;p=27796"},"modified":"2024-10-15T03:24:39","modified_gmt":"2024-10-15T01:24:39","slug":"timbuktu","status":"publish","type":"kultura","link":"https:\/\/www.afbrno.cz\/fr\/kultura\/timbuktu\/","title":{"rendered":"Timbuktu"},"content":{"rendered":"\n<p>Re\u017eie: Abderrahmane Sissako<br>Drama | Francie, Maurit\u00e1nie (2014, 97 min.)<br>Ve francouzsk\u00e9m a arabsk\u00e9m zn\u011bn\u00ed s anglick\u00fdmi titulky.<\/p>\n\n\n\n<p>Timbuktu zcela ztichlo, ulice jsou pr\u00e1zdn\u00e9, dve\u0159e dom\u016f zav\u0159en\u00e9, soused\u00e9 se nesch\u00e1z\u00ed na besedu, dokonce je zak\u00e1z\u00e1no kou\u0159it. Nedaleko m\u011bsta ovl\u00e1dan\u00e9ho skupinou isl\u00e1msk\u00fdch fundamentalist\u016f \u017eije poklidn\u011b na dun\u00e1ch Kidane s \u017eenou Satimou, dcerou Toyou a 12let\u00fdm Issanem, kter\u00fd se star\u00e1 o st\u00e1do krav. Zd\u00e1nliv\u00fd klid jejich \u017eivota je naru\u0161en ve chv\u00edli, kdy Kidane omylem zabije ryb\u00e1\u0159e Amadoua a mus\u00ed \u010delit nov\u011b zaveden\u00fdm pravidl\u016fm. Ve vizu\u00e1ln\u011b uhran\u010div\u00e9m a sugestivn\u00edm filmu zvolil Sissako sv\u00e9bytn\u00fd styl vypr\u00e1v\u011bn\u00ed, ve kter\u00e9m m\u00eds\u00ed absurdn\u00ed humor s tragick\u00fdmi momenty. Spojil zku\u0161en\u00e9 herce (\u010dasto v z\u00e1porn\u00fdch rol\u00edch) s neherci a podal nekompromisn\u00ed sv\u011bdectv\u00ed o n\u00e1bo\u017eensk\u00e9m fanatismu, zlob\u011b a touze po moci. Film je voln\u011b inspirov\u00e1n skute\u010dnou ud\u00e1lost\u00ed, kdy v roce 2012 do\u0161lo v m\u011bste\u010dku Aguelhok k ukamenov\u00e1n\u00ed mu\u017ee a \u017eeny proto, \u017ee spolu \u017eili a m\u011bli d\u011bti, ani\u017e byli \u0159\u00e1dn\u011b sezd\u00e1ni, a byl pr\u00e1vem s velk\u00fdm ohlasem uveden na MFF v Cannes v hlavn\u00ed sout\u011b\u017ei.<br>Zdroj: MFF Karlovy Vary<\/p>\n\n\n\n<p>V\u00edce o filmu na webu&nbsp;<a href=\"https:\/\/www.csfd.cz\/film\/373026-timbuktu\/prehled\/\" rel=\"noreferrer noopener\" target=\"_blank\">\u010cSFD<\/a>.<\/p>\n\n\n\n<p>Po projekci n\u00e1sleduje debata o filmu.<\/p>\n\n\n\n<p><\/p>\n\n\n\n<p>\u010cinnost se uskute\u010d\u0148uje za finan\u010dn\u00ed podpory statut\u00e1rn\u00edho m\u011bsta Brna.<\/p>\n","protected":false},"excerpt":{"rendered":"<p>Dny frankofonie<\/p>\n<p>Nedaleko m\u011bsta Timbuktu ovl\u00e1dan\u00e9ho skupinou isl\u00e1msk\u00fdch fundamentalist\u016f \u017eije poklidn\u011b na dun\u00e1ch Kidane s \u017eenou Satimou, dcerou Toyou a dvan\u00e1ctilet\u00fdm Issanem, kter\u00fd se star\u00e1 o st\u00e1do krav. Zd\u00e1nliv\u00fd klid jejich \u017eivota je naru\u0161en ve chv\u00edli, kdy Kidane omylem zabije ryb\u00e1\u0159e Amadoua a mus\u00ed \u010delit nov\u011b zaveden\u00fdm pravidl\u016fm&#8230;<\/p>\n","protected":false},"featured_media":27799,"parent":0,"template":"","zarazeni":[58],"class_list":["post-27796","kultura","type-kultura","status-publish","has-post-thumbnail","hentry","zarazeni-archiv-akci"],"acf":[],"_links":{"self":[{"href":"https:\/\/www.afbrno.cz\/fr\/wp-json\/wp\/v2\/kultura\/27796","targetHints":{"allow":["GET"]}}],"collection":[{"href":"https:\/\/www.afbrno.cz\/fr\/wp-json\/wp\/v2\/kultura"}],"about":[{"href":"https:\/\/www.afbrno.cz\/fr\/wp-json\/wp\/v2\/types\/kultura"}],"version-history":[{"count":5,"href":"https:\/\/www.afbrno.cz\/fr\/wp-json\/wp\/v2\/kultura\/27796\/revisions"}],"predecessor-version":[{"id":30397,"href":"https:\/\/www.afbrno.cz\/fr\/wp-json\/wp\/v2\/kultura\/27796\/revisions\/30397"}],"wp:featuredmedia":[{"embeddable":true,"href":"https:\/\/www.afbrno.cz\/fr\/wp-json\/wp\/v2\/media\/27799"}],"wp:attachment":[{"href":"https:\/\/www.afbrno.cz\/fr\/wp-json\/wp\/v2\/media?parent=27796"}],"wp:term":[{"taxonomy":"zarazeni","embeddable":true,"href":"https:\/\/www.afbrno.cz\/fr\/wp-json\/wp\/v2\/zarazeni?post=27796"}],"curies":[{"name":"wp","href":"https:\/\/api.w.org\/{rel}","templated":true}]}}