{"id":27152,"date":"2024-05-15T10:00:00","date_gmt":"2024-05-15T08:00:00","guid":{"rendered":"https:\/\/web.afbrno.cz\/?post_type=kultura&#038;p=27152"},"modified":"2024-10-14T19:47:57","modified_gmt":"2024-10-14T17:47:57","slug":"dabelske-zeny","status":"publish","type":"kultura","link":"https:\/\/www.afbrno.cz\/fr\/kultura\/dabelske-zeny\/","title":{"rendered":"\u010e\u00e1belsk\u00e9 \u017eeny"},"content":{"rendered":"\n<p>Francie, 1955, 114 min.<\/p>\n\n\n\n<p>Re\u017eie: Henri-Georges Clouzot<\/p>\n\n\n\n<p>Hraj\u00ed: Simone Signoret, V\u00e9ra Clouzot, Paul Meurisse, Charles Vanel, Pierre Larquey, Michel Serrault, No\u00ebl Roquevert, Yves-Marie Maurin, Georges Poujouly<\/p>\n\n\n\n<p>Francouzsk\u00e9 provin\u010dn\u00ed m\u011bste\u010dko, kde ve \u0161kole vl\u00e1dne despotick\u00fd \u0159editel. Boj\u00ed se ho nejen \u017e\u00e1ci, ale i vlastn\u00ed man\u017eelka, kter\u00e1 se mu se sv\u00fdm nemocn\u00fdm srdcem nedok\u00e1\u017ee vzep\u0159\u00edt. Snad by se i rozvedl, kdyby \u0161kola nepat\u0159ila jeho man\u017eelce. Ji\u017e n\u011bjak\u00fd \u010das v\u0161ak \u017eije otev\u0159en\u011b v&nbsp;milostn\u00e9m vztahu s&nbsp;u\u010ditelkou Nicole. K&nbsp;ob\u011bma sv\u00fdm \u201e\u017een\u00e1m\u201c se chov\u00e1 p\u0159ez\u00edrav\u011b a krut\u011b. Proto vznikne jejich spole\u010dn\u00fd pl\u00e1n na jeho zavra\u017ed\u011bn\u00ed, za n\u00edm\u017e stoj\u00ed Nicole.<\/p>\n\n\n\n<p><\/p>\n\n\n\n<p>Film <strong>\u010e\u00e1belsk\u00e9 \u017eeny<\/strong> (fr. <em>Les Diaboliques<\/em>) bude uveden v p\u016fvodn\u00edm francouzsk\u00e9m zn\u011bn\u00ed s anglick\u00fdmi titulky. Po projekci n\u00e1sleduje debata.<\/p>\n\n\n\n<p><\/p>\n\n\n\n<p>Projekce se kon\u00e1 v r\u00e1mci <a href=\"https:\/\/www.afbrno.cz\/zarazeni\/filmovy-klub\/\">filmov\u00e9ho klubu Pomez\u00ed<\/a>.<\/p>\n\n\n\n<p>S laskavou podporou Institut fran\u00e7ais.<\/p>\n\n\n\n<figure class=\"wp-block-image size-full is-resized\"><img loading=\"lazy\" decoding=\"async\" width=\"852\" height=\"591\" src=\"https:\/\/www.afbrno.cz\/wp-content\/uploads\/2024\/05\/IF_Logo_Sans_Bleu_RVB.png\" alt=\"\" class=\"wp-image-29044\" style=\"width:166px;height:auto\" srcset=\"https:\/\/www.afbrno.cz\/wp-content\/uploads\/2024\/05\/IF_Logo_Sans_Bleu_RVB.png 852w, https:\/\/www.afbrno.cz\/wp-content\/uploads\/2024\/05\/IF_Logo_Sans_Bleu_RVB-460x319.png 460w, https:\/\/www.afbrno.cz\/wp-content\/uploads\/2024\/05\/IF_Logo_Sans_Bleu_RVB-768x533.png 768w\" sizes=\"auto, (max-width: 852px) 100vw, 852px\" \/><\/figure>\n\n\n\n<p>Za finan\u010dn\u00ed podpory statut\u00e1rn\u00edho m\u011bsta Brna.<\/p>\n\n\n\n<figure class=\"wp-block-image size-full is-resized\"><img loading=\"lazy\" decoding=\"async\" width=\"482\" height=\"217\" src=\"https:\/\/www.afbrno.cz\/wp-content\/uploads\/2024\/06\/Logo-mesto-Brno.png\" alt=\"\" class=\"wp-image-27886\" style=\"width:189px;height:auto\" srcset=\"https:\/\/www.afbrno.cz\/wp-content\/uploads\/2024\/06\/Logo-mesto-Brno.png 482w, https:\/\/www.afbrno.cz\/wp-content\/uploads\/2024\/06\/Logo-mesto-Brno-460x207.png 460w\" sizes=\"auto, (max-width: 482px) 100vw, 482px\" \/><\/figure>\n\n\n\n<p><\/p>\n","protected":false},"excerpt":{"rendered":"<p>Filmov\u00fd klub<\/p>\n<p>Psychologick\u00fd hororov\u00fd thriller se Simone Signoretovou v hlavn\u00ed roli.<\/p>\n","protected":false},"featured_media":27153,"parent":0,"template":"","zarazeni":[58],"class_list":["post-27152","kultura","type-kultura","status-publish","has-post-thumbnail","hentry","zarazeni-archiv-akci"],"acf":[],"_links":{"self":[{"href":"https:\/\/www.afbrno.cz\/fr\/wp-json\/wp\/v2\/kultura\/27152","targetHints":{"allow":["GET"]}}],"collection":[{"href":"https:\/\/www.afbrno.cz\/fr\/wp-json\/wp\/v2\/kultura"}],"about":[{"href":"https:\/\/www.afbrno.cz\/fr\/wp-json\/wp\/v2\/types\/kultura"}],"version-history":[{"count":11,"href":"https:\/\/www.afbrno.cz\/fr\/wp-json\/wp\/v2\/kultura\/27152\/revisions"}],"predecessor-version":[{"id":30395,"href":"https:\/\/www.afbrno.cz\/fr\/wp-json\/wp\/v2\/kultura\/27152\/revisions\/30395"}],"wp:featuredmedia":[{"embeddable":true,"href":"https:\/\/www.afbrno.cz\/fr\/wp-json\/wp\/v2\/media\/27153"}],"wp:attachment":[{"href":"https:\/\/www.afbrno.cz\/fr\/wp-json\/wp\/v2\/media?parent=27152"}],"wp:term":[{"taxonomy":"zarazeni","embeddable":true,"href":"https:\/\/www.afbrno.cz\/fr\/wp-json\/wp\/v2\/zarazeni?post=27152"}],"curies":[{"name":"wp","href":"https:\/\/api.w.org\/{rel}","templated":true}]}}