{"id":27141,"date":"2024-03-01T10:00:00","date_gmt":"2024-03-01T09:00:00","guid":{"rendered":"https:\/\/web.afbrno.cz\/?post_type=kultura&#038;p=27141"},"modified":"2024-10-14T19:48:48","modified_gmt":"2024-10-14T17:48:48","slug":"na-plny-uvazek","status":"publish","type":"kultura","link":"https:\/\/www.afbrno.cz\/fr\/kultura\/na-plny-uvazek\/","title":{"rendered":"Na pln\u00fd \u00favazek"},"content":{"rendered":"\n<p>Francie,&nbsp;2021,&nbsp;85 min.<\/p>\n\n\n\n<p>Re\u017eie: Eric Gravel<\/p>\n\n\n\n<p>Hraj\u00ed: Laure Calamy, Lucie Gallo, Romain Ogerau, Anne Suarez, Genevi\u00e8ve Mnich, Cyril Guei, Agathe Dronne, Irina Muluile, Carima Amarouche, Fabrice Abraham<\/p>\n\n\n\n<p>Jak vypad\u00e1 t\u00fdden v \u017eivot\u011b rozveden\u00e9 pracuj\u00edc\u00ed matky dvou mal\u00fdch d\u011bt\u00ed, kter\u00e9 v dob\u011b pa\u0159\u00ed\u017esk\u00fdch st\u00e1vek doch\u00e1zej\u00ed s\u00edly, nervy i pen\u00edze? Laure Calamyov\u00e1 pod\u00e1v\u00e1 strhuj\u00edc\u00ed v\u00fdkon v&nbsp;dynamick\u00e9m francouzsk\u00e9m dramatu <strong>Na pln\u00fd \u00favazek<\/strong> (ve francouzsk\u00e9m origin\u00e1le <em>\u00c0 plein temps<\/em>), kter\u00e9 z\u00edskalo dv\u011b ceny na festivalu v Ben\u00e1tk\u00e1ch.<\/p>\n\n\n\n<p><\/p>\n\n\n\n<p>Film bude uveden v p\u016fvodn\u00edm francouzsk\u00e9m zn\u011bn\u00ed s anglick\u00fdmi titulky. Po projekci n\u00e1sleduje debata.<\/p>\n\n\n\n<p><\/p>\n\n\n\n<p>Projekce se kon\u00e1 v r\u00e1mci <a href=\"https:\/\/www.afbrno.cz\/zarazeni\/filmovy-klub\/\">filmov\u00e9ho klubu Pomez\u00ed<\/a>.<\/p>\n\n\n\n<p><\/p>\n\n\n\n<p>S laskavou podporou Institut fran\u00e7ais.<\/p>\n\n\n\n<figure class=\"wp-block-image size-full is-resized\"><img loading=\"lazy\" decoding=\"async\" width=\"852\" height=\"591\" src=\"https:\/\/www.afbrno.cz\/wp-content\/uploads\/2024\/05\/IF_Logo_Sans_Bleu_RVB.png\" alt=\"\" class=\"wp-image-29044\" style=\"width:166px;height:auto\" srcset=\"https:\/\/www.afbrno.cz\/wp-content\/uploads\/2024\/05\/IF_Logo_Sans_Bleu_RVB.png 852w, https:\/\/www.afbrno.cz\/wp-content\/uploads\/2024\/05\/IF_Logo_Sans_Bleu_RVB-460x319.png 460w, https:\/\/www.afbrno.cz\/wp-content\/uploads\/2024\/05\/IF_Logo_Sans_Bleu_RVB-768x533.png 768w\" sizes=\"auto, (max-width: 852px) 100vw, 852px\" \/><\/figure>\n\n\n\n<p>Za finan\u010dn\u00ed podpory statut\u00e1rn\u00edho m\u011bsta Brna.<\/p>\n\n\n\n<figure class=\"wp-block-image size-full is-resized\"><img loading=\"lazy\" decoding=\"async\" width=\"482\" height=\"217\" src=\"https:\/\/www.afbrno.cz\/wp-content\/uploads\/2024\/06\/Logo-mesto-Brno.png\" alt=\"\" class=\"wp-image-27886\" style=\"width:189px;height:auto\" srcset=\"https:\/\/www.afbrno.cz\/wp-content\/uploads\/2024\/06\/Logo-mesto-Brno.png 482w, https:\/\/www.afbrno.cz\/wp-content\/uploads\/2024\/06\/Logo-mesto-Brno-460x207.png 460w\" sizes=\"auto, (max-width: 482px) 100vw, 482px\" \/><\/figure>\n","protected":false},"excerpt":{"rendered":"<p>Filmov\u00fd klub<\/p>\n<p>Strhuj\u00edc\u00ed v\u00fdkon Laury Calamyov\u00e9 ve francouzsk\u00e9m dramatu ocen\u011bn\u00e9m na filmov\u00e9m festivalu v Ben\u00e1tk\u00e1ch.<\/p>\n","protected":false},"featured_media":27142,"parent":0,"template":"","zarazeni":[58],"class_list":["post-27141","kultura","type-kultura","status-publish","has-post-thumbnail","hentry","zarazeni-archiv-akci"],"acf":[],"_links":{"self":[{"href":"https:\/\/www.afbrno.cz\/fr\/wp-json\/wp\/v2\/kultura\/27141","targetHints":{"allow":["GET"]}}],"collection":[{"href":"https:\/\/www.afbrno.cz\/fr\/wp-json\/wp\/v2\/kultura"}],"about":[{"href":"https:\/\/www.afbrno.cz\/fr\/wp-json\/wp\/v2\/types\/kultura"}],"version-history":[{"count":9,"href":"https:\/\/www.afbrno.cz\/fr\/wp-json\/wp\/v2\/kultura\/27141\/revisions"}],"predecessor-version":[{"id":30398,"href":"https:\/\/www.afbrno.cz\/fr\/wp-json\/wp\/v2\/kultura\/27141\/revisions\/30398"}],"wp:featuredmedia":[{"embeddable":true,"href":"https:\/\/www.afbrno.cz\/fr\/wp-json\/wp\/v2\/media\/27142"}],"wp:attachment":[{"href":"https:\/\/www.afbrno.cz\/fr\/wp-json\/wp\/v2\/media?parent=27141"}],"wp:term":[{"taxonomy":"zarazeni","embeddable":true,"href":"https:\/\/www.afbrno.cz\/fr\/wp-json\/wp\/v2\/zarazeni?post=27141"}],"curies":[{"name":"wp","href":"https:\/\/api.w.org\/{rel}","templated":true}]}}